{"id":562,"date":"2021-01-15T21:05:45","date_gmt":"2021-01-15T19:05:45","guid":{"rendered":"https:\/\/fil-promootio.helsinki.fi\/?page_id=562"},"modified":"2022-03-04T12:02:08","modified_gmt":"2022-03-04T10:02:08","slug":"kladsel-och-etikett","status":"publish","type":"page","link":"https:\/\/fil-promootio.helsinki.fi\/2022\/sv\/kladsel-och-etikett\/","title":{"rendered":"Kl\u00e4dsel och etikett"},"content":{"rendered":"\n<p>Under promotionen har det visuella en m\u00e4rkbar roll. Promotionen \u00e4r inte enbart en fest, utan \u00e4ven en sorts sk\u00e5despel. Det \u00e4r en ritual, som konkretiserar \u00f6verg\u00e5ngen fr\u00e5n studerande till magister eller fr\u00e5n doktorand till doktor i samband med att man avl\u00e4gger examen. I sk\u00e5despelet ing\u00e5r rollkl\u00e4dsel vid sidan om roller, repliker och scener. Att kl\u00e4 sig enligt sin roll synligg\u00f6r tillh\u00f6righeten till den egna gruppen och skiljer samtidigt grupperna fr\u00e5n varandra. Kl\u00e4dseln skapar gemenskap och st\u00e4mning. I promotionen ing\u00e5r \u00e4ven m\u00e5nga r\u00f6rliga m\u00f6nster d\u00e4r dr\u00e4kterna skapar visuella effekter. Utan enhetlig kl\u00e4dsel vore den grafiska leken mellan vitt och svart inte m\u00f6jlig. Med kl\u00e4dseln skapas en del av festens ram, inom vilken varje deltagare f\u00e5r skapa sig en personlig upplevelse.<\/p>\n\n\n\n<p>Vi f\u00f6rv\u00e4ntar oss att promovenderna, avecer och g\u00e4ster f\u00f6ljer kl\u00e4dkoden. Kl\u00e4dkoden \u00e4r \u00f6verhuvudtaget inte flexibel. Ifall man anl\u00e4nder till n\u00e5gon av promotionens tillst\u00e4llningar i kl\u00e4dsel som avviker fr\u00e5n ifr\u00e5gavarande tillst\u00e4llningens kl\u00e4dkod, kan vi inte garantera att man sl\u00e4pps in. Under promotionsfestligheterna spelar det visuella, v\u00e4xlandet mellan svart och vitt, en central roll. P\u00e5 grund av detta kan till och med en persons avvikande kl\u00e4dsel f\u00f6rst\u00f6ra tillst\u00e4llningens harmoni och upplevelsen f\u00f6r andra promovender, avecer och inbjudna g\u00e4ster. Detta g\u00e4ller speciellt under promotionsakten och i uppvisningsdanserna p\u00e5 balen.<\/p>\n\n\n\n<p>Under promotionen syns indelningen i magistrar och doktorer p\u00e5 f\u00e4rgerna: magistrarnas f\u00e4rg \u00e4r vit och doktorernas svart. Vid de formella evenemangen \u2013 kransbindings- och sv\u00e4rdslipningsmiddagen, promotionsakten och -middagen samt p\u00e5 balen \u2013 g\u00e4ller noggranna dr\u00e4ktregler, som samlats i tabellen promotionskl\u00e4dsel. Anvisningarna \u00e4r separata f\u00f6r promovender, deras avecer och inbjudna g\u00e4ster. Dessutom har vi inlett samarbete med butiker som hyr ut och s\u00e4ljer kl\u00e4dsel l\u00e4mplig f\u00f6r promotionen. Deras anbud samlas p\u00e5 en separat sida. Vi rekommenderar ocks\u00e5 att bekanta dig med gruppen <a href=\"https:\/\/www.facebook.com\/groups\/1673660669534202\">Promootiot kierr\u00e4tt\u00e4\u00e4<\/a> p\u00e5 Facebook!<\/p>\n\n\n\n<p>Det finns tv\u00e5 alternativ f\u00f6r kl\u00e4dsel, f\u00f6renklat uttryckt antingen frack eller kl\u00e4nning. Var och en som deltar i promotionen har r\u00e4tt att v\u00e4lja den kl\u00e4dsel som passar en sj\u00e4lv b\u00e4st bland dessa tv\u00e5 alternativ. Det valda alternativet (1 eller 2) b\u00f6r f\u00f6ljas under hela promotionen och man f\u00e5r inte kombinera olika alternativ. L\u00e4gg m\u00e4rke till att valet av kl\u00e4dsel p\u00e5verkar grupperingarna vid en del av promotionens programpunkter samt p\u00e5 balen. Promotionskommitt\u00e9n (fil-promootio@helsinki.fi) svarar vid behov p\u00e5 m\u00f6jliga till\u00e4ggsfr\u00e5gor kring temat.<\/p>\n\n\n\n<p>Vi rekommenderar att man best\u00e4ller doktorshatten i god tid, eftersom de g\u00f6rs f\u00f6r hand. (F\u00f6r en lista \u00f6ver olika hattmakare, se sidan erbjudanden och samarbetspartners.)<\/p>\n\n\n\n<p>Under de mindre formella tillst\u00e4llningarna som Floradagen och promotionsutflykten \u00e4r reglerna f\u00f6r kl\u00e4dsel mer flexibla. Noggrannare information om kl\u00e4dsel till dessa tillst\u00e4llningar hittar du i ett skilt stycke. Regler f\u00f6r hur man b\u00e4r akademiska insignier, f\u00f6rtj\u00e4nsttecken samt tj\u00e4nsteuniformer finns ocks\u00e5 angivna i ett s\u00e4rskilt stycke. Dessutom har \u00e4ven \u00f6vriga noteringar om kl\u00e4dseln listats. Reglerna om kl\u00e4dseln f\u00f6ljs vid promotionens alla tillst\u00e4llningar. Informationer om akademiska insignier har samlats p\u00e5 en egen sida.<\/p>\n\n\n\n<p>En lyckad fest f\u00f6ruts\u00e4tter att man respekterar festdeltagare. D\u00e4rf\u00f6r har vi i slutet p\u00e5 sidan samlat allm\u00e4nna anvisningar som vi f\u00f6rv\u00e4ntar oss att promovenderna, avecerna och g\u00e4sterna f\u00f6ljer. V\u00e4nligen bekanta dig noggrant med dessa anvisningar f\u00f6re promotionen!&nbsp;&nbsp;<\/p>\n\n\n\n<p><strong>Doktorpromovend&nbsp;<\/strong><\/p>\n\n\n\n<p>V\u00e4lj antingen alternativ 1 eller 2 och f\u00f6lj denna anvisning under hela promotionen. De olika alternativen f\u00e5r inte kombineras..&nbsp;<\/p>\n\n\n\n<p>Floradagen<\/p>\n\n\n\n<figure class=\"wp-block-table\"><table><tbody><tr><td>Alternativ 1<\/td><td>Alternativ 2<\/td><\/tr><tr><td><strong>Studentm\u00f6ssa&nbsp;och v\u00e5rlig v\u00e4deranpassad kl\u00e4dsel<\/strong>. Exempelvis kl\u00e4nning, kavaj- eller byxdress. Deltagaren kan v\u00e4lja f\u00e4rgerna fritt. Studentm\u00f6ssan b\u00e4rs \u00e4ven inomhus.<\/td><td><strong>Studentm\u00f6ssa&nbsp;och v\u00e5rlig v\u00e4deranpassad kl\u00e4dsel<\/strong>. Exempelvis en v\u00e5rlig kostym eller en kombinerad kostym som inneh\u00e5ller skjorta och slips. Deltagaren kan v\u00e4lja f\u00e4rgerna fritt. Studentm\u00f6ssan b\u00e4rs \u00e4ven inomhus.<\/td><\/tr><\/tbody><\/table><\/figure>\n\n\n\n<p>Sv\u00e4rdslipningsdagen<\/p>\n\n\n\n<p>Observera att det inte finns tid f\u00f6r kl\u00e4dbyte mellan akt\u00f6vningen och middagen, allts\u00e5 man ska kl\u00e4 sig enligt kv\u00e4llens kl\u00e4dkod redan f\u00f6r akt\u00f6vningen. De som deltar enbart i akten kan komma till akt\u00f6vningen i snygga vardagskl\u00e4der.<\/p>\n\n\n\n<figure class=\"wp-block-table\"><table><tbody><tr><td>Alternativ 1<\/td><td>Alternativ 2<\/td><\/tr><tr><td><strong>En l\u00e5ng f\u00e4rgad aftonkl\u00e4nning.<\/strong> Aftonkl\u00e4nningen m\u00e5ste vara hell\u00e5ng och den f\u00e5r inte vara svart eller vit. Svart eller vitt f\u00e5r finnas i kl\u00e4nningens dekorationer eller m\u00f6nster. Kl\u00e4nningens urringning best\u00e4ms av b\u00e4raren. Festens karakt\u00e4r och den v\u00e5rliga tidpunkten kan man bra ta i beaktande d\u00e5 man v\u00e4ljer dr\u00e4kt.<br><br>Doktorshatten och -v\u00e4rjan <strong>h\u00f6r inte<\/strong> till kl\u00e4dseln under sv\u00e4rdsmidningen.&nbsp;<br><\/td><td><strong>Frack<\/strong>. Till fracken h\u00f6r en svart rock med l\u00e5nga sk\u00f6rtar, svarta byxor, frackskjorta, vit v\u00e4st, vit fluga och vita handskar.&nbsp;<br>Frackskjortan har en st\u00e4rkt krage och enkla manschetter. Pliss\u00e9rade skjortor eller skjortor med volang anv\u00e4nds inte tillsammans med frack: skjortbr\u00f6sten \u00e4r h\u00e5rt pik\u00e9tyg. Frackskjortans knappar \u00e4r p\u00e4rlemor eller guld, svarta knappar \u00e4r inte etikettsenliga.<br>Man anv\u00e4nder inte armbandsur med frack. Ifall man anv\u00e4nder ett fickur ska dess kedja inte synas alltf\u00f6r mycket. Med fracken anv\u00e4nds <strong>svarta lackskor<\/strong>. \u00c4ven <strong>strumporna ska vara svarta<\/strong>.&nbsp;<br>Det l\u00e4mpar sig b\u00e4st att anv\u00e4nda en <strong>m\u00f6rk jacka eller k\u00e5pa ovanp\u00e5 fracken<\/strong>. Ifall man anv\u00e4nder halsduk ska den vara vit.<br>Doktorshatten och -v\u00e4rjan <strong>h\u00f6r \u00e4nnu inte<\/strong> till kl\u00e4dseln under sv\u00e4rdsmidningen.&nbsp;<\/td><\/tr><\/tbody><\/table><\/figure>\n\n\n\n<p>Promotionsakten och Laudatio Solemnis<\/p>\n\n\n\n<figure class=\"wp-block-table\"><table><tbody><tr><td>Alternativ 1<\/td><td>Alternativ 2<\/td><\/tr><tr><td><strong>Doktorpromovender<\/strong> kl\u00e4r sig <strong>under akten<\/strong> i en <strong>hell\u00e5ng<\/strong>, <strong>t\u00e4ckande svart kl\u00e4nning<\/strong>. Kl\u00e4nningen ska vara elegant och enkel. Till kl\u00e4dsel h\u00f6r <strong>svarta skor och svarta handskar<\/strong>.<br><br>L\u00e4mpliga material f\u00f6r kl\u00e4nningen \u00e4r till exempel yllemuslin, dupionsilke eller tjock satin. Svarta broderier \u00e4r till\u00e5tna i tyget, och det kan ocks\u00e5 finnas ett m\u00f6nster inv\u00e4vt i tyget (till exempel damast). Materialet f\u00e5r inte vara genomskinligt och inte heller broderat med f\u00e4rg- eller metalltr\u00e5d. Det f\u00e5r inte finnas frist\u00e5ende ornament s\u00e5som paljetter i tyget.<br><br>Den hell\u00e5nga kl\u00e4nningens f\u00e5ll b\u00f6r under promotionsakten t\u00e4cka fotkn\u00f6len som finns p\u00e5 vristens ytterkant. Kl\u00e4nningens \u00e4rmar b\u00f6r vara hell\u00e5nga och r\u00e4cka \u00e4nda till handlovarna. Hals\u00f6ppningen p\u00e5 kl\u00e4nningen b\u00f6r vara \u00e5tsittande och O-ringad (inte V-ringad eller b\u00e5tringad). Med kl\u00e4nningen ska man kunna g\u00e5 upp och ned f\u00f6r trappor med v\u00e4rdighet. En kl\u00e4nning med f\u00e5ll till marken eller med sl\u00e4p \u00e4r d\u00e4rf\u00f6r opraktisk. Stilrenhet och enkelhet kr\u00e4ver att kl\u00e4nningen b\u00f6r vara smal. Om det m\u00e5ste finnas en slits i kl\u00e4nningen f\u00f6r anv\u00e4ndbarhetens skull s\u00e5 ska den inte vara on\u00f6digt l\u00e5ng. Det l\u00f6nar sig att sy eller l\u00e5ta sy en Dior-veck p\u00e5 kl\u00e4nningen.<br><br>Med promotionsaktskl\u00e4nningen anv\u00e4nds svarta handskar som b\u00f6r t\u00e4cka handleden och alla fingrar s\u00e5 att bar hud inte syns. L\u00e4mpliga handskar \u00e4r enkla, har inte dekorationer och t\u00e4cker handryggen. Handskarna ska passa ihop med kl\u00e4nningen, de ska inte skilja sig fr\u00e5n den eller vara en annan nyans \u00e4n kl\u00e4nningen. Spetshandskar \u00e4r inte passande.<br><br>Med aktkl\u00e4nningen anv\u00e4nds svarta skor. Skorna b\u00f6r vara st\u00e4ngda b\u00e5de i t\u00e5n och h\u00e4len. Sandaler \u00e4r inte tillr\u00e4ckligt festliga f\u00f6r akten. Med aktkl\u00e4nningen kan man anv\u00e4nda ett diskret halsband och sm\u00e5 knapp\u00f6rh\u00e4ngen. Under promotionsakten b\u00e4rs inte n\u00e5gon handv\u00e4ska. Obligatoriska sm\u00e5 f\u00f6rem\u00e5l kan man g\u00f6mma till exempel i en insydd smygficka.<br><br>Till doktorpromovendernas aktkl\u00e4nning tillh\u00f6r \u00e4ven <strong>doktorshatt och -v\u00e4rja<\/strong>.&nbsp;<\/td><td><strong>Frack<\/strong>. Samma anvisningar som under sv\u00e4rdslipningsdagen men i st\u00e4llet f\u00f6r vit v\u00e4st anv\u00e4nds <strong>svart v\u00e4st<\/strong>.&nbsp;<br>Ist\u00e4llet f\u00f6r lackskor anv\u00e4nds <strong>polerade svarta tunnbottnade l\u00e4derskor<\/strong> och ut\u00f6ver det <strong>doktorshatt och -v\u00e4rja<\/strong>. Kom ocks\u00e5 ih\u00e5g <strong>vita handskar<\/strong>.&nbsp;<\/td><\/tr><\/tbody><\/table><\/figure>\n\n\n\n<p>Promotionsmiddagen och -balen<\/p>\n\n\n\n<figure class=\"wp-block-table\"><table><tbody><tr><td>Alternativ 1<\/td><td>Alternativ 2<\/td><\/tr><tr><td><strong>Doktorpromovendens aktkl\u00e4nning<\/strong> passar ocks\u00e5 f\u00f6r promotionsmiddagen och -balen, men vid s\u00e4rskilt promotionsbalen \u00e4r kl\u00e4dkoden mera flexibel \u00e4n vid akten. En bred hals\u00f6ppning eller \u00f6ppen rygg passar \u00e4nd\u00e5 inte f\u00f6r promotionsmiddagen. Kl\u00e4nningen m\u00e5ste ha \u00e4rmar men i motsats till akten beh\u00f6ver de inte vara hell\u00e5nga.<br>&nbsp;<br>Vid balen kan man upptr\u00e4da i samma kl\u00e4dsel som vid akten och promotionsmiddagen eller byta till en balkl\u00e4nning som \u00e4r \u00f6ppnare och bredare. Kl\u00e4nningen ska \u00e4nnu vara svart. Med balkl\u00e4nningen anv\u00e4nder man handskar vars l\u00e4ngd beror p\u00e5 \u00e4rmarnas l\u00e4ngd.<br><br>Det \u00e4r till\u00e5tet att ha en kv\u00e4llsv\u00e4ska med sig men den b\u00f6r passa ihop med kl\u00e4nningen. Vid dansandet anv\u00e4nds den inte.<br><br>Kom ih\u00e5g<strong> doktorshatt och -v\u00e4rja<\/strong>.<\/td><td><strong>Frack<\/strong>. Samma anvisningar som under <strong>sv\u00e4rdslipningsdagen<\/strong> (vit v\u00e4st) samt <strong>doktorshatt och -v\u00e4rja<\/strong>. Kom ocks\u00e5 ih\u00e5g <strong>vita handskar<\/strong>.<\/td><\/tr><\/tbody><\/table><\/figure>\n\n\n\n<p>Utflykten<\/p>\n\n\n\n<figure class=\"wp-block-table\"><table><tbody><tr><td>Alternativ 1<\/td><td>Alternativ 2<\/td><\/tr><tr><td><strong>Avslappnad v\u00e4deranpassad kl\u00e4dsel<\/strong>. L\u00e4mpliga alternativ \u00e4r exempelvis en bekv\u00e4m kl\u00e4nning, kjol eller byxor och tr\u00f6ja. P\u00e5 utflykten b\u00e4rs\u00a0<strong>studentm\u00f6ssan<\/strong>\u00a0b\u00e5de inom- och utomhus, s\u00e5 kl\u00e4dsel ska passas till m\u00f6ssan. Kl\u00e4dseln f\u00e5r med andra ord inte vara f\u00f6r sportig, och inte heller jeans eller reklamkl\u00e4der \u00e4r l\u00e4mpliga.\u00a0<br><\/td><td><strong>Avslappnad v\u00e4deranpassad kl\u00e4dsel<\/strong>. L\u00e4mpliga alternativ \u00e4r exempelvis sammets- eller bomullsbyxor med en tr\u00f6ja och kragskjorta. En kombinerad kostym \u00e4r ocks\u00e5 ett l\u00e4mpligt alternativ. P\u00e5 utflykten b\u00e4rs&nbsp;<strong>studentm\u00f6ssan<\/strong>&nbsp;b\u00e5de inom- och utomhus, s\u00e5 kl\u00e4dsel ska passas till m\u00f6ssan. Kl\u00e4dseln f\u00e5r med andra ord inte vara f\u00f6r sportig, och inte heller jeans eller reklamkl\u00e4der \u00e4r l\u00e4mpliga.<\/td><\/tr><\/tbody><\/table><\/figure>\n\n\n\n<p><strong>Magisterpromovend&nbsp;<\/strong><\/p>\n\n\n\n<p>V\u00e4lj antingen alternativ 1 eller 2 och f\u00f6lj denna anvisning under hela promotionen. De olika alternativen f\u00e5r inte kombineras.&nbsp;<\/p>\n\n\n\n<p>Floradagen<\/p>\n\n\n\n<figure class=\"wp-block-table\"><table><tbody><tr><td>Alternativ 1<\/td><td>Alternativ 2<\/td><\/tr><tr><td><strong>Studentm\u00f6ssa&nbsp;och v\u00e5rlig men v\u00e4deranpassad kl\u00e4dsel<\/strong>. Exempelvis kl\u00e4nning, kavaj- eller byxdress. Deltagaren kan v\u00e4lja f\u00e4rgerna fritt. Studentm\u00f6ssan b\u00e4rs \u00e4ven inomhus.<\/td><td><strong>Studentm\u00f6ssa&nbsp;och v\u00e5rlig men v\u00e4deranpassad kl\u00e4dsel<\/strong>. Exempelvis en v\u00e5rlig kostym eller en kombinerad kostym som inneh\u00e5ller skjorta och slips. Deltagaren kan v\u00e4lja f\u00e4rgerna fritt. Studentm\u00f6ssan b\u00e4rs \u00e4ven inomhus.<\/td><\/tr><\/tbody><\/table><\/figure>\n\n\n\n<p>Kransbindningsdagen<\/p>\n\n\n\n<p>Observera att det inte finns tid f\u00f6r kl\u00e4dbyte mellan akt\u00f6vningen och middagen, allts\u00e5 man ska kl\u00e4 sig enligt kv\u00e4llens kl\u00e4dkod redan f\u00f6r akt\u00f6vningen. De som deltar enbart i akten kan komma till akt\u00f6vningen i snygga vardagskl\u00e4der.<\/p>\n\n\n\n<figure class=\"wp-block-table\"><table><tbody><tr><td>Alternativ 1<\/td><td>Alternativ 2<\/td><\/tr><tr><td><strong>En l\u00e5ng f\u00e4rgad aftonkl\u00e4nning.<\/strong> Aftonkl\u00e4nningen m\u00e4ste vara hell\u00e5ng och den f\u00e5r inte vara svart eller vit. Svart eller vitt f\u00e5r finnas i kl\u00e4nningens dekorationer eller m\u00f6nster. Kl\u00e4nningens urringning best\u00e4ms av b\u00e4raren. Festens karakt\u00e4r och den v\u00e5rliga tidpunkten kan man bra ta i beaktande d\u00e5 man v\u00e4ljer dr\u00e4kt.<\/td><td><strong>Frack<\/strong>. Till fracken h\u00f6r en svart rock med l\u00e5nga sk\u00f6rtar, svarta byxor, frackskjorta, vit v\u00e4st, vit fluga och vita handskar.<br><br>Frackskjortan har en st\u00e4rkt krage och enkla manschetter. Pliss\u00e9rade skjortor eller skjortor med volang anv\u00e4nds inte tillsammans med frack: skjortbr\u00f6sten \u00e4r h\u00e5rt pik\u00e9tyg. Frackskjortans knappar \u00e4r p\u00e4rlemor eller guld, svarta knappar \u00e4r inte etikettsenliga.<br><br>Man anv\u00e4nder inte armbandsur med frack. Ifall man anv\u00e4nder ett fickur ska dess kedja inte synas alltf\u00f6r mycket. Med fracken anv\u00e4nds <strong>svarta lackskor<\/strong>. \u00c4ven <strong>strumporna b\u00f6r vara svarta<\/strong>.&nbsp;<br><br>Det l\u00e4mpar sig b\u00e4st att anv\u00e4nda en <strong>m\u00f6rk jacka eller k\u00e5pa ovanp\u00e5 fracken<\/strong>. Ifall man anv\u00e4nder halsduk ska den vara vit.<\/td><\/tr><\/tbody><\/table><\/figure>\n\n\n\n<p>Promotionsakten och Laudatio Solemnis<\/p>\n\n\n\n<figure class=\"wp-block-table\"><table><tbody><tr><td>Alternativ 1<\/td><td>Alternativ 2<\/td><\/tr><tr><td><strong>Magisterpromovender<\/strong> kl\u00e4r sig <strong>under akten<\/strong> i en <strong>hell\u00e5ng<\/strong>, <strong>t\u00e4ckande vit kl\u00e4nning<\/strong>. Kl\u00e4nningen b\u00f6r vara samtidigt elegant och enkel. Kl\u00e4nningen b\u00f6r vara kritvit. I promotionssammanhang avser \u2019vit\u2019 en f\u00e4rgnyans som j\u00e4mf\u00f6rt med ett kontorspappersark ser vit ut, inte naturvit eller gr\u00e4ddvit. Det l\u00f6nar sig att vara mycket noggrann med nyansen. Konformiteten av nyanser p\u00e5 de vita kl\u00e4nningarna \u00e4r viktig, eftersom de vitkl\u00e4dda t\u00e5gar in som en oavbruten kolonn, och d\u00e5 syns alla avvikelser l\u00e4tt. <br><br>L\u00e4mpliga material f\u00f6r kl\u00e4nningen \u00e4r till exempel yllemuslin, dupionsilke eller tjock satin. Vita broderier \u00e4r till\u00e5tna i tyget, och det kan ocks\u00e5 finnas ett m\u00f6nster inv\u00e4vt i tyget (till exempel damast). Materialet f\u00e5r inte vara genomskinligt och inte heller broderat med f\u00e4rg- eller metalltr\u00e5d. Det f\u00e5r inte finnas frist\u00e5ende ornament s\u00e5som paljetter i tyget.<br><br>Den hell\u00e5nga kl\u00e4nningens f\u00e5ll t\u00e4cker fotkn\u00f6len som finns p\u00e5 vristens ytterkant.Kl\u00e4nningens \u00e4rmar b\u00f6r vara hell\u00e5nga och r\u00e4cka \u00e4nda till handlovarna. Hals\u00f6ppningen p\u00e5 kl\u00e4nningen b\u00f6r vara \u00e5tsittande och O-ringad (inte V-ringad eller b\u00e5tringad). Med kl\u00e4nningen ska man kunna g\u00e5 upp och ned f\u00f6r trappor med v\u00e4rdighet. En kl\u00e4nning med f\u00e5ll till marken eller med sl\u00e4p \u00e4r d\u00e4rf\u00f6r opraktisk. Stilrenhet och enkelhet kr\u00e4ver att kl\u00e4nningen b\u00f6r vara smal.Om det m\u00e5ste finnas en slits i kl\u00e4nningen f\u00f6r anv\u00e4ndbarhetens skull s\u00e5 ska den inte vara on\u00f6digt l\u00e5ng. Det l\u00f6nar sig att sy eller l\u00e5ta sy en Dior-veck p\u00e5 kl\u00e4nningen.<br><br>Med promotionsaktskl\u00e4nningen anv\u00e4nds <strong>vita handskar <\/strong>som t\u00e4cker handleden och alla fingrar s\u00e5 att bar hud inte syns. L\u00e4mpliga handskar \u00e4r enkla, har inte dekorationer och t\u00e4cker handryggen. Handskarna ska passa ihop med kl\u00e4nningen, de ska inte skilja sig fr\u00e5n den eller vara en annan nyans exempelvis gulare \u00e4n kl\u00e4nningen. Spetshandskar \u00e4r inte passande.<br><br>Med aktkl\u00e4nningen anv\u00e4nds <strong>vita skor<\/strong>. Skorna b\u00f6r vara st\u00e4ngda b\u00e5de i t\u00e5n och h\u00e4len. Sandaler \u00e4r inte tillr\u00e4ckligt festliga f\u00f6r akten. Med aktkl\u00e4nningen kan man anv\u00e4nda ett diskret halsband och sm\u00e5 knapp\u00f6rh\u00e4ngen. S\u00e5 att den nya <strong>magisterringen <\/strong>kan f\u00e5 den uppm\u00e4rksamhet den f\u00f6rtj\u00e4nar, \u00e4r det b\u00e4ttre att l\u00e4mna andra slags ringer f\u00f6rutom f\u00f6rlovnings- och vigselringen hemma n\u00e4r akten p\u00e5g\u00e5r. Under promotionsakten b\u00e4rs inte n\u00e5gon handv\u00e4ska. Obligatoriska sm\u00e5 f\u00f6rem\u00e5l kan man g\u00f6mma till exempel i en insydd smygficka. <br><br>Kom ocks\u00e5 ih\u00e5g lagerkrans.<br><br><br><\/td><td><strong>Frack<\/strong>. Samma anvisningar som under kransbindningsdagen men i st\u00e4llet f\u00f6r vit v\u00e4st anv\u00e4nds <strong>svart v\u00e4st<\/strong>. Ist\u00e4llet f\u00f6r lackskor anv\u00e4nds <strong>polerade svarta tunnbottnade l\u00e4derskor<\/strong> och ut\u00f6ver det <strong>lagerkrans och magisterring<\/strong>.<br>&nbsp;<br>Kom ocks\u00e5 ih\u00e5g <strong>vita handskar<\/strong>.<\/td><\/tr><\/tbody><\/table><\/figure>\n\n\n\n<p>Promotionsmiddagen och -balen<\/p>\n\n\n\n<figure class=\"wp-block-table\"><table><tbody><tr><td>Alternativ 1<\/td><td>Alternativ 2<\/td><\/tr><tr><td><strong>Magisterpromovendens aktkl\u00e4nning<\/strong> passar ocks\u00e5 f\u00f6r promotionsmiddagen och -balen, men vid s\u00e4rskilt promotionsbalen \u00e4r kl\u00e4dkoden mera flexibel \u00e4n vid akten. En bred hals\u00f6ppning eller \u00f6ppen rygg passar \u00e4nd\u00e5 inte f\u00f6r promotionsmiddagen. Kl\u00e4nningen m\u00e5ste ha \u00e4rmar men i motsats till akten beh\u00f6ver de inte vara hell\u00e5nga. <br><br>Vid balen kan man upptr\u00e4da i samma kl\u00e4dsel som vid akten och promotionsmiddagen eller byta till en balkl\u00e4nning som \u00e4r \u00f6ppnare och har bredare f\u00e5ll. Kl\u00e4nningen ska \u00e4nnu vara vit. Med balkl\u00e4nningen anv\u00e4nder man handskar vars l\u00e4ngd beror p\u00e5 \u00e4rmarnas l\u00e4ngd.<br><br>Det \u00e4r till\u00e5tet att ha en kv\u00e4llsv\u00e4ska med sig men den b\u00f6r passa ihop med kl\u00e4nningen. Vid dansandet anv\u00e4nds den inte.<br><br>Kom ocks\u00e5 ih\u00e5g<strong> lagerkrans och magisterring<\/strong>.<\/td><td><strong>Frack<\/strong>. Samma anvisningar som under <strong>kransbindningsdagen<\/strong> (vit v\u00e4st) samt <strong>lagerkrans och magisterring<\/strong>. Kom ocks\u00e5 ih\u00e5g <strong>vita handskar<\/strong>.<\/td><\/tr><\/tbody><\/table><\/figure>\n\n\n\n<p>Utflykten<\/p>\n\n\n\n<figure class=\"wp-block-table\"><table><tbody><tr><td>Alternativ 1<\/td><td>Alternativ 2<\/td><\/tr><tr><td><strong>Avslappnad v\u00e4deranpassad kl\u00e4dsel<\/strong>. L\u00e4mpliga alternativ \u00e4r exempelvis en bekv\u00e4m kl\u00e4nning, kjol eller byxor och tr\u00f6ja. P\u00e5 utflykten b\u00e4rs\u00a0<strong>studentm\u00f6ssan<\/strong>\u00a0b\u00e5de inom- och utomhus, s\u00e5 kl\u00e4dsel ska passas till m\u00f6ssan. Kl\u00e4dseln f\u00e5r med andra ord inte vara f\u00f6r sportig, och inte heller jeans eller reklamkl\u00e4der \u00e4r l\u00e4mpliga.\u00a0<\/td><td><strong>Avslappnad v\u00e4deranpassad kl\u00e4dsel<\/strong>. L\u00e4mpliga alternativ \u00e4r exempelvis sammets- eller bomullsbyxor med en tr\u00f6ja och kragskjorta. En kombinerad kostym \u00e4r ocks\u00e5 ett l\u00e4mpligt alternativ. P\u00e5 utflykten b\u00e4rs&nbsp;<strong>studentm\u00f6ssan<\/strong>&nbsp;b\u00e5de inom- och utomhus, s\u00e5 kl\u00e4dsel ska passas till m\u00f6ssan. Kl\u00e4dseln f\u00e5r med andra ord inte vara f\u00f6r sportig, och inte heller jeans eller reklamkl\u00e4der \u00e4r l\u00e4mpliga.<\/td><\/tr><\/tbody><\/table><\/figure>\n\n\n\n<p><strong>Avec till doktorpromovend dvs. <strong>sv\u00e4rdslipare<\/strong>&nbsp;<\/strong><\/p>\n\n\n\n<p>V\u00e4lj antingen alternativ 1 eller 2 och f\u00f6lj denna anvisning under hela promotionen. De olika alternativen f\u00e5r inte kombineras.&nbsp;<\/p>\n\n\n\n<p>Floradagen<\/p>\n\n\n\n<figure class=\"wp-block-table\"><table><tbody><tr><td>Alternativ 1<\/td><td>Alternativ 2<\/td><\/tr><tr><td><strong>Studentm\u00f6ssa och<\/strong> <strong>v\u00e5rlig men v\u00e4deranpassad kl\u00e4dsel<\/strong>. Exempelvis kl\u00e4nning, kavaj- eller byxdress. Deltagaren kan v\u00e4lja f\u00e4rgerna fritt. \u00c4ger man studentm\u00f6ssa f\u00e5r man anv\u00e4nda den. Studentm\u00f6ssan b\u00e4rs \u00e4ven inomhus.<\/td><td><strong>Studentm\u00f6ssa och<\/strong> <strong>v\u00e5rlig men v\u00e4deranpassad kl\u00e4dsel. <\/strong>Exempelvis en v\u00e5rlig kostym eller en kombinerad kostym som inneh\u00e5ller skjorta och slips. Deltagaren kan v\u00e4lja f\u00e4rgerna fritt. \u00c4ger man studentm\u00f6ssa f\u00e5r man anv\u00e4nda den. Studentm\u00f6ssan b\u00e4rs \u00e4ven inomhus.<\/td><\/tr><\/tbody><\/table><\/figure>\n\n\n\n<p>Sv\u00e4rdslipningsdagen<\/p>\n\n\n\n<figure class=\"wp-block-table\"><table><tbody><tr><td>Alternativ 1<\/td><td>Alternativ 2<\/td><\/tr><tr><td><strong>En l\u00e5ng f\u00e4rgad aftonkl\u00e4nning.<\/strong> Aftonkl\u00e4nningen ska vara hell\u00e5ng och den f\u00e5r inte vara svart eller vit. Svart eller vitt f\u00e5r finnas i kl\u00e4nningens dekorationer eller m\u00f6nster. Kl\u00e4nningens urringning best\u00e4ms av b\u00e4raren. Festens karakt\u00e4r och den v\u00e5rliga tidpunkten kan man bra ta i beaktande d\u00e5 man v\u00e4ljer dr\u00e4kt.<\/td><td><strong>Frack. <\/strong>Till fracken h\u00f6r en svart rock med l\u00e5nga sk\u00f6rtar, svarta byxor, frackskjorta, vit v\u00e4st, vit fluga och vita handskar.<br>&nbsp;<br>Frackskjortan har en st\u00e4rkt krage och enkla manschetter. Pliss\u00e9rade skjortor eller skjortor med volang anv\u00e4nds inte tillsammans med frack: skjortbr\u00f6sten \u00e4r h\u00e5rt pik\u00e9tyg. Frackskjortans knappar \u00e4r p\u00e4rlemor eller guld, svarta knappar \u00e4r inte etikettsenliga.<br><br>Man anv\u00e4nder inte armbandsur med frack. Ifall man anv\u00e4nder ett fickur ska dess kedja inte synas alltf\u00f6r mycket. Med fracken anv\u00e4nds <strong>svarta lackskor<\/strong>. \u00c4ven <strong>strumporna b\u00f6r vara svarta<\/strong>.&nbsp;<br><br>Det l\u00e4mpar sig b\u00e4st att anv\u00e4nda en <strong>m\u00f6rk jacka eller k\u00e5pa ovanp\u00e5 fracken<\/strong>. Ifall man anv\u00e4nder halsduk ska den vara vit.<\/td><\/tr><\/tbody><\/table><\/figure>\n\n\n\n<p>Promotionsakten och Laudatio Solemnis<\/p>\n\n\n\n<figure class=\"wp-block-table\"><table><tbody><tr><td>Alternativ 1<\/td><td>Alternativ 2<\/td><\/tr><tr><td><strong>Samma kl\u00e4dsel som doktorpromovender<\/strong> kl\u00e4r sig under akten (alternativ 1). Aktkl\u00e4nningen \u00e4r helt svart, hell\u00e5ng och t\u00e4ckande. Kl\u00e4nningen ska vara elegant och enkel. Till kl\u00e4dsel h\u00f6r <strong>svarta skor och svarta handskar<\/strong>.<br><br>L\u00e4mpliga material \u00e4r till exempel yllemuslin, dupionsilke eller tjock satin. Svarta broderier \u00e4r till\u00e5tna i tyget, och det kan ocks\u00e5 finnas ett m\u00f6nster inv\u00e4vt i tyget (till exempel damast). Materialet f\u00e5r inte vara genomskinligt och inte heller broderat med f\u00e4rg- eller metalltr\u00e5d. Det f\u00e5r inte finnas frist\u00e5ende ornament s\u00e5som paljetter i tyget.<br><br>Den hell\u00e5nga kl\u00e4nningens f\u00e5ll t\u00e4cker fotkn\u00f6len som finns p\u00e5 vristens ytterkant. Kl\u00e4nningens \u00e4rmar b\u00f6r vara hell\u00e5nga och r\u00e4cka \u00e4nda till handlovarna. Hals\u00f6ppningen p\u00e5 kl\u00e4nningen b\u00f6r vara \u00e5tsittande och O-ringad (inte V-ringad eller b\u00e5tringad). Med kl\u00e4nningen ska man kunna g\u00e5 upp och ned f\u00f6r trappor med v\u00e4rdighet. En kl\u00e4nning med f\u00e5ll till marken eller med sl\u00e4p \u00e4r d\u00e4rf\u00f6r opraktisk. Stilrenhet och enkelhet kr\u00e4ver att kl\u00e4nningen b\u00f6r vara smal. Om det m\u00e5ste finnas en slits i kl\u00e4nningen f\u00f6r anv\u00e4ndbarhetens skull s\u00e5 ska den inte vara on\u00f6digt l\u00e5ng. Det l\u00f6nar sig att sy eller l\u00e5ta sy en Dior-veck p\u00e5 kl\u00e4nningen.<br><br>Med promotionsaktskl\u00e4nningen anv\u00e4nds svarta handskar som t\u00e4cker handleden och alla fingrar s\u00e5 att bar hud inte syns. L\u00e4mpliga handskar \u00e4r enkla, har inte dekorationer och t\u00e4cker handryggen. Handskarna ska passa kl\u00e4nningen, de ska inte skilja sig fr\u00e5n den eller vara en annan nyans \u00e4n kl\u00e4nningen. Spetshandskar \u00e4r inte passande.<br><br>Med aktkl\u00e4nningen anv\u00e4nds svarta skor. Skorna b\u00f6r vara st\u00e4ngda b\u00e5de i t\u00e5n och h\u00e4len. Sandaler \u00e4r inte tillr\u00e4ckligt festliga f\u00f6r akten. Med aktkl\u00e4nningen kan man anv\u00e4nda ett diskret halsband och sm\u00e5 knapp\u00f6rh\u00e4ngen. Under promotionsakten b\u00e4rs inte n\u00e5gon handv\u00e4ska. Obligatoriska sm\u00e5 f\u00f6rem\u00e5l kan man g\u00f6mma till exempel i en insydd smygficka.<\/td><td><strong>Frack<\/strong>. Samma anvisningar som under sv\u00e4rdslipningsdagen men i st\u00e4llet f\u00f6r vit v\u00e4st anv\u00e4nds <strong>svart v\u00e4st<\/strong>.<br>Ist\u00e4llet f\u00f6r lackskor anv\u00e4nds <strong>polerade<\/strong> <strong>svarta tunnbottnade l\u00e4derskor<\/strong>. Kom ocks\u00e5 <strong>ih\u00e5g vita handskar<\/strong>.<\/td><\/tr><\/tbody><\/table><\/figure>\n\n\n\n<p>Promotionsmiddagen och -balen<\/p>\n\n\n\n<figure class=\"wp-block-table\"><table><tbody><tr><td>Alternativ 1<\/td><td>Alternativ 2<\/td><\/tr><tr><td><strong>Aktkl\u00e4nning<\/strong> passar ocks\u00e5 f\u00f6r promotionsmiddagen och -balen, men vid s\u00e4rskilt promotionsbalen \u00e4r kl\u00e4dkoden mera flexibel \u00e4n vid akten. En bred hals\u00f6ppning eller \u00f6ppen rygg passar \u00e4nd\u00e5 inte f\u00f6r promotionsmiddagen. Kl\u00e4nningen m\u00e5ste ha \u00e4rmar men i motsats till akten beh\u00f6ver de inte vara hell\u00e5nga.<br><br>Vid balen kan man upptr\u00e4da i samma kl\u00e4dsel som vid akten och promotionsmiddagen eller byta till en balkl\u00e4nning som \u00e4r \u00f6ppnare och bredare. Kl\u00e4nningen ska \u00e4nnu vara svart. Med balkl\u00e4nningen anv\u00e4nder man handskar vars l\u00e4ngd beror p\u00e5 \u00e4rmarnas l\u00e4ngd.<br><br>Det \u00e4r till\u00e5tet att ha en kv\u00e4llsv\u00e4ska med sig men den b\u00f6r passa ihop med kl\u00e4nningen. Vid dansandet anv\u00e4nds den inte.<\/td><td><strong>Frack.<\/strong> Samma anvisningar som under<strong> sv\u00e4rdslipningsdagen <\/strong>(vit v\u00e4st). Kom ocks\u00e5 ih\u00e5g<strong> vita handskar.<\/strong><\/td><\/tr><\/tbody><\/table><\/figure>\n\n\n\n<p>Utflykten<\/p>\n\n\n\n<figure class=\"wp-block-table\"><table><tbody><tr><td>Alternativ 1<\/td><td>Alternativ 2<\/td><\/tr><tr><td><strong>Avslappnad v\u00e4deranpassad kl\u00e4dsel<\/strong>. L\u00e4mpliga alternativ \u00e4r exempelvis en bekv\u00e4m kl\u00e4nning, kjol eller byxor och tr\u00f6ja. P\u00e5 utflykten b\u00e4rs <strong>studentm\u00f6ssan<\/strong> (om s\u00e5dan \u00e4gs) b\u00e5de inom- och utomhus, s\u00e5 kl\u00e4dsel ska passas till m\u00f6ssan. Kl\u00e4dseln f\u00e5r med andra ord inte vara f\u00f6r sportig, och inte heller jeans eller reklamkl\u00e4der \u00e4r l\u00e4mpliga.<\/td><td><strong>Avslappnad v\u00e4deranpassad kl\u00e4dsel<\/strong>. L\u00e4mpliga alternativ \u00e4r exempelvis sammets- eller bomullsbyxor med en tr\u00f6ja och kragskjorta. En kombinerad kostym \u00e4r ocks\u00e5 ett l\u00e4mpligt alternativ. P\u00e5 utflykten b\u00e4rs <strong>studentm\u00f6ssan<\/strong> (om s\u00e5dan \u00e4gs) b\u00e5de inom- och utomhus, s\u00e5 kl\u00e4dsel ska passas till m\u00f6ssan. Kl\u00e4dseln f\u00e5r med andra ord inte vara f\u00f6r sportig, och inte heller jeans eller reklamkl\u00e4der \u00e4r l\u00e4mpliga.<\/td><\/tr><\/tbody><\/table><\/figure>\n\n\n\n<p><strong>Avec f\u00f6r magisterpromovenden dvs. kransbindare<\/strong><\/p>\n\n\n\n<p>V\u00e4lj antingen alternativ 1 eller 2 och f\u00f6lj denna anvisning under hela promotionen. De olika alternativen f\u00e5r inte kombineras. Deltagandet i magistersfrans\u00e4sen f\u00f6ruts\u00e4tter att promovenden och hens avec har olika kl\u00e4dsel.<\/p>\n\n\n\n<p>Floradagen<\/p>\n\n\n\n<figure class=\"wp-block-table\"><table><tbody><tr><td>Alternativ 1<\/td><td>Alternativ 2<\/td><\/tr><tr><td><strong>Studentm\u00f6ssa och v\u00e5rlig men v\u00e4deranpassad kl\u00e4dsel<\/strong>. Exempelvis kl\u00e4nning, kavaj- eller byxdress. &nbsp;Deltagaren kan v\u00e4lja f\u00e4rgerna fritt. \u00c4ger man <strong>studentm\u00f6ssa<\/strong> f\u00e5r man anv\u00e4nda den. Studentm\u00f6ssan b\u00e4rs \u00e4ven inomhus.<\/td><td><strong>Studentm\u00f6ssa och<\/strong> <strong>v\u00e5rlig men v\u00e4deranpassad kl\u00e4dsel<\/strong>. Exempelvis en v\u00e5rlig kostym eller en kombinerad kostym som inneh\u00e5ller skjorta och slips. &nbsp;Deltagaren kan v\u00e4lja f\u00e4rgerna fritt. \u00c4ger man <strong>studentm\u00f6ssa<\/strong> f\u00e5r man anv\u00e4nda den. Studentm\u00f6ssan b\u00e4rs \u00e4ven inomhus.<\/td><\/tr><\/tbody><\/table><\/figure>\n\n\n\n<p>Kransbindardagen<\/p>\n\n\n\n<figure class=\"wp-block-table\"><table><tbody><tr><td>Alternativ 1<\/td><td>Alternativ 2<\/td><\/tr><tr><td><strong>En l\u00e5ng f\u00e4rgad aftonkl\u00e4nning.<\/strong> Aftonkl\u00e4nningen m\u00e5ste vara hell\u00e5ng och den f\u00e5r inte vara svart eller vit. Svart eller vitt f\u00e5r finnas i kl\u00e4nningens dekorationer eller m\u00f6nster. Kl\u00e4nningens urringning best\u00e4ms av b\u00e4raren. Festens karakt\u00e4r och den v\u00e5rliga tidpunkten kan man bra ta i beaktande d\u00e5 man v\u00e4ljer dr\u00e4kt.<\/td><td><strong>Frack<\/strong>. Till fracken h\u00f6r en svart rock med l\u00e5nga sk\u00f6rtar, svarta byxor, frackskjorta, vit v\u00e4st, vit fluga och vita handskar.<br>&nbsp;<br>Frackskjortan har en st\u00e4rkt krage och enkla manschetter. Pliss\u00e9rade skjortor eller skjortor med volang anv\u00e4nds inte tillsammans med frack: skjortbr\u00f6sten \u00e4r h\u00e5rt pik\u00e9tyg. Frackskjortans knappar \u00e4r p\u00e4rlemor eller guld, svarta knappar \u00e4r inte etikettsenliga.<br><br>Man anv\u00e4nder inte armbandsur med frack. Ifall man anv\u00e4nder ett fickur ska dess kedja inte synas alltf\u00f6r mycket. Med fracken anv\u00e4nds <strong>svarta lackskor<\/strong>. \u00c4ven <strong>strumporna b\u00f6r vara svarta<\/strong>.<br><br>Det l\u00e4mpar sig b\u00e4st att anv\u00e4nda en <strong>m\u00f6rk jacka eller k\u00e5pa<\/strong> ovanp\u00e5 fracken. Ifall man anv\u00e4nder halsduk ska den vara vit.<\/td><\/tr><\/tbody><\/table><\/figure>\n\n\n\n<p>Promotionsakten och Laudatio Solemnis<\/p>\n\n\n\n<figure class=\"wp-block-table\"><table><tbody><tr><td>Alternativ 1<\/td><td>Alternativ 2<\/td><\/tr><tr><td><strong>Samma kl\u00e4dsel som magisterpromovender<\/strong> kl\u00e4r sig under akten (alternativ 1). Aktkl\u00e4nningen \u00e4r helt vit, hell\u00e5ng och t\u00e4ckande. Kl\u00e4nningen b\u00f6r vara samtidigt elegant och enkel. Kl\u00e4nningen b\u00f6r vara kritvit. I promotionssammanhang avser \u2019vit\u2019 en f\u00e4rgnyans som j\u00e4mf\u00f6rt med ett kontorspappersark ser vit ut, inte naturvit eller gr\u00e4ddvit. Det l\u00f6nar sig att vara mycket noggrann med nyansen. Konformiteten av nyanser p\u00e5 de vita kl\u00e4nningarna \u00e4r viktig, eftersom de vitkl\u00e4dda t\u00e5gar in som en oavbruten kolonn, och d\u00e5 syns alla avvikelser l\u00e4tt.<br><br>L\u00e4mpliga material \u00e4r till exempel yllemuslin, dupionsilke eller tjock satin. Vita broderier \u00e4r till\u00e5tna i tyget, &nbsp;och det kan ocks\u00e5 finnas ett m\u00f6nster inv\u00e4vt i tyget (till exempel damast). Materialet f\u00e5r inte vara genomskinligt och inte heller broderat med f\u00e4rg- eller metalltr\u00e5d. Det f\u00e5r inte finnas frist\u00e5ende ornament s\u00e5som paljetter i tyget.<br><br>Den hell\u00e5nga kl\u00e4nningens f\u00e5ll t\u00e4cker fotkn\u00f6len som finns p\u00e5 vristens ytterkant. &nbsp;Kl\u00e4nningens \u00e4rmar b\u00f6r vara hell\u00e5nga och r\u00e4cka \u00e4nda till handlovarna. Hals\u00f6ppningen p\u00e5 kl\u00e4nningen b\u00f6r vara \u00e5tsittande och O-ringad (inte V-ringad eller b\u00e5tringad). Med kl\u00e4nningen ska man kunna g\u00e5 upp och ned f\u00f6r trappor med v\u00e4rdighet. En kl\u00e4nning med f\u00e5ll till marken eller med sl\u00e4p \u00e4r d\u00e4rf\u00f6r opraktisk. Stilrenhet och enkelhet kr\u00e4ver att kl\u00e4nningen b\u00f6r vara smal. Om det m\u00e5ste finnas en slits i kl\u00e4nningen f\u00f6r anv\u00e4ndbarhetens skull s\u00e5 ska den inte vara on\u00f6digt l\u00e5ng. Det l\u00f6nar sig att sy eller l\u00e5ta sy en Dior-veck p\u00e5 kl\u00e4nningen.<br><br>Med aktskl\u00e4nningen anv\u00e4nds vita handskar som t\u00e4cker handleden och alla fingrar s\u00e5 att bar hud inte syns. L\u00e4mpliga handskar \u00e4r enkla, har inte dekorationer och t\u00e4cker handryggen. Handskarna ska passa ihop med kl\u00e4nningen, de ska inte skilja sig fr\u00e5n den eller vara en annan nyans exempelvis gulare \u00e4n kl\u00e4nningen. Spetshandskar \u00e4r inte passande.<br><br>Med aktkl\u00e4nningen anv\u00e4nds vita skor. Skorna b\u00f6r vara st\u00e4ngda b\u00e5de i t\u00e5n och h\u00e4len. Sandaler \u00e4r inte tillr\u00e4ckligt festliga f\u00f6r akten. Med aktkl\u00e4nningen kan man anv\u00e4nda ett diskret halsband och sm\u00e5 knapp\u00f6rh\u00e4ngen. Under promotionsakten b\u00e4rs inte n\u00e5gon handv\u00e4ska. Obligatoriska sm\u00e5 f\u00f6rem\u00e5l kan man g\u00f6mma till exempel i en insydd smygficka.<\/td><td><strong>Frack<\/strong>. Samma anvisningar som under sv\u00e4rdslipningsdagen men i st\u00e4llet f\u00f6r vit v\u00e4st anv\u00e4nds <strong>svart v\u00e4st<\/strong>. Ist\u00e4llet f\u00f6r lackskor anv\u00e4nds <strong>polerade svarta tunnbottnade l\u00e4derskor<\/strong>.<br><br>Kom ocks\u00e5 ih\u00e5g <strong>vita handskar<\/strong>.<\/td><\/tr><\/tbody><\/table><\/figure>\n\n\n\n<p>Promotionsmiddagen och -balen<\/p>\n\n\n\n<figure class=\"wp-block-table\"><table><tbody><tr><td>Alternativ 1<\/td><td>Alternativ 2<\/td><\/tr><tr><td><strong>Aktkl\u00e4nning <\/strong>passar ocks\u00e5 f\u00f6r promotionsmiddagen och -balen men vid s\u00e4rskilt promotionsbalen \u00e4r kl\u00e4dkoden mera flexibel \u00e4n vid akten. En bred hals\u00f6ppning eller \u00f6ppen rygg passar \u00e4nd\u00e5 inte f\u00f6r promotionsmiddagen. Kl\u00e4nningen m\u00e5ste ha \u00e4rmar men i motsats till akten beh\u00f6ver de inte vara hell\u00e5nga.<br><br>Vid balen kan man upptr\u00e4da i samma kl\u00e4dsel som vid akten och promotionsmiddagen eller byta till en balkl\u00e4nning som \u00e4r \u00f6ppnare och bredare. Kl\u00e4nningen ska \u00e4nnu vara vit. Med balkl\u00e4nningen anv\u00e4nder man handskar vars l\u00e4ngd beror p\u00e5 \u00e4rmarnas l\u00e4ngd.<br><br>Handskar h\u00f6r till balen och deras l\u00e4ngd beror p\u00e5 \u00e4rmarnas l\u00e4ngd. Det \u00e4r till\u00e5tet att ha en kv\u00e4llsv\u00e4ska med sig men den b\u00f6r passa ihop med kl\u00e4nningen. Vid dansandet anv\u00e4nds den inte.<\/td><td><strong>Frack<\/strong>. Samma anvisningar som under<strong> kransbindningsdagen <\/strong>(vit v\u00e4st). Kom ocks\u00e5 ih\u00e5g<strong> vita handskar.<\/strong><\/td><\/tr><\/tbody><\/table><\/figure>\n\n\n\n<p>Utflykten<\/p>\n\n\n\n<figure class=\"wp-block-table\"><table><tbody><tr><td>Alternativ 1<\/td><td>Alternativ 2<\/td><\/tr><tr><td><strong>Avslappnad v\u00e4deranpassad kl\u00e4dsel<\/strong>. L\u00e4mpliga alternativ \u00e4r exempelvis en bekv\u00e4m kl\u00e4nning, kjol eller byxor och tr\u00f6ja. P\u00e5 utflykten b\u00e4rs <strong>studentm\u00f6ssan <\/strong>(om s\u00e5dan \u00e4gs) b\u00e5de inom- och utomhus, s\u00e5 kl\u00e4dsel ska passas till m\u00f6ssan. Kl\u00e4dseln f\u00e5r med andra ord inte vara f\u00f6r sportig, och inte heller jeans eller reklamkl\u00e4der \u00e4r l\u00e4mpliga.<\/td><td><strong>Avslappnad v\u00e4deranpassad kl\u00e4dsel<\/strong>. L\u00e4mpliga alternativ \u00e4r exempelvis sammets- eller bomullsbyxor med en tr\u00f6ja och kragskjorta. En kombinerad kostym \u00e4r ocks\u00e5 ett l\u00e4mpligt alternativ. P\u00e5 utflykten b\u00e4rs <strong>studentm\u00f6ssan<\/strong> (om s\u00e5dan \u00e4gs) b\u00e5de inom- och utomhus, s\u00e5 kl\u00e4dsel ska passas till m\u00f6ssan. Kl\u00e4dseln f\u00e5r med andra ord inte vara f\u00f6r sportig, och inte heller jeans eller reklamkl\u00e4der \u00e4r l\u00e4mpliga.<\/td><\/tr><\/tbody><\/table><\/figure>\n\n\n\n<p><strong>Hedersdoktorpromovender och deras <strong>sv\u00e4rdslipare<\/strong><\/strong><\/p>\n\n\n\n<p>Hedersdoktorpromovender och deras sv\u00e4rdslipare kl\u00e4r sig enligt anvisningarna f\u00f6r doktorpromovender.&nbsp;&nbsp;<\/p>\n\n\n\n<p><strong>Hedersmagisterpromovender och deras kransbindare<\/strong><\/p>\n\n\n\n<p>Hedersmagisterpromovender<strong> <\/strong>kl\u00e4r sig enligt anvisningarna f\u00f6r doktorpromovender men ist\u00e4llet f\u00f6r doktorshatt och -v\u00e4rja b\u00e4r de lagerkrans och magisterring. Hedersmagisterpromovendernas kransbindare kl\u00e4r sig enligt anvisningarna f\u00f6r doktorspromovendernas sv\u00e4rdslipare.<\/p>\n\n\n\n<p><strong>Inbjudna g\u00e4ster<\/strong><\/p>\n\n\n\n<p>F\u00f6r de g\u00e4ster som deltar i akten g\u00e4ller samma direktiv som f\u00f6r doktorspromovenders sv\u00e4rdslipare.&nbsp;G\u00e4ster anv\u00e4nder dock inte handskar under akten. G\u00e4ster som sitter i solenna salen under akten kan kl\u00e4 sig i tj\u00e4nsteuniform i enlighet med sin tj\u00e4nst.<\/p>\n\n\n\n<p>Ifall man under promotionsmiddagen och -balen kl\u00e4r sig enligt alternativ 1 b\u00f6r man under sv\u00e4rdsmidningsmiddagen undantagsvis kl\u00e4 sig i en f\u00e4rgad kl\u00e4nning i st\u00e4llet f\u00f6r en svart kl\u00e4nning. I b\u00e4sta fall anv\u00e4nder g\u00e4sterna inte alls vitt eller svart i sin kl\u00e4dsel.<\/p>\n\n\n\n<h2 class=\"wp-block-heading\"><strong>\u00d6vriga direktiv om kl\u00e4dsel<\/strong><\/h2>\n\n\n\n<p><strong>Heders- och f\u00f6rtj\u00e4nsttecken<\/strong><\/p>\n\n\n\n<p>Under kransbindnings- och sv\u00e4rdslipningsdagen samt p\u00e5 utflykten b\u00e4rs inga hederstecken.<\/p>\n\n\n\n<p>Vid promotionsakten och -middagen b\u00e4rs statliga f\u00f6rtj\u00e4nsttecken enligt g\u00e4ngse regler. De som b\u00e4r finl\u00e4ndska f\u00f6rtj\u00e4nsttecken har plikten att b\u00e4ra sina medaljer, och de b\u00e4rs i originalstorlek (inte i miniatyr). P\u00e5 balen b\u00e4rs statliga f\u00f6rtj\u00e4nsttecken, men vid sidan av medaljer i original kan man \u00e4ven b\u00e4ra dem i miniatyrformat.<\/p>\n\n\n\n<p>Vid promotionen b\u00e4rs inte alls akademiska heders- eller f\u00f6rtj\u00e4nsttecken och inte heller nations-, fakultetsorganisations- eller andra band.<\/p>\n\n\n\n<p><strong>Tj\u00e4nsteuniformer<\/strong><\/p>\n\n\n\n<p>Personer som har r\u00e4tt att b\u00e4ra tj\u00e4nsteuniform f\u00e5r anv\u00e4nda den vid alla promotionstillst\u00e4llningar. D\u00e5 b\u00f6r man f\u00f6lja de regler som har givits f\u00f6r bruket av ifr\u00e5gavarande tj\u00e4nsteuniform. Promovenderna f\u00e5r dock sj\u00e4lva inte b\u00e4ra andra uniformer \u00e4n den pr\u00e4sterliga dr\u00e4kten, men f\u00f6r \u00f6vriga g\u00e4ster \u00e4r det till\u00e5tet att b\u00e4ra \u00e4ven andra uniformer (t.ex. f\u00f6rsvarsmaktens, polisens eller r\u00e4ddningsverkets uniformer). Man b\u00f6r dock ta h\u00e4nsyn till den egna promotionsgruppens allm\u00e4nna regler om kl\u00e4dsel: exempelvis magisterpromovender och kransbindare, som i \u00f6vrigt b\u00e4r vitt, rekommenderas att inte b\u00e4ra en svart pr\u00e4sterlig tj\u00e4nsteuniform under promotionen.<\/p>\n\n\n\n<p><strong>\u00d6vriga noteringar<\/strong><\/p>\n\n\n\n<p>De som enbart deltar i akt\u00f6vningen eller kransbindningen kan vid dessa tillst\u00e4llningar kl\u00e4 sig \u00e4ven i m\u00f6rk kostym eller bes\u00f6ksdr\u00e4kt. Till rektorns mottagning som ordnas i samband med sv\u00e4rdslipningsdagen kl\u00e4r man sig p\u00e5 samma vis som till kransbindnings- och sv\u00e4rdslipningsmiddagen, dvs. i f\u00e4rgad l\u00e5ngkl\u00e4nning eller frack. Om man vill, kan man i enlighet med gammal sed anv\u00e4nda studentm\u00f6ssan vid kransbindningen.<\/p>\n\n\n\n<p>Vid pre-kransbindningen finns ingen specifik kl\u00e4dkod, en snygg dr\u00e4kt r\u00e4cker. Ifall man s\u00e5 \u00f6nskar kan man i enlighet med gammal sed anv\u00e4nda studentm\u00f6ssa.<\/p>\n\n\n\n<p>Under promotionsakten g\u00e5r och st\u00e5r man mycket och d\u00e4rf\u00f6r l\u00f6nar det sig att v\u00e4lja bekv\u00e4ma skor som inte trycker eller skavar. Vid valet av skor b\u00f6r man observera att alla skor \u00e4r synliga d\u00e5 man kliver upp p\u00e5 parnassen.<\/p>\n\n\n\n<p>Det \u00e4r inte till\u00e5tet att kl\u00e4 sig i folkdr\u00e4kt vid promotionen. Det \u00e4r \u00e4ven f\u00f6rbjudet att b\u00e4ra all form av p\u00e4lsdekor. Det \u00e4r ocks\u00e5 f\u00f6rbjudet att anv\u00e4nda starka parfymer under promotionsakten. Promovenderna st\u00e5r mycket t\u00e4tt intill varandra under flera timmar och d\u00e5 \u00e4r det omt\u00e4nksamt att visa h\u00e4nsyn till personer med allergier.<\/p>\n\n\n\n<p><strong>Etikett och allm\u00e4nna anvisningar&nbsp;<\/strong><\/p>\n\n\n\n<p>Promotionen b\u00f6r vara en s\u00e4ker tillst\u00e4llning f\u00f6r alla deltagare. D\u00e4rf\u00f6r f\u00f6ruts\u00e4tter vi att alla deltagare f\u00f6ljer de s\u00e4rskilda s\u00e4kerhetsreglerna f\u00f6r tillst\u00e4llningarna under hela evenemanget. Ut\u00f6ver dessa \u00f6nskar vi ocks\u00e5 att deltagarna tar h\u00e4nsyn till andra deltagares promotionsupplevelse genom sitt beteende. Till detta h\u00f6r bland annat att man inte talar eller p\u00e5 annat s\u00e4tt distraherar folk under talturer och program.<\/p>\n","protected":false},"excerpt":{"rendered":"<p>Under promotionen har det visuella en m\u00e4rkbar roll. Promotionen \u00e4r inte enbart en fest, utan \u00e4ven en sorts sk\u00e5despel. Det \u00e4r en ritual, som konkretiserar \u00f6verg\u00e5ngen fr\u00e5n studerande till magister eller fr\u00e5n doktorand till doktor i samband med att man avl\u00e4gger examen. I sk\u00e5despelet ing\u00e5r rollkl\u00e4dsel vid sidan om roller, repliker och scener. Att kl\u00e4 [&hellip;]<\/p>\n","protected":false},"author":6,"featured_media":0,"parent":0,"menu_order":0,"comment_status":"closed","ping_status":"closed","template":"","meta":{"footnotes":""},"class_list":["post-562","page","type-page","status-publish","hentry"],"_links":{"self":[{"href":"https:\/\/fil-promootio.helsinki.fi\/2022\/wp-json\/wp\/v2\/pages\/562","targetHints":{"allow":["GET"]}}],"collection":[{"href":"https:\/\/fil-promootio.helsinki.fi\/2022\/wp-json\/wp\/v2\/pages"}],"about":[{"href":"https:\/\/fil-promootio.helsinki.fi\/2022\/wp-json\/wp\/v2\/types\/page"}],"author":[{"embeddable":true,"href":"https:\/\/fil-promootio.helsinki.fi\/2022\/wp-json\/wp\/v2\/users\/6"}],"replies":[{"embeddable":true,"href":"https:\/\/fil-promootio.helsinki.fi\/2022\/wp-json\/wp\/v2\/comments?post=562"}],"version-history":[{"count":7,"href":"https:\/\/fil-promootio.helsinki.fi\/2022\/wp-json\/wp\/v2\/pages\/562\/revisions"}],"predecessor-version":[{"id":1145,"href":"https:\/\/fil-promootio.helsinki.fi\/2022\/wp-json\/wp\/v2\/pages\/562\/revisions\/1145"}],"wp:attachment":[{"href":"https:\/\/fil-promootio.helsinki.fi\/2022\/wp-json\/wp\/v2\/media?parent=562"}],"curies":[{"name":"wp","href":"https:\/\/api.w.org\/{rel}","templated":true}]}}