{"id":558,"date":"2021-01-15T21:03:46","date_gmt":"2021-01-15T19:03:46","guid":{"rendered":"https:\/\/fil-promootio.helsinki.fi\/?page_id=558"},"modified":"2022-04-27T17:38:35","modified_gmt":"2022-04-27T14:38:35","slug":"program","status":"publish","type":"page","link":"https:\/\/fil-promootio.helsinki.fi\/2022\/sv\/program\/","title":{"rendered":"Program"},"content":{"rendered":"\n<p>Promotionens festligheter ordnas <strong>13.5<\/strong> och <strong>26\u201328.5.2022<\/strong>. Ut\u00f6ver dessa kommer ocks\u00e5 kompletterande evenemang att h\u00e5llas, till exempel \u00f6vningar. Noggrannare information om olika delevenemang kan l\u00e4sas <em>h\u00e4r<\/em>.<\/p>\n\n\n\n<p>Promotionens program blir mer precis vad g\u00e4ller festlokaler, tidpunkter och framkomlighet under h\u00f6sten och \u00e5rsskiftet.<\/p>\n\n\n\n<p><strong>F\u00f6re promotionen<\/strong><\/p>\n\n\n\n<p>F\u00f6re promotionen organiseras ett informationstillf\u00e4lle f\u00f6r deltagare samt dans\u00f6vningar och generalrepetition av balen. Dans\u00f6vningarna \u00e4r obligatoriska f\u00f6r de magisterpromovender och deras avecer som vill delta i magisterfrans\u00e4sen. Ut\u00f6ver dessa ordnas allm\u00e4nna dans\u00f6vningar som \u00e4r frivilliga f\u00f6r alla deltagare. Informationstillf\u00e4llet och dans\u00f6vningar ska ordnas i april, de exakta tidpunkterna tillk\u00e4nnages under \u00e5rets b\u00f6rjan.<\/p>\n\n\n\n<p><strong>Fredagen 13.5<\/strong><\/p>\n\n\n\n<p><strong>Floradagen<\/strong><\/p>\n\n\n\n<p>Floradagens festligheter ska ordnas p\u00e5 f\u00f6rmiddagen n\u00e4ra campus Gumt\u00e4kt, och d\u00e4rifr\u00e5n \u00e5ker man till Restaurang Pjazza f\u00f6r lunchen. V\u00e4nligen observera att Floragadens lunch inte ing\u00e5r i promotionens pris.<\/p>\n\n\n\n<p><strong>S\u00f6ndagen 22.5<\/strong><\/p>\n\n\n\n<p><strong>F\u00f6rkransbindning<\/strong><\/p>\n\n\n\n<p>F\u00f6rkransbindningen \u00e4r avsedd f\u00f6r de magisterpromovender som deltar i promotionen utan kransbindare. Evenemanget ska ordnas p\u00e5 s\u00f6ndag eftermiddag f\u00f6re promotionen.<\/p>\n\n\n\n<p><strong>Torsdagen 26.5<\/strong><\/p>\n\n\n\n<p><strong>Akt\u00f6vning och kransbindning<\/strong><\/p>\n\n\n\n<p>Akt\u00f6vningen och kransbindningen ordnas samtidigt p\u00e5 eftermiddagen. Akt\u00f6vningen \u00e4r obligatorisk f\u00f6r alla promovender. I kransbindningen deltar magisterpromovenders avecer som kallas f\u00f6r kransbindare.<\/p>\n\n\n\n<p><strong>Kransbindnings- och sv\u00e4rdslipningsmiddag<\/strong><\/p>\n\n\n\n<p>Efter akt\u00f6vningen och rektorns mottagning g\u00e5r promovender med sina avecer fram\u00e5t till kv\u00e4llens kransbindnings- och sv\u00e4rdslipningsmiddag.<\/p>\n\n\n\n<p><strong>Fredagen 27.5<\/strong><\/p>\n\n\n\n<p><strong>Promotionsakt<\/strong><\/p>\n\n\n\n<p>Promotionsakten ordnas p\u00e5 fredag f\u00f6rmiddag. Akten \u00e4r en l\u00e5ng tillst\u00e4llning d\u00e4r promovenderna praktiskt taget st\u00e5r i flera timmar. D\u00e4rf\u00f6r \u00e4r det viktigt att ta hand om orken och v\u00e4lbefinnandet genom att till exempel \u00e4ta en ordentlig frukost innan man ankommer vid akten.&nbsp;<\/p>\n\n\n\n<p><strong>Laudatio Solemnis<\/strong><\/p>\n\n\n\n<p>Efter akten g\u00e5r promovenderna i procession till antingen den konfessionsl\u00f6sa lagerfesten i Riddarhuset eller den ekumeniska gudstj\u00e4nsten i katedralen. <strong>OBS! Det \u00e4r f\u00f6rbjudet att anv\u00e4nda stilettklackar i Riddarhuset!<\/strong><\/p>\n\n\n\n<p><strong>Promotionsmiddag<\/strong><\/p>\n\n\n\n<p>Dagen kulmineras i promotionsmiddagen som ordnas p\u00e5 kv\u00e4llen.<\/p>\n\n\n\n<p><strong>L\u00f6rdagen 28.5<\/strong><\/p>\n\n\n\n<p><strong>Promotionsutflykt<\/strong><\/p>\n\n\n\n<p>P\u00e5 l\u00f6rdag f\u00f6rmiddag \u00e5ker man p\u00e5 promotionsutflykt. Utflykten avslutas med lunch varefter deltagarna kan f\u00f6rbereda sig p\u00e5 eftermiddagen f\u00f6r kv\u00e4llens bal.<\/p>\n\n\n\n<p><strong>Promotionsbal<\/strong><\/p>\n\n\n\n<p>Den solenna balen ordnas p\u00e5 l\u00f6rdagskv\u00e4llen, och festligheterna p\u00e5g\u00e5r tills den nattliga processionen b\u00f6rjar.<\/p>\n\n\n\n<p><strong>Nattliga procession<\/strong><\/p>\n\n\n\n<p>Efter balen ordnas en nattlig procession som stannar avslutningsvis p\u00e5 Senatstorget d\u00e5 solen stiger.<\/p>\n\n\n\n<p><strong>Efterfest<\/strong><\/p>\n\n\n\n<p>Efter den nattliga processionen p\u00e5 s\u00f6ndagsmorgonen kan de som s\u00e5 \u00f6nskar forts\u00e4tta fira v\u00e5ren, promotionen och livet.<\/p>\n","protected":false},"excerpt":{"rendered":"<p>Promotionens festligheter ordnas 13.5 och 26\u201328.5.2022. Ut\u00f6ver dessa kommer ocks\u00e5 kompletterande evenemang att h\u00e5llas, till exempel \u00f6vningar. Noggrannare information om olika delevenemang kan l\u00e4sas h\u00e4r. Promotionens program blir mer precis vad g\u00e4ller festlokaler, tidpunkter och framkomlighet under h\u00f6sten och \u00e5rsskiftet. F\u00f6re promotionen F\u00f6re promotionen organiseras ett informationstillf\u00e4lle f\u00f6r deltagare samt dans\u00f6vningar och generalrepetition av balen. [&hellip;]<\/p>\n","protected":false},"author":6,"featured_media":0,"parent":0,"menu_order":0,"comment_status":"closed","ping_status":"closed","template":"","meta":{"footnotes":""},"class_list":["post-558","page","type-page","status-publish","hentry"],"_links":{"self":[{"href":"https:\/\/fil-promootio.helsinki.fi\/2022\/wp-json\/wp\/v2\/pages\/558","targetHints":{"allow":["GET"]}}],"collection":[{"href":"https:\/\/fil-promootio.helsinki.fi\/2022\/wp-json\/wp\/v2\/pages"}],"about":[{"href":"https:\/\/fil-promootio.helsinki.fi\/2022\/wp-json\/wp\/v2\/types\/page"}],"author":[{"embeddable":true,"href":"https:\/\/fil-promootio.helsinki.fi\/2022\/wp-json\/wp\/v2\/users\/6"}],"replies":[{"embeddable":true,"href":"https:\/\/fil-promootio.helsinki.fi\/2022\/wp-json\/wp\/v2\/comments?post=558"}],"version-history":[{"count":7,"href":"https:\/\/fil-promootio.helsinki.fi\/2022\/wp-json\/wp\/v2\/pages\/558\/revisions"}],"predecessor-version":[{"id":1293,"href":"https:\/\/fil-promootio.helsinki.fi\/2022\/wp-json\/wp\/v2\/pages\/558\/revisions\/1293"}],"wp:attachment":[{"href":"https:\/\/fil-promootio.helsinki.fi\/2022\/wp-json\/wp\/v2\/media?parent=558"}],"curies":[{"name":"wp","href":"https:\/\/api.w.org\/{rel}","templated":true}]}}