{"id":544,"date":"2021-01-15T20:42:38","date_gmt":"2021-01-15T18:42:38","guid":{"rendered":"https:\/\/fil-promootio.helsinki.fi\/?page_id=544"},"modified":"2022-03-04T09:39:06","modified_gmt":"2022-03-04T07:39:06","slug":"vanliga-fragor","status":"publish","type":"page","link":"https:\/\/fil-promootio.helsinki.fi\/2022\/sv\/vanliga-fragor\/","title":{"rendered":"Vanliga fr\u00e5gor"},"content":{"rendered":"\n<h4 class=\"wp-block-heading\"><strong>Deltagande<\/strong><\/h4>\n\n\n\n<p><strong>N\u00e4r m\u00e5ste jag senast \u00e5terl\u00e4mna min gradu f\u00f6r att kunna delta i promotion?<\/strong><\/p>\n\n\n\n<p>Du m\u00e5ste utexamineras f\u00f6re 31.7.2021. Kolla upp din fakultet eller utbildningsprogram f\u00f6r att f\u00e5 reda p\u00e5 den sista dagen gradun m\u00e5ste l\u00e4mnas in. Kom ocks\u00e5 ih\u00e5g att kolla upp tidtabellen f\u00f6r inl\u00e4mning av ans\u00f6kan om examensbevis.<\/p>\n\n\n\n<p><strong>Ifall jag nu deltar i promotionen som fr\u00e5nvarande, kan jag senare delta i promotion p\u00e5 nytt som n\u00e4rvarande?<\/strong><\/p>\n\n\n\n<p>Tyv\u00e4rr inte, ifall det \u00e4r fr\u00e5gan om samma examen. Till en akademisk grad vigs man bara en g\u00e5ng vid en promotion. Ifall man nu deltar i promotionen som fr\u00e5nvarande, \u00e4r det inte m\u00f6jligt att delta p\u00e5 nytt som n\u00e4rvarande.<\/p>\n\n\n\n<p><strong>Jag har deltagit en g\u00e5ng i en promotionen, och det var roligt. Kan jag delta igen?<\/strong><\/p>\n\n\n\n<p>Man kan delta i promotionen endast en g\u00e5ng per akademisk examen. S\u00e5 ifall du deltog i din f\u00f6rsta promotion som magister och har efter det blivit doktor, kan du delta som doktorspromovend. Till en akademisk grad vigs man bara en g\u00e5ng vid en promotion.<\/p>\n\n\n\n<p><strong>Jag skulle vilja delta i promotionsakten och akt\u00f6vningen samt i promotionsmiddagen, men inte i de andra tillst\u00e4llningarna. \u00c4r detta m\u00f6jligt?<\/strong><\/p>\n\n\n\n<p>Man kan delta i promotionen antingen som en helhet 26\u201328.5. eller endast i fredagens promotionsakt och akt\u00f6vningen f\u00f6reg\u00e5ende dag. Eftersom promotionen \u00e4r en helhet som varar i tre dagar, har vi begr\u00e4nsat m\u00f6jligheterna att delta till dessa tv\u00e5 alternativ. I alla fall \u00e4r det m\u00f6jligt f\u00f6r alla att anm\u00e4la sig till Floradagen 13.5.<\/p>\n\n\n\n<p><strong>Jag tog magisterexamen och doktorsexamen tidigare, men har inte deltagit i en promotion. Kan jag \u00e4nnu delta och ska jag promoveras som magister eller doktor?<\/strong><\/p>\n\n\n\n<p>Du kan g\u00e4rna delta, v\u00e4lkommen! Din promotion beh\u00f6ver inte vara den f\u00f6rsta promotionen efter att du har utexaminerats. Ifall man avlagt doktorsexamen f\u00f6re promotionsaktens datum, vigs en till doktor oavsett om man tidigare vigts till magister eller ej. Man vigs till den h\u00f6gsta avklarade examen p\u00e5 promotionen.<\/p>\n\n\n\n<h4 class=\"wp-block-heading\"><strong>Anm\u00e4lan<\/strong><\/h4>\n\n\n\n<p><strong>Jag har inte en avec. \u00c4r det ett problem? Vem kan jag v\u00e4lja som min avec?<\/strong><\/p>\n\n\n\n<p>Det \u00e4r m\u00f6jligt att anm\u00e4la sig till promotionen utan avec. Om du \u00e4r en magisterpromovend ska den allm\u00e4nna kransbindaren samt promotionskommitt\u00e9n binda kransen \u00e5t dig. Kommitt\u00e9n st\u00e4ller inga begr\u00e4nsningar f\u00f6r valet av avec med undantaget av att hen m\u00e5ste vara myndig. Avecen kan vara exempelvis en v\u00e4n, partner eller medlem i familjen.<\/p>\n\n\n\n<p><strong>\u00c4r promotionens evenemang framkomliga?<\/strong><\/p>\n\n\n\n<p>Promotionens festlokaler har valts med tanke p\u00e5 framkomlighet. Promotionens evenemang ordnas i flera olika milj\u00f6er, b\u00e5de inom- och utomhus, och tyv\u00e4rr kan det finnas n\u00e5gra sv\u00e5righeter med tillg\u00e4ngligheten. N\u00e4rmare information om framkomligheten hittar du i <a href=\"https:\/\/fil-promo-22.it.helsinki.fi\/2022\/sv\/program\/\" data-type=\"page\" data-id=\"558\">Program<\/a>. Om du har fr\u00e5gor om tillg\u00e4ngligheten, rekommenderar vi att v\u00e4nda dig till promotionskommitt\u00e9n.<\/p>\n\n\n\n<p><strong>Kan man l\u00e5na en doktorsv\u00e4rja n\u00e5gonstans?<\/strong><\/p>\n\n\n\n<p>Det finns en l\u00e5neservice f\u00f6r v\u00e4rjor p\u00e5 universitetet. Ifall du vill l\u00e5na en v\u00e4rja, ta kontakt med promotionskommitt\u00e9n p\u00e5 adressen <a href=\"mailto:fil-promootio@helsinki.fi\">fil-promootio@helsinki.fi<\/a> senast i b\u00f6rjan av maj. Promotionskommitt\u00e9n g\u00f6r ett samlat l\u00e5n av v\u00e4rjor.<\/p>\n\n\n\n<h4 class=\"wp-block-heading\">Under promotionen<\/h4>\n\n\n\n<p><strong>Hur kl\u00e4r man sig f\u00f6r promotionen?<\/strong><\/p>\n\n\n\n<p>Vid promotionens olika tillst\u00e4llningar g\u00e4ller vissa kl\u00e4dkoder. Detaljerade instruktioner finns p\u00e5 <a href=\"https:\/\/fil-promo-22.it.helsinki.fi\/2022\/sv\/kladsel-och-etikett\/\" data-type=\"page\" data-id=\"562\">sidan kl\u00e4dsel och etikett<\/a>.<\/p>\n\n\n\n<p><strong>Kan anh\u00f6riga f\u00f6lja promotionsakten?<\/strong><\/p>\n\n\n\n<p>Promotionsakten ordnas i universitetets solennitetssal d\u00e4r det \u00e4r begr\u00e4nsat med platser. Promotionskommitt\u00e9n kan inte garantera tilltr\u00e4de till solennitetssalen f\u00f6rr\u00e4n antalet deltagare i promotionen bekr\u00e4ftats och m\u00f6jliga inbjudna g\u00e4ster anm\u00e4lt sig. Anh\u00f6riga kan f\u00f6lja med akten antingen i solennitetssalen eller via en videol\u00e4nk i ett annat utrymme i universitetets huvudbyggnad. Ifall det \u00e4r m\u00f6jligt f\u00f6r sl\u00e4ktingar att f\u00f6lja med akten i solennitetssalen s\u00e5 meddelar kommitt\u00e9n enskilt om detta p\u00e5 v\u00e5ren f\u00f6r promovenderna, och m\u00f6jliga platser delas ut i maj.<\/p>\n\n\n\n<p><strong>\u00c4r det till\u00e5tet att fotografera och filma under promotionen?<\/strong><\/p>\n\n\n\n<p>Promotionskommitt\u00e9n ansvarar f\u00f6r att alla promotionstillst\u00e4llningar f\u00f6revigas genom fotografering. Efter promotionen meddelas promovenderna om distribuering och f\u00f6rs\u00e4ljning av fotografier samt minnesboken som sammanst\u00e4llts om promotionen.<\/p>\n\n\n\n<p>F\u00f6r att festst\u00e4mningen skall bibeh\u00e5llas, \u00e4r det absolut f\u00f6rbjudet att fotografera och filma under promotionsakten i solennitetssalen. Vi f\u00f6rv\u00e4ntar oss att promovenderna informerar sina anh\u00f6riga och avecer som deltar i tillst\u00e4llningarna om att det finns begr\u00e4nsningar f\u00f6r fotografering<\/p>\n\n\n\n<p><strong>Kan jag delta i promotionsbalens danser, fast\u00e4n jag inte kan delta i dans\u00f6vningarna?<\/strong><\/p>\n\n\n\n<p>Det \u00e4r obligatoriskt att delta i dans\u00f6vningarna, ifall vill du delta i uppvisningsdanserna (doktorspolon\u00e4sen och magistersfrans\u00e4sen). Det \u00e4r d\u00e4remot fritt fram att delta i danser avsedda f\u00f6r publiken, fast\u00e4n man inte deltagit i dans\u00f6vningarna. Dessa danser \u00e4r s\u00e5 kallade \u2018gamla danser\u2019.<\/p>\n\n\n\n<p><strong>Jag \u00e4r doktorspromovend och min avec \u00e4r magisterpromovend. Kan jag dansa doktorspolon\u00e4sen med min avec?<\/strong><\/p>\n\n\n\n<p>Alla som deltar i doktorspolon\u00e4sen b\u00f6r vara kl\u00e4dda i svart. Ifall din avec \u00e4r kl\u00e4tt i vitt under promotionen (se <a href=\"https:\/\/fil-promo-22.it.helsinki.fi\/2022\/sv\/kladsel-och-etikett\/\" data-type=\"page\" data-id=\"562\">Kl\u00e4dsel<\/a>), m\u00e5ste hen byta till svarta kl\u00e4der f\u00f6r dokotrspolon\u00e4sen. Om ditt danspar i polon\u00e4sen \u00e4r en magisterpromovend, m\u00e5ste hen kl\u00e4 av sin krans under dansens l\u00e4ngd.<\/p>\n\n\n\n<p><strong>Jag \u00e4r en magisterpromovend och deltar i promotionen tillsammans med min avec som \u00e4r kl\u00e4dd i samma f\u00e4rg. Kan vi dansa magisterfrans\u00e4sen tillsammans?<\/strong><\/p>\n\n\n\n<p>Magisterfrans\u00e4sen \u00e4r en dans vars visuella id\u00e9 grundar sig i m\u00f6nster som formas av dansare kl\u00e4dda i svart och vitt. Ett par kan delta i frans\u00e4sen endast om den ena \u00e4r kl\u00e4dd i frack och den andra i vit kl\u00e4nning. Ifall ni b\u00e5da \u00e4r kl\u00e4dda i samma f\u00e4rg (se <a href=\"https:\/\/fil-promo-22.it.helsinki.fi\/2022\/sv\/kladsel-och-etikett\/\" data-type=\"page\" data-id=\"562\">Kl\u00e4dsel<\/a>), m\u00e5ste en av er byta kl\u00e4dsel f\u00f6r magisterfrans\u00e4sen.<\/p>\n\n\n\n<p>Frans\u00e4sen m\u00e5ste man dock inte dansa med sin avec, utan man kan dansa den med en magisterpromovend som deltar solo i promotionen eller s\u00e5 kan man blanda par vid behov. Det l\u00f6nar sig att vara p\u00e5 plats p\u00e5 den f\u00f6rsta dans\u00f6vningen, d\u00e5 paren bildas.<\/p>\n\n\n\n<p><strong>Jag \u00e4r magisterpromovend och min f\u00f6ljeslagare \u00e4r doktorspromovend. Vilken kv\u00e4llstillst\u00e4llning ska vi delta i p\u00e5 torsdagen?<\/strong><\/p>\n\n\n\n<p>Kransbindningsmiddagen och sv\u00e4rdslipningsmiddagen arrangeras denna g\u00e5ng \u00e5tskilda, och ni kan d\u00e4rf\u00f6r tyv\u00e4rr inte delta i samma tillst\u00e4llning p\u00e5 torsdagskv\u00e4llen. Magisterpromovender deltar i kransbindningsmiddagen och doktorspromovender i sv\u00e4rdslipningsmiddagen.<\/p>\n","protected":false},"excerpt":{"rendered":"<p>Deltagande N\u00e4r m\u00e5ste jag senast \u00e5terl\u00e4mna min gradu f\u00f6r att kunna delta i promotion? Du m\u00e5ste utexamineras f\u00f6re 31.7.2021. Kolla upp din fakultet eller utbildningsprogram f\u00f6r att f\u00e5 reda p\u00e5 den sista dagen gradun m\u00e5ste l\u00e4mnas in. Kom ocks\u00e5 ih\u00e5g att kolla upp tidtabellen f\u00f6r inl\u00e4mning av ans\u00f6kan om examensbevis. Ifall jag nu deltar i [&hellip;]<\/p>\n","protected":false},"author":6,"featured_media":0,"parent":0,"menu_order":0,"comment_status":"closed","ping_status":"closed","template":"","meta":{"footnotes":""},"class_list":["post-544","page","type-page","status-publish","hentry"],"_links":{"self":[{"href":"https:\/\/fil-promootio.helsinki.fi\/2022\/wp-json\/wp\/v2\/pages\/544","targetHints":{"allow":["GET"]}}],"collection":[{"href":"https:\/\/fil-promootio.helsinki.fi\/2022\/wp-json\/wp\/v2\/pages"}],"about":[{"href":"https:\/\/fil-promootio.helsinki.fi\/2022\/wp-json\/wp\/v2\/types\/page"}],"author":[{"embeddable":true,"href":"https:\/\/fil-promootio.helsinki.fi\/2022\/wp-json\/wp\/v2\/users\/6"}],"replies":[{"embeddable":true,"href":"https:\/\/fil-promootio.helsinki.fi\/2022\/wp-json\/wp\/v2\/comments?post=544"}],"version-history":[{"count":4,"href":"https:\/\/fil-promootio.helsinki.fi\/2022\/wp-json\/wp\/v2\/pages\/544\/revisions"}],"predecessor-version":[{"id":1140,"href":"https:\/\/fil-promootio.helsinki.fi\/2022\/wp-json\/wp\/v2\/pages\/544\/revisions\/1140"}],"wp:attachment":[{"href":"https:\/\/fil-promootio.helsinki.fi\/2022\/wp-json\/wp\/v2\/media?parent=544"}],"curies":[{"name":"wp","href":"https:\/\/api.w.org\/{rel}","templated":true}]}}