{"id":530,"date":"2021-01-15T20:32:43","date_gmt":"2021-01-15T18:32:43","guid":{"rendered":"https:\/\/fil-promootio.helsinki.fi\/?page_id=530"},"modified":"2022-03-04T13:25:47","modified_gmt":"2022-03-04T11:25:47","slug":"akademiska-insignier","status":"publish","type":"page","link":"https:\/\/fil-promootio.helsinki.fi\/2022\/sv\/akademiska-insignier\/","title":{"rendered":"Akademiska insignier"},"content":{"rendered":"\n<p>En v\u00e4sentlig del av promotionen \u00e4r magisternas och doktorernas akademiska insignier. Magisterpromovendernas insignier \u00e4r magisterring och doktorpromovendernas doktorshatt och -v\u00e4rja.\u00a0 Var och en promovend ansvarar sj\u00e4lv f\u00f6r att inf\u00f6rskaffa dessa. Doktorspromovenden kan inte delta i promotionsakten utan doktorshatt och -v\u00e4rja, och magisterpromovenden kan inte delta i akten utan ring. De beh\u00f6ver inte n\u00f6dv\u00e4ndigtvis k\u00f6pas, utan de kan vid behov \u00e4ven l\u00e5nas. Endast magistrar och doktorer som promoverats vid en promotion (som n\u00e4rvarande eller fr\u00e5nvarande) har r\u00e4tt att anv\u00e4nda dessa akademiska insignier.<\/p>\n\n\n\n<p>En f\u00f6rteckning \u00f6ver f\u00f6rs\u00e4ljare av akademiska insignier finns p\u00e5 sidan Erbjudanden och samarbetspartners. Man b\u00f6r best\u00e4lla insignierna i god tid f\u00f6re promotionen.<\/p>\n\n\n\n<p><strong>Magisterring<\/strong><\/p>\n\n\n\n<p>Magisterringen har sitt ursprung p\u00e5 1800-talet. En gyllene magisterring b\u00e4rs p\u00e5 v\u00e4nstra handens pekfinger. Under akten b\u00e4rs ringen ovanp\u00e5 vita handskar och vid tillst\u00e4llningarna efter akten under handskarna. Ringen b\u00e4rs inte \u00e4nnu vid tillst\u00e4llningarna f\u00f6re akten. \u00d6vriga ringar (f\u00f6rutom f\u00f6rlovnings- och vigselring) b\u00f6r utel\u00e4mnas, s\u00e5 att magisterringen f\u00e5r den uppm\u00e4rksamhet den \u00e4r v\u00e4rd.<\/p>\n\n\n\n<p>Magisterringen kan vid behov ers\u00e4ttas av en enkel guld- eller guldf\u00e4rgad ring som inte har en sten eller annan dekoration. Ringen m\u00e5ste inte heller tr\u00e4das p\u00e5 \u00e4nda till \u201droten\u201d utan den kan ocks\u00e5 placeras vid knogen. D\u00e4rmed \u00e4r man inte tvungen att m\u00e5ttbest\u00e4lla ringen enligt handskarna.&nbsp;<\/p>\n\n\n\n<p><strong>Doktorshatt<\/strong><\/p>\n\n\n\n<p>Doktorshattens f\u00e4rg \u00e4r svart vid Helsingfors universitets filosofiska fakultet. Hatten \u00e4r prydd med fakultetens gyllene emblem. Doktorspromovenden kan inte b\u00e4ra hattar tillh\u00f6rande andra universitet eller fakulteter som s\u00e5dana vid promotionen, utan emblemet m\u00e5ste ers\u00e4ttas med filosofiska fakultetens emblem inf\u00f6r promotionen. \u00c4ven i detta fall m\u00e5ste hatten vara svart.<\/p>\n\n\n\n<p>Doktorspromovenderna och jubeldoktorerna anv\u00e4nder hatt i promotionsakten samt vid den d\u00e4rp\u00e5f\u00f6ljande promotionsmiddagen och p\u00e5 balen. Hatten anv\u00e4nds inte under kransbindnings- och sv\u00e4rdslipningsdagen och p\u00e5 utflykten. Hatten tas av i kyrkan under gudstj\u00e4nsten. D\u00e4remot tas hatten varken av vid promotionsmiddagen eller p\u00e5 balen, utan h\u00e5lls p\u00e5 huvudet \u00e4ven d\u00e5 man \u00e4ter. Huvudregeln \u00e4r att de som har hatt b\u00e4r den alltid d\u00e5 promotorn b\u00e4r sin.<\/p>\n\n\n\n<p>De g\u00e4ster som tidigare har vigts till doktorer kan ta med sig sin doktorshatt till promotionsakten och -middagen samt p\u00e5 balen, men v\u00e4rjan ing\u00e5r inte i deras festdr\u00e4kt. Under akten tas hatten med i salen p\u00e5 v\u00e4nster arm och tas p\u00e5 d\u00e5 promotorn kl\u00e4r p\u00e5 sig sin egen hatt. \u00c4ven utl\u00e4ndska doktorshattar \u00e4r till\u00e5tna. De sv\u00e4rdssliparna, som sj\u00e4lva \u00e4r doktorer, f\u00e5r dock inte anv\u00e4nda sin egen doktorshatt vid akten, och kransbindarna anv\u00e4nder inte hatt under hela promotionen.\u00a0<\/p>\n\n\n\n<p><strong><strong>Doktorsv\u00e4rja<\/strong><\/strong><\/p>\n\n\n\n<p>I Finland anv\u00e4nds statens enda officiella civilv\u00e4rja som doktorsv\u00e4rja. Den \u00e4r formgiven av Akseli Gallen-Kallela. P\u00e5 promotionen kan man \u00e4ven anv\u00e4nda en l\u00e5nad v\u00e4rja (om du \u00e4r interesserad av universitetes l\u00e5nev\u00e4rja, ber\u00e4tta det i anm\u00e4lningsblanketten). Som l\u00e5nev\u00e4rja duger ocks\u00e5 \u00f6vriga fakulteters samt andra finl\u00e4ndska universitets och h\u00f6gskolors doktorsv\u00e4rjor som \u00e4r officiella civilv\u00e4rjor. Som doktorsv\u00e4rja f\u00e5r man inte anv\u00e4nda en milit\u00e4r v\u00e4rja och inte heller en utl\u00e4ndsk doktorsv\u00e4rja eller en v\u00e4rja som \u00e4r tillverkad f\u00f6r annat bruk. V\u00e4rjan kan vara graverad med eget namn och promotionsaktens datum (27.5.2022).<\/p>\n\n\n\n<p>Doktorpromovenderna och jubeldoktorerna b\u00e4r v\u00e4rja i promotionsakten samt vid den d\u00e4rp\u00e5f\u00f6ljande middagen och p\u00e5 balen.&nbsp; Under kransbindnings- och sv\u00e4rdslipningsdagen och p\u00e5 utflykten anv\u00e4nds v\u00e4rjan inte.<\/p>\n\n\n\n<p>Doktorsv\u00e4rjan f\u00e4sts vid midjan p\u00e5 v\u00e4nster sida. Dom som \u00e4r kl\u00e4dda i frack f\u00e4ster v\u00e4rjan vid byxlinningen. Ifall promovenden \u00e4r kl\u00e4dd i kl\u00e4nning eller kjol och \u00f6verdel, b\u00f6r hen, n\u00e4r hen v\u00e4ljer och l\u00e5ter sy dem, beakta att v\u00e4rjan \u00e4r tung och att kl\u00e4nningen inte h\u00e5ller dess tyngd n\u00e4r den f\u00e4sts vid midjan. L\u00e4mpliga alternativ med kl\u00e4nningen \u00e4r ett svart sidenband som f\u00e4sts runt axeln, eller ett b\u00e4lte som \u00e4r dolt under dr\u00e4kten och d\u00e4r v\u00e4rjan f\u00e4sts vid. Det \u00e4r l\u00e4tt att l\u00e4mna ett litet h\u00e5l f\u00f6r b\u00e4ltet i kl\u00e4nningens sids\u00f6m. V\u00e4rjan kan f\u00e4stas i en dekorativt gyllene eller en mer obem\u00e4rkt svart upph\u00e4ngsmekanism.<\/p>\n\n\n\n<p><strong>Andra insignier<\/strong><\/p>\n\n\n\n<p>Promoverade magistrar och jubelmagistrar b\u00e4r lagerkransen vid akten och middagen samt p\u00e5 balen. I motsats till andra insignier b\u00f6r promovender inte skaffa lagerkransen i f\u00f6rhand, utan promovendens avec dvs. kransbindaren ska tillv\u00e4rka kransen under kransbindningen. Den allm\u00e4nna kransbindaren med sina hj\u00e4lpredor ansvarar f\u00f6r att binda kransen f\u00f6r dem som deltar utan f\u00f6ljeslagare. Kransen b\u00e4rs ej under kransbindings- och sv\u00e4rdslipningsdagen och inte heller p\u00e5 utflykten.<\/p>\n\n\n\n<p>Promotionskommitt\u00e9n skaffar material f\u00f6r att tillv\u00e4rka kransarna. Kransens grund, dvs. karkasen, tillverkas p\u00e5 f\u00f6rhand, och d\u00e4rf\u00f6r m\u00e5ste de som anm\u00e4ler sig som magisterpromovender meddela omkretsen p\u00e5 sitt huvud i anm\u00e4lningsblanketten. Det l\u00f6nar sig att ta den frisyr som man kommer att ha p\u00e5 promotionen i h\u00e4nsyn d\u00e5 man m\u00e4ter s\u00e5 att kransen inte blir f\u00f6r tr\u00e5ng. Kransen h\u00e5lls fr\u00e4sch under festdagarnas lopp n\u00e4r den sprayas med vatten och bevaras i ett kylsk\u00e5p inlindad i en fuktig handduk. Efter promotionen kan man l\u00e5ta kransen torka, och f\u00f6r detta \u00e4ndam\u00e5l kan man best\u00e4lla till exempel en kupa som anv\u00e4nds f\u00f6r att f\u00f6rvara brudbuketter.<\/p>\n","protected":false},"excerpt":{"rendered":"<p>En v\u00e4sentlig del av promotionen \u00e4r magisternas och doktorernas akademiska insignier. Magisterpromovendernas insignier \u00e4r magisterring och doktorpromovendernas doktorshatt och -v\u00e4rja.\u00a0 Var och en promovend ansvarar sj\u00e4lv f\u00f6r att inf\u00f6rskaffa dessa. Doktorspromovenden kan inte delta i promotionsakten utan doktorshatt och -v\u00e4rja, och magisterpromovenden kan inte delta i akten utan ring. De beh\u00f6ver inte n\u00f6dv\u00e4ndigtvis k\u00f6pas, utan [&hellip;]<\/p>\n","protected":false},"author":6,"featured_media":0,"parent":0,"menu_order":0,"comment_status":"closed","ping_status":"closed","template":"","meta":{"footnotes":""},"class_list":["post-530","page","type-page","status-publish","hentry"],"_links":{"self":[{"href":"https:\/\/fil-promootio.helsinki.fi\/2022\/wp-json\/wp\/v2\/pages\/530","targetHints":{"allow":["GET"]}}],"collection":[{"href":"https:\/\/fil-promootio.helsinki.fi\/2022\/wp-json\/wp\/v2\/pages"}],"about":[{"href":"https:\/\/fil-promootio.helsinki.fi\/2022\/wp-json\/wp\/v2\/types\/page"}],"author":[{"embeddable":true,"href":"https:\/\/fil-promootio.helsinki.fi\/2022\/wp-json\/wp\/v2\/users\/6"}],"replies":[{"embeddable":true,"href":"https:\/\/fil-promootio.helsinki.fi\/2022\/wp-json\/wp\/v2\/comments?post=530"}],"version-history":[{"count":3,"href":"https:\/\/fil-promootio.helsinki.fi\/2022\/wp-json\/wp\/v2\/pages\/530\/revisions"}],"predecessor-version":[{"id":1147,"href":"https:\/\/fil-promootio.helsinki.fi\/2022\/wp-json\/wp\/v2\/pages\/530\/revisions\/1147"}],"wp:attachment":[{"href":"https:\/\/fil-promootio.helsinki.fi\/2022\/wp-json\/wp\/v2\/media?parent=530"}],"curies":[{"name":"wp","href":"https:\/\/api.w.org\/{rel}","templated":true}]}}