{"id":469,"date":"2021-01-15T19:39:51","date_gmt":"2021-01-15T17:39:51","guid":{"rendered":"https:\/\/fil-promootio.helsinki.fi\/?page_id=469"},"modified":"2022-05-18T22:13:38","modified_gmt":"2022-05-18T19:13:38","slug":"pukeutuminen-ja-etiketti","status":"publish","type":"page","link":"https:\/\/fil-promootio.helsinki.fi\/2022\/pukeutuminen-ja-etiketti\/","title":{"rendered":"Pukeutuminen ja etiketti"},"content":{"rendered":"\n<p>Promootiossa visuaalisuus on merkitt\u00e4v\u00e4ss\u00e4 roolissa. Promootiota voisikin juhlan lis\u00e4ksi luonnehtia er\u00e4\u00e4nlaisena n\u00e4ytelm\u00e4n\u00e4. Promootio konkretisoi promovoitavien valmistumisen my\u00f6t\u00e4 tapahtuvaa siirtym\u00e4\u00e4 ylioppilaasta maisteriksi tai v\u00e4it\u00f6skirjatutkijasta tohtoriksi. N\u00e4ytelm\u00e4\u00e4n kuuluvat roolien, repliikkien ja n\u00e4ytt\u00e4m\u00f6n lis\u00e4ksi roolivaatteet. Roolin mukainen pukeutuminen tekee n\u00e4kyv\u00e4ksi yhteenkuuluvuuden oman ryhm\u00e4n sis\u00e4ll\u00e4 ja samalla erottaa ryhm\u00e4t toisistaan. Pukeutuminen ja etiketin noudattaminen tuottaa yhteishenke\u00e4 ja tunnelmaa. Promootiossa on my\u00f6s monia liikkuvia kuvioita, joista puvut tekev\u00e4t visuaalisesti n\u00e4ytt\u00e4vi\u00e4. Ilman yhtenev\u00e4\u00e4 pukeutumista mustan ja valkoisen v\u00e4linen graafinen leikki ei olisi mahdollinen. Pukeutumisella luodaan osaltaan puitteet juhlalle, josta jokainen osallistuja saa luoda itselleen haluamansa el\u00e4myksen.<\/p>\n\n\n\n<p>Odotamme promovendien, avecien ja vieraiden noudattavan pukukoodin mukaista pukeutumista. Pukukoodista ei tulla miss\u00e4\u00e4n tilanteessa joustamaan. Jos johonkin promootion tilaisuuteen saapuu ilman tilaisuuden edellytt\u00e4m\u00e4\u00e4 pukeutumista, emme voi taata sis\u00e4\u00e4np\u00e4\u00e4sy\u00e4. Promootiojuhlallisuuksissa visuaalisuudella, mustan ja valkoisen vuorottelulla, on keskeinen rooli. T\u00e4m\u00e4n vuoksi yhdenkin henkil\u00f6n poikkeaminen pukukoodista rikkoo tilaisuuden harmonian ja t\u00e4rvelee muiden promovendien, avecien ja kutsuvieraiden kokemuksen. T\u00e4m\u00e4 koskee aivan erityisesti promootioaktia sek\u00e4 tanssiaisten n\u00e4yt\u00f6stansseja.<\/p>\n\n\n\n<p>Promootiossa promovendien jakautuminen maistereihin ja tohtoreihin n\u00e4kyy v\u00e4reiss\u00e4. Maistereiden v\u00e4ri on valkoinen ja tohtoreiden musta. Olemme jaotelleet t\u00e4lle sivulle tarkat pukeutumisohjeet tilaisuuksittain. Ohjeet ovat erikseen promovendeille, heid\u00e4n aveceilleen sek\u00e4 promootion kutsuvieraille. Lis\u00e4ksi olemme sopineet yhteisty\u00f6kumppanuuksia promootioon sopivia pukuja vuokraavien ja myyvien liikkeiden kanssa, heid\u00e4n tarjouksensa tullaan kokoamaan erilliselle sivulle. Suosittelemme tutustumaan my\u00f6s <a href=\"https:\/\/www.facebook.com\/groups\/1673660669534202\">Promootiot kierr\u00e4tt\u00e4\u00e4<\/a> -Facebook-ryhm\u00e4\u00e4n!<\/p>\n\n\n\n<p>Pukeutumisohjeista on kaksi eri vaihtoehtoa, yksinkertaistaen frakki tai mekko. Jokaisella promootioon osallistuvalla on oikeus valita n\u00e4ist\u00e4 itselleen soveltuva vaihtoehto. Valittua vaihtoehtoa (1 tai 2) tulee noudattaa koko promootion ajan, eik\u00e4 vaihtoehtojen yhdisteleminen ole sallittua. Huomaathan, ett\u00e4 pukeutumisvalinta vaikuttaa osassa promootion tilaisuuksissa ryhmittymiseen sek\u00e4 tansseihin. Promootiotoimikunta (<a href=\"mailto:fil-promootio@helsinki.fi\">fil-promootio@helsinki.fi<\/a>) vastaa tarvittaessa mahdollisiin lis\u00e4kysymyksiin aiheesta.<\/p>\n\n\n\n<p>Tohtorinhattu on suositeltavaa tilata mahdollisimman ajoissa ennen promootiota, sill\u00e4 hatut valmistetaan k\u00e4sity\u00f6n\u00e4.<\/p>\n\n\n\n<p>Ep\u00e4muodollisemmissa tilaisuuksissa, eli Floran p\u00e4iv\u00e4n\u00e4 ja promootioretkell\u00e4 pukeutuminen on joustavampaa. L\u00f6yd\u00e4t pukeutumisohjeet n\u00e4ihin tilaisuuksiin erillisest\u00e4 osiosta. Valtiollisten ja akateemisten kunniamerkkien ja virkapukujen k\u00e4yt\u00f6st\u00e4 on annettu my\u00f6s erilliset ohjeistuksensa. Lis\u00e4ksi on listattu joitakin yleisi\u00e4 huomioita liittyen pukeutumiseen. Pukeutumisohjeita noudatetaan kaikissa promootion tilaisuuksissa. Tiedot akateemisista arvomerkeist\u00e4 on koottu omalle sivulleen.<\/p>\n\n\n\n<p>Parhaat juhlat syntyv\u00e4t kanssajuhlijoiden kunnioittamisesta. T\u00e4st\u00e4 syyst\u00e4 olemme koonneet sivun loppuun yleisi\u00e4 toimintaohjeita, joita promootion osallistujien toivotaan noudattavan. Tutustuthan ohjeisiin huolella ennen promootiota!<\/p>\n\n\n\n<h2 class=\"wp-block-heading\">Tohtoripromovendi<\/h2>\n\n\n\n<p><strong>Valitse joko vaihtoehto 1 tai 2 ja noudata t\u00e4t\u00e4 koko promootion ajan. Vaihtoehtoja ei saa yhdistell\u00e4 kesken\u00e4\u00e4n.<\/strong><\/p>\n\n\n\n<h4 class=\"wp-block-heading\">Floran p\u00e4iv\u00e4<\/h4>\n\n\n\n<div class=\"wp-block-columns is-layout-flex wp-container-core-columns-is-layout-9d6595d7 wp-block-columns-is-layout-flex\">\n<div class=\"wp-block-column is-layout-flow wp-block-column-is-layout-flow\">\n<h5 class=\"wp-block-heading\">Vaihtoehto 1<\/h5>\n\n\n\n<p><strong>Ylioppilaslakki ja kev\u00e4inen, mutta s\u00e4\u00e4h\u00e4n sopiva asu.<\/strong> Esimerkiksi mekko, jakku- tai housupuku. V\u00e4rit osallistujat voivat valita vapaasti. Ylioppilaslakkia k\u00e4ytet\u00e4\u00e4n tilaisuudessa my\u00f6s sis\u00e4tiloissa.<\/p>\n<\/div>\n\n\n\n<div class=\"wp-block-column is-layout-flow wp-block-column-is-layout-flow\">\n<h5 class=\"wp-block-heading\">Vaihtoehto 2<\/h5>\n\n\n\n<p><strong>Ylioppilaslakki ja kev\u00e4inen, mutta s\u00e4\u00e4h\u00e4n sopiva asu.<\/strong> Esimerkiksi kev\u00e4inen puku tai yhdistelm\u00e4asu, johon kuuluu paita ja solmio. V\u00e4rit osallistujat voivat valita vapaasti. Ylioppilaslakkia k\u00e4ytet\u00e4\u00e4n tilaisuudessa my\u00f6s sis\u00e4tiloissa.<\/p>\n<\/div>\n<\/div>\n\n\n\n<h4 class=\"wp-block-heading\">Miekanhiojaisp\u00e4iv\u00e4<\/h4>\n\n\n\n<p>Huomaathan, ett\u00e4 aikaa vaatteiden vaihtoon harjoitusten ja p\u00e4iv\u00e4llisen v\u00e4lill\u00e4 ei ole, joten jo harjoituksiin tulee pukeutua illan vaatetuksen mukaisesti.<\/p>\n\n\n\n<div class=\"wp-block-columns is-layout-flex wp-container-core-columns-is-layout-9d6595d7 wp-block-columns-is-layout-flex\">\n<div class=\"wp-block-column is-layout-flow wp-block-column-is-layout-flow\">\n<h5 class=\"wp-block-heading\"><strong>Vaihtoehto 1<\/strong><\/h5>\n\n\n\n<p><strong>V\u00e4rillinen pitk\u00e4 iltapuku.<\/strong> Iltapuvun on oltava t\u00e4yspitk\u00e4 eik\u00e4 se saa olla musta tai valkoinen. Mustaa tai valkoista voi olla puvun koristeissa tai kuvioissa. Puvun avonaisuus on kantajansa p\u00e4\u00e4tett\u00e4viss\u00e4. Juhlan luonne ja kev\u00e4inen ajankohta kannattaa ottaa huomioon pukua valitessa.<\/p>\n\n\n\n<p>Tohtorinhattu ja -miekka <strong>eiv\u00e4t kuulu<\/strong> viel\u00e4 miekanhiojaisten pukeutumiseen.<\/p>\n<\/div>\n\n\n\n<div class=\"wp-block-column is-layout-flow wp-block-column-is-layout-flow\">\n<h5 class=\"wp-block-heading\"><strong>Vaihtoehto 2<\/strong><\/h5>\n\n\n\n<p><strong>Frakki.<\/strong> Frakkiin kuuluvat musta h\u00e4nnystakki, mustat housut, frakkipaita, valkoinen liivi, valkoinen solmuke, valkoiset k\u00e4sineet sek\u00e4 valkoinen taskuliina.<\/p>\n\n\n\n<p>Frakkipaidassa on kovitettu pystykaulus ja yksinkertaiset kalvosimet. R\u00f6yhel\u00f6- tai laskospaidat eiv\u00e4t kuulu yhteen frakin kanssa. Frakkipaidan napit ovat helmi\u00e4ist\u00e4 tai kultaa, mustat napit eiv\u00e4t ole etiketin mukaisia. Taskuliina taitellaan kapeaksi suorakaiteeksi.<\/p>\n\n\n\n<p>Frakin kanssa ei k\u00e4ytet\u00e4 rannekelloa. Taskukelloa k\u00e4ytett\u00e4ess\u00e4 kellonper\u00e4t eiv\u00e4t saa olla tarpeettoman paljon n\u00e4kyviss\u00e4. Frakin kanssa k\u00e4ytet\u00e4\u00e4n <strong>mustia lakerikenki\u00e4.<\/strong> My\u00f6s <strong>sukkien on oltava mustat.<\/strong><\/p>\n\n\n\n<p>Frakin kanssa parhaiten sopiva p\u00e4\u00e4llysvaate on<strong> tumma takki tai viitta.<\/strong> Jos k\u00e4ytet\u00e4\u00e4n kaulahuivia, tulee sen olla valkoinen.<\/p>\n\n\n\n<p>Tohtorinhattu ja -miekka<strong> eiv\u00e4t kuulu <\/strong>viel\u00e4 miekanhiojaisten pukeutumiseen.<\/p>\n<\/div>\n<\/div>\n\n\n\n<h4 class=\"wp-block-heading\">Promootioakti ja Laudatio Solemnis<\/h4>\n\n\n\n<div class=\"wp-block-columns is-layout-flex wp-container-core-columns-is-layout-9d6595d7 wp-block-columns-is-layout-flex\">\n<div class=\"wp-block-column is-layout-flow wp-block-column-is-layout-flow\">\n<h5 class=\"wp-block-heading\">Vaihtoehto 1<\/h5>\n\n\n\n<p><strong>Tohtoripromovendin aktipuku<\/strong> on kokonaan <strong>musta, t\u00e4yspitk\u00e4 ja peitt\u00e4v\u00e4<\/strong>. Puku on yksinkertaisen tyylik\u00e4s ja linjakas. Siihen kuuluvat <strong>mustat k\u00e4sineet ja mustat keng\u00e4t.<\/strong><\/p>\n\n\n\n<p>Puvun materiaaliksi sopii esimerkiksi villamusliini, dupion-silkki tai paksu satiini. Kankaassa saa olla mustia kirjailuja, ja siin\u00e4 voi olla kuosiin kudottu kuvio (esimerkiksi damasti). Materiaali ei saa olla l\u00e4pin\u00e4kyv\u00e4 eik\u00e4 v\u00e4ri- tai metallilangoilla kirjailtua. Kankaassa ei saa olla irrallisia koristeita, kuten paljetteja.<\/p>\n\n\n\n<p>T\u00e4yspitk\u00e4n puvun helma peitt\u00e4\u00e4 nilkan ulkosyrj\u00e4ll\u00e4 olevan kehr\u00e4sluun. Puvussa on oltava t\u00e4yspitk\u00e4t, ranteisiin asti ulottuvat hihat ja kaulanmy\u00f6t\u00e4inen O-p\u00e4\u00e4ntie (ei vene- tai V-p\u00e4\u00e4ntiet\u00e4). Puku p\u00e4\u00e4ll\u00e4 on voitava nousta ja laskeutua portaita arvokkaasti jonossa. T\u00e4st\u00e4 syyst\u00e4 ei kannata pukeutua maahan asti ulottuvaan tai laahukselliseen pukuun. Linjakkuuden ja yksinkertaisuuden s\u00e4ilymiseksi puvun on oltava kapea. Mik\u00e4li k\u00e4ytett\u00e4vyyden vuoksi pukuun on teht\u00e4v\u00e4 halkio, siit\u00e4 ei tule tehd\u00e4 tarpeettomaan pitk\u00e4\u00e4. Laskos kannattaakin teett\u00e4\u00e4 tai tehd\u00e4 dior-laskoksen tapaan.<\/p>\n\n\n\n<p>Aktipuvun kanssa k\u00e4ytet\u00e4\u00e4n mustia k\u00e4sineit\u00e4, joiden on peitett\u00e4v\u00e4 ranne ja kaikki sormet niin, ettei paljasta ihoa ole n\u00e4kyviss\u00e4. Sopivat k\u00e4sineet ovat yksinkertaiset ja koristelemattomat ja peitt\u00e4v\u00e4t k\u00e4mmensel\u00e4n. K\u00e4sineiden on sovittava yhteen puvun kanssa, ne eiv\u00e4t saa erottua puvusta. Pitsik\u00e4sineet eiv\u00e4t ole sopivat.<\/p>\n\n\n\n<p>Aktipuvun kanssa k\u00e4ytet\u00e4\u00e4n mustia kenki\u00e4. Kenkien on oltava umpinaiset sek\u00e4 k\u00e4rjest\u00e4 ett\u00e4 kannasta. Sandaalit eiv\u00e4t ole tarpeeksi juhlavat aktiin. Aktipuvun kanssa voi pit\u00e4\u00e4 pient\u00e4 kaulakorua ja hillittyj\u00e4 nappikovakoruja. Aktipukuun ei kuulu laukkua. Pakolliset pikkuesineet voi piilottaa esimerkiksi pukuun ommeltuun salataskuun.<\/p>\n<\/div>\n\n\n\n<div class=\"wp-block-column is-layout-flow wp-block-column-is-layout-flow\">\n<h5 class=\"wp-block-heading\">Vaihtoehto 2<\/h5>\n\n\n\n<p><strong>Frakki.<\/strong> Muuten kuten miekanhiojaisp\u00e4iv\u00e4n\u00e4, mutta valkoisen liivin tilalla <strong>musta liivi<\/strong>, lakerikenkien sijasta <strong>mustat ohutpohjaiset kiillotetut nahkakeng\u00e4t<\/strong> ja lis\u00e4ksi <strong>tohtorinhattu ja -miekka.<\/strong> Muista my\u00f6s <strong>valkoiset k\u00e4sineet.<\/strong> Mustan liivin kanssa <strong>ei k\u00e4ytet\u00e4 taskuliinaa.<\/strong><\/p>\n<\/div>\n<\/div>\n\n\n\n<h4 class=\"wp-block-heading\">Promootiop\u00e4iv\u00e4lliset ja -tanssiaiset<\/h4>\n\n\n\n<div class=\"wp-block-columns is-layout-flex wp-container-core-columns-is-layout-9d6595d7 wp-block-columns-is-layout-flex\">\n<div class=\"wp-block-column is-layout-flow wp-block-column-is-layout-flow\">\n<h5 class=\"wp-block-heading\">Vaihtoehto 1<\/h5>\n\n\n\n<p><strong>Tohtoripromovendin aktipuku<\/strong> soveltuu my\u00f6s promootiop\u00e4iv\u00e4llisille ja -tanssiaisiin, mutta pukeutumisetiketti on etenkin tanssiaisissa aktia joustavampi. Laaja p\u00e4\u00e4ntie ja avoin selk\u00e4 eiv\u00e4t kuitenkaan sovi promootiop\u00e4iv\u00e4llisille. Puvussa on oltava hihat, mutta toisin kuin aktissa, ne saavat olla vajaamittaiset.<\/p>\n\n\n\n<p>Tanssiaisissa voi esiinty\u00e4 samassa asussa kuin aktissa ja promootiop\u00e4iv\u00e4llisill\u00e4 tai vaihtaa avonaisempaan ja laajahelmaisempaan tanssiaispukuun. Puvun on kuitenkin oltava yh\u00e4 musta. Tanssiaisasuun kuuluvat k\u00e4sineet, joiden pituus riippuu puvun hihojen pituudesta.<\/p>\n\n\n\n<p>Iltalaukun k\u00e4ytt\u00e4minen on sallittua, mutta sen on sovittava yhteen puvun kanssa. Sit\u00e4 ei kuitenkaan k\u00e4ytet\u00e4 tanssiessa.<\/p>\n\n\n\n<p>Muista my\u00f6s <strong>tohtorinhattu ja -miekka.<\/strong><\/p>\n<\/div>\n\n\n\n<div class=\"wp-block-column is-layout-flow wp-block-column-is-layout-flow\">\n<h5 class=\"wp-block-heading\">Vaihtoehto 2<\/h5>\n\n\n\n<p><strong>Frakki.<\/strong> Sama kuin <strong>miekanhiojaisp\u00e4iv\u00e4n\u00e4 <\/strong>(valkoinen liivi), mutta mukana <strong>my\u00f6s tohtorinhattu ja -miekka.<\/strong> Muista my\u00f6s <strong>valkoiset k\u00e4sineet.<\/strong><\/p>\n<\/div>\n<\/div>\n\n\n\n<h4 class=\"wp-block-heading\">Retki<\/h4>\n\n\n\n<div class=\"wp-block-columns is-layout-flex wp-container-core-columns-is-layout-9d6595d7 wp-block-columns-is-layout-flex\">\n<div class=\"wp-block-column is-layout-flow wp-block-column-is-layout-flow\">\n<h4 class=\"wp-block-heading\">Vaihtoehto 1<\/h4>\n\n\n\n<p>Rento, s\u00e4\u00e4h\u00e4n soveltuva pukeutuminen. Retkelle sopivat esimerkiksi mukava hame tai housut ja neule. Retkell\u00e4 k\u00e4ytet\u00e4\u00e4n<strong> ylioppilaslakkia<\/strong> ulko- ja sis\u00e4tiloissa, eli asun on sovittava yhteen lakin kanssa. Asu ei siis saa olla liian urheilullinen, eiv\u00e4tk\u00e4 farkut tai mainosvaatteet ole soveliaita.<\/p>\n<\/div>\n\n\n\n<div class=\"wp-block-column is-layout-flow wp-block-column-is-layout-flow\">\n<h4 class=\"wp-block-heading\">Vaihtoehto 2<\/h4>\n\n\n\n<p>Rento, s\u00e4\u00e4h\u00e4n soveltuva pukeutuminen. Retkelle sopivat esimerkiksi sametti- tai puuvillahousut, neule ja kauluspaita. My\u00f6s yhdistelm\u00e4puku k\u00e4y. Retkell\u00e4 k\u00e4ytet\u00e4\u00e4n<strong> ylioppilaslakkia<\/strong> ulko- ja sis\u00e4tiloissa, eli asun on sovittava yhteen lakin kanssa. Asu ei siis saa olla liian urheilullinen, eiv\u00e4tk\u00e4 farkut tai mainosvaatteet ole soveliaita.<\/p>\n<\/div>\n<\/div>\n\n\n\n<h2 class=\"wp-block-heading\">Maisteripromovendi<\/h2>\n\n\n\n<p><strong>Valitse joko vaihtoehto 1 tai 2 ja noudata t\u00e4t\u00e4 koko promootion ajan. Vaihtoehtoja ei saa yhdistell\u00e4 kesken\u00e4\u00e4n.<\/strong><\/p>\n\n\n\n<h4 class=\"wp-block-heading\">Floran p\u00e4iv\u00e4<\/h4>\n\n\n\n<div class=\"wp-block-columns is-layout-flex wp-container-core-columns-is-layout-9d6595d7 wp-block-columns-is-layout-flex\">\n<div class=\"wp-block-column is-layout-flow wp-block-column-is-layout-flow\">\n<h5 class=\"wp-block-heading\">Vaihtoehto 1<\/h5>\n\n\n\n<p><strong>Ylioppilaslakki ja kev\u00e4inen, mutta s\u00e4\u00e4h\u00e4n sopiva asu.<\/strong> Esimerkiksi mekko, jakku- tai housupuku. V\u00e4rit osallistujat voivat valita vapaasti. Ylioppilaslakkia k\u00e4ytet\u00e4\u00e4n tilaisuudessa my\u00f6s sis\u00e4tiloissa.<\/p>\n<\/div>\n\n\n\n<div class=\"wp-block-column is-layout-flow wp-block-column-is-layout-flow\">\n<h5 class=\"wp-block-heading\">Vaihtoehto 2<\/h5>\n\n\n\n<p><strong>Ylioppilaslakki ja kev\u00e4inen, mutta s\u00e4\u00e4h\u00e4n sopiva asu.<\/strong> Esimerkiksi kev\u00e4inen puku tai yhdistelm\u00e4asu, johon kuuluu paita ja solmio. V\u00e4rit osallistujat voivat valita vapaasti. Ylioppilaslakkia k\u00e4ytet\u00e4\u00e4n tilaisuudessa my\u00f6s sis\u00e4tiloissa.<\/p>\n<\/div>\n<\/div>\n\n\n\n<h4 class=\"wp-block-heading\">Seppeleensitojaisp\u00e4iv\u00e4<\/h4>\n\n\n\n<p>Huomaathan, ett\u00e4 aikaa vaatteiden vaihtoon harjoitusten ja p\u00e4iv\u00e4llisen v\u00e4lill\u00e4 ei ole, joten jo harjoituksiin tulee pukeutua illan vaatetuksen mukaisesti.<\/p>\n\n\n\n<div class=\"wp-block-columns is-layout-flex wp-container-core-columns-is-layout-9d6595d7 wp-block-columns-is-layout-flex\">\n<div class=\"wp-block-column is-layout-flow wp-block-column-is-layout-flow\">\n<h5 class=\"wp-block-heading\">Vaihtoehto 1<\/h5>\n\n\n\n<p><strong>V\u00e4rillinen pitk\u00e4 iltapuku.<\/strong> Iltapuvun on oltava t\u00e4yspitk\u00e4 eik\u00e4 se saa olla musta tai valkoinen. Mustaa tai valkoista voi olla puvun koristeissa tai kuvioissa. Puvun avonaisuus on kantajansa p\u00e4\u00e4tett\u00e4viss\u00e4. Juhlan luonne ja kev\u00e4inen ajankohta kannattaa ottaa huomioon pukua valitessa.<\/p>\n<\/div>\n\n\n\n<div class=\"wp-block-column is-layout-flow wp-block-column-is-layout-flow\">\n<h5 class=\"wp-block-heading\">Vaihtoehto 2<\/h5>\n\n\n\n<p><strong><strong>Frakki.<\/strong> <\/strong>Frakkiin kuuluvat musta h\u00e4nnystakki, mustat housut, frakkipaita, valkoinen liivi, valkoinen solmuke, valkoiset k\u00e4sineet sek\u00e4 valkoinen taskuliina.<\/p>\n\n\n\n<p>Frakkipaidassa on kovitettu pystykaulus ja yksinkertaiset kalvosimet. R\u00f6yhel\u00f6- tai laskospaidat eiv\u00e4t kuulu yhteen frakin kanssa. Frakkipaidan napit ovat helmi\u00e4ist\u00e4 tai kultaa, mustat napit eiv\u00e4t ole etiketin mukaisia. Taskuliina taitellaan kapeaksi suorakaiteeksi.<\/p>\n\n\n\n<p>Frakin kanssa ei k\u00e4ytet\u00e4 rannekelloa. Taskukelloa k\u00e4ytett\u00e4ess\u00e4 kellonper\u00e4t eiv\u00e4t saa olla tarpeettoman paljon n\u00e4kyviss\u00e4. Frakin kanssa k\u00e4ytet\u00e4\u00e4n <strong>mustia lakerikenki\u00e4<\/strong>. My\u00f6s <strong>sukkien on oltava mustat<\/strong>.<\/p>\n\n\n\n<p>Frakin kanssa parhaiten sopiva p\u00e4\u00e4llysvaate on <strong>tumma takki tai viitta<\/strong>. Jos k\u00e4ytet\u00e4\u00e4n kaulahuivia, tulee sen olla valkoinen.<\/p>\n<\/div>\n<\/div>\n\n\n\n<h4 class=\"wp-block-heading\">Promootioakti ja Laudatio Solemnis<\/h4>\n\n\n\n<div class=\"wp-block-columns is-layout-flex wp-container-core-columns-is-layout-9d6595d7 wp-block-columns-is-layout-flex\">\n<div class=\"wp-block-column is-layout-flow wp-block-column-is-layout-flow\">\n<h5 class=\"wp-block-heading\">Vaihtoehto 1<\/h5>\n\n\n\n<p><strong>Maisteripromovendin aktipuku<\/strong> on kokonaan valkoinen, t\u00e4yspitk\u00e4 ja peitt\u00e4v\u00e4. Puku on yksinkertaisen tyylik\u00e4s ja linjakas. Puvun on oltava vitivalkoinen. Promootion valkoisella tarkoitetaan v\u00e4ri\u00e4, joka tavallisen kopiopaperin rinnalla n\u00e4ytt\u00e4\u00e4 valkoiselta, ei siis esimerkiksi luonnon- tai kermanvalkoista. S\u00e4vyn kanssa kannattaa olla eritt\u00e4in tarkkana. Valkoisten pukujen s\u00e4vyjen yhten\u00e4isyys on t\u00e4rke\u00e4\u00e4, sill\u00e4 niit\u00e4 k\u00e4ytt\u00e4v\u00e4t kulkevat aktissa yhten\u00e4isen\u00e4 rivist\u00f6n\u00e4, josta kaikki poikkeamat erottuvat selv\u00e4sti.<\/p>\n\n\n\n<p>Puvun materiaaliksi sopii esimerkiksi villamusliini, dupion-silkki tai paksu satiini. Kankaassa saa olla valkoisia kirjailuja, ja siin\u00e4 voi olla kuosiin kudottu kuvio (esimerkiksi damasti). Materiaali ei saa olla l\u00e4pin\u00e4kyv\u00e4 eik\u00e4 v\u00e4ri- tai metallilangoilla kirjailtua. Kankaassa ei saa olla irrallisia koristeita, kuten paljetteja.<\/p>\n\n\n\n<p>T\u00e4yspitk\u00e4n puvun helma peitt\u00e4\u00e4 nilkan ulkosyrj\u00e4ll\u00e4 olevan kehr\u00e4sluun. Puvussa on oltava t\u00e4yspitk\u00e4t, ranteisiin asti ulottuvat hihat ja kaulanmy\u00f6t\u00e4inen O-p\u00e4\u00e4ntie (ei vene- tai V-p\u00e4\u00e4ntiet\u00e4). Puku p\u00e4\u00e4ll\u00e4 on voitava nousta ja laskeutua portaita arvokkaasti jonossa. T\u00e4st\u00e4 syyst\u00e4 ei kannata pukeutua maahan asti ulottuvaan tai laahukselliseen pukuun. Linjakkuuden ja yksinkertaisuuden s\u00e4ilymiseksi puvun on oltava kapea. Mik\u00e4li k\u00e4ytett\u00e4vyyden vuoksi pukuun on teht\u00e4v\u00e4 halkio, siit\u00e4 ei tule tehd\u00e4 tarpeettomaan pitk\u00e4\u00e4. Laskos kannattaakin teett\u00e4\u00e4 tai tehd\u00e4 dior-laskoksen tapaan.<\/p>\n\n\n\n<p>Aktipuvun kanssa k\u00e4ytet\u00e4\u00e4n valkoisia k\u00e4sineit\u00e4, joiden on peitett\u00e4v\u00e4 ranne ja kaikki sormet niin, ettei paljasta ihoa ole n\u00e4kyviss\u00e4. Sopivat k\u00e4sineet ovat yksinkertaiset ja koristelemattomat ja peitt\u00e4v\u00e4t k\u00e4mmensel\u00e4n. K\u00e4sineiden on sovittava yhteen puvun kanssa, ne eiv\u00e4t saa erottua puvusta esimerkiksi sit\u00e4 keltaisempina. Pitsik\u00e4sineet eiv\u00e4t ole sopivat.<\/p>\n\n\n\n<p>Aktipuvun kanssa k\u00e4ytet\u00e4\u00e4n valkoisia kenki\u00e4. Kenkien on oltava umpinaiset sek\u00e4 k\u00e4rjest\u00e4 ett\u00e4 kannasta. Sandaalit eiv\u00e4t ole tarpeeksi juhlavat aktiin. Aktipuvun kanssa voi pit\u00e4\u00e4 pient\u00e4 kaulakorua ja hillittyj\u00e4 nappikovakoruja. Jotta uusi maisterinsormus saa ansaitsemansa huomion, muut sormukset mahdollista vihkisormusta lukuunottamatta on hyv\u00e4 j\u00e4tt\u00e4\u00e4 aktin ajaksi kotiin. Aktipukuun ei kuulu laukkua. Pakolliset pikkuesineet voi piilottaa esimerkiksi pukuun ommeltuun salataskuun.<\/p>\n<\/div>\n\n\n\n<div class=\"wp-block-column is-layout-flow wp-block-column-is-layout-flow\">\n<h5 class=\"wp-block-heading\">Vaihtoehto 2<\/h5>\n\n\n\n<p><strong>Frakki.<\/strong> Muuten kuten seppeleensitojaisp\u00e4iv\u00e4n\u00e4, mutta valkoisen liivin tilalla <strong>musta liivi<\/strong>, lakerikenkien sijasta <strong>mustat ohutpohjaiset kiillotetut nahkakeng\u00e4t<\/strong> ja lis\u00e4ksi<strong> laakeriseppele ja maisterinsormus.<\/strong> Muista my\u00f6s <strong>valkoiset k\u00e4sineet.<\/strong> Mustan liivin kanssa <strong>ei k\u00e4ytet\u00e4 taskuliinaa.<\/strong><\/p>\n<\/div>\n<\/div>\n\n\n\n<h4 class=\"wp-block-heading\">Promootiop\u00e4iv\u00e4lliset ja -tanssiaiset<\/h4>\n\n\n\n<div class=\"wp-block-columns is-layout-flex wp-container-core-columns-is-layout-9d6595d7 wp-block-columns-is-layout-flex\">\n<div class=\"wp-block-column is-layout-flow wp-block-column-is-layout-flow\">\n<h5 class=\"wp-block-heading\">Vaihtoehto 1<\/h5>\n\n\n\n<p><strong>Maisteripromovendin aktipuku<\/strong> soveltuu my\u00f6s promootiop\u00e4iv\u00e4llisille ja -tanssiaisiin, mutta pukeutumisetiketti on etenkin tanssiaisissa aktia joustavampi. Laaja p\u00e4\u00e4ntie ja avoin selk\u00e4 eiv\u00e4t kuitenkaan sovi promootiop\u00e4iv\u00e4llisille. Puvussa on oltava hihat, mutta toisin kuin aktissa, ne saavat olla vajaamittaiset.<\/p>\n\n\n\n<p>Tanssiaisissa voi esiinty\u00e4 samassa asussa kuin aktissa ja promootiop\u00e4iv\u00e4llisill\u00e4 tai vaihtaa<\/p>\n\n\n\n<p>avonaisempaan ja laajahelmaisempaan tanssiaispukuun. Puvun on kuitenkin oltava yh\u00e4 valkoinen. Tanssiaisasuun kuuluvat k\u00e4sineet, joiden pituus riippuu puvun hihojen pituudesta.<\/p>\n\n\n\n<p>Iltalaukun k\u00e4ytt\u00e4minen on sallittua, mutta sen on sovittava yhteen puvun kanssa. Sit\u00e4 ei kuitenkaan k\u00e4ytet\u00e4 tanssiessa.<\/p>\n\n\n\n<p>Muista my\u00f6s <strong>laakeriseppele ja maisterinsormus.<\/strong><\/p>\n<\/div>\n\n\n\n<div class=\"wp-block-column is-layout-flow wp-block-column-is-layout-flow\">\n<h5 class=\"wp-block-heading\">Vaihtoehto 2<\/h5>\n\n\n\n<p><strong>Frakki.<\/strong> Sama kuin <strong>seppeleensitojaisp\u00e4iv\u00e4n\u00e4 <\/strong>(valkoinen liivi), mutta mukana my\u00f6s <strong>laakeriseppele ja maisterinsormus.<\/strong> Muista my\u00f6s <strong>valkoiset k\u00e4sineet.<\/strong><\/p>\n<\/div>\n<\/div>\n\n\n\n<h4 class=\"wp-block-heading\">Retki<\/h4>\n\n\n\n<div class=\"wp-block-columns is-layout-flex wp-container-core-columns-is-layout-9d6595d7 wp-block-columns-is-layout-flex\">\n<div class=\"wp-block-column is-layout-flow wp-block-column-is-layout-flow\">\n<h4 class=\"wp-block-heading\">Vaihtoehto 1<\/h4>\n\n\n\n<p><strong>Rento, s\u00e4\u00e4h\u00e4n soveltuva pukeutuminen. <\/strong>Retkelle sopivat esimerkiksi mukava hame tai housut ja neule. Retkell\u00e4 k\u00e4ytet\u00e4\u00e4n<strong> ylioppilaslakkia<\/strong> ulko- ja sis\u00e4tiloissa, eli asun on sovittava yhteen lakin kanssa. Asu ei siis saa olla liian urheilullinen, eiv\u00e4tk\u00e4 farkut tai mainosvaatteet ole soveliaita.<\/p>\n<\/div>\n\n\n\n<div class=\"wp-block-column is-layout-flow wp-block-column-is-layout-flow\">\n<h4 class=\"wp-block-heading\">Vaihtoehto 2<\/h4>\n\n\n\n<p><strong>Rento, s\u00e4\u00e4h\u00e4n soveltuva pukeutuminen. <\/strong>Retkelle sopivat esimerkiksi sametti- tai puuvillahousut, neule ja kauluspaita. My\u00f6s yhdistelm\u00e4puku k\u00e4y. Retkell\u00e4 k\u00e4ytet\u00e4\u00e4n<strong> ylioppilaslakkia<\/strong> ulko- ja sis\u00e4tiloissa, eli asun on sovittava yhteen lakin kanssa. Asu ei siis saa olla liian urheilullinen, eiv\u00e4tk\u00e4 farkut tai mainosvaatteet ole soveliaita.<\/p>\n<\/div>\n<\/div>\n\n\n\n<h2 class=\"wp-block-heading\">Tohtoripromovendin avec eli miekanhioja<\/h2>\n\n\n\n<p><strong>Valitse joko vaihtoehto 1  tai 2 ja noudata t\u00e4t\u00e4 koko promootion ajan. Vaihtoehtoja ei saa yhdistell\u00e4 kesken\u00e4\u00e4n.<\/strong><\/p>\n\n\n\n<h4 class=\"wp-block-heading\">Floran p\u00e4iv\u00e4<\/h4>\n\n\n\n<div class=\"wp-block-columns is-layout-flex wp-container-core-columns-is-layout-9d6595d7 wp-block-columns-is-layout-flex\">\n<div class=\"wp-block-column is-layout-flow wp-block-column-is-layout-flow\">\n<h4 class=\"wp-block-heading\">Vaihtoehto 1<\/h4>\n\n\n\n<p><strong>Kev\u00e4inen, mutta s\u00e4\u00e4h\u00e4n sopiva asu.<\/strong> Esimerkiksi mekko, jakku- tai housupuku. V\u00e4rit osallistujat voivat valita vapaasti. Lis\u00e4ksi <strong>ylioppilaslakki<\/strong>, jos sellainen l\u00f6ytyy. Ylioppilaslakkia k\u00e4ytet\u00e4\u00e4n tilaisuudessa my\u00f6s sis\u00e4tiloissa.<\/p>\n<\/div>\n\n\n\n<div class=\"wp-block-column is-layout-flow wp-block-column-is-layout-flow\">\n<h4 class=\"wp-block-heading\">Vaihtoehto 2<\/h4>\n\n\n\n<p><strong>Kev\u00e4inen, mutta s\u00e4\u00e4h\u00e4n sopiva asu.<\/strong> Esimerkiksi kev\u00e4inen puku tai yhdistelm\u00e4asu, johon kuuluu paita ja solmio. V\u00e4rit osallistujat voivat valita vapaasti. Lis\u00e4ksi <strong>ylioppilaslakki<\/strong>, jos sellainen l\u00f6ytyy. Ylioppilaslakkia k\u00e4ytet\u00e4\u00e4n tilaisuudessa my\u00f6s sis\u00e4tiloissa.<\/p>\n<\/div>\n<\/div>\n\n\n\n<h4 class=\"wp-block-heading\">Miekanhiojaisp\u00e4iv\u00e4<\/h4>\n\n\n\n<div class=\"wp-block-columns is-layout-flex wp-container-core-columns-is-layout-9d6595d7 wp-block-columns-is-layout-flex\">\n<div class=\"wp-block-column is-layout-flow wp-block-column-is-layout-flow\">\n<h4 class=\"wp-block-heading\">Vaihtoehto 1<\/h4>\n\n\n\n<p><strong>V\u00e4rillinen pitk\u00e4 iltapuku.<\/strong> Iltapuvun on oltava t\u00e4yspitk\u00e4 eik\u00e4 se saa olla musta tai valkoinen. Mustaa tai valkoista voi olla puvun koristeissa tai kuvioissa. Puvun avonaisuus on kantajansa p\u00e4\u00e4tett\u00e4viss\u00e4. Juhlan luonne ja kev\u00e4inen ajankohta kannattaa ottaa huomioon pukua valitessa.<\/p>\n<\/div>\n\n\n\n<div class=\"wp-block-column is-layout-flow wp-block-column-is-layout-flow\">\n<h4 class=\"wp-block-heading\">Vaihtoehto 2<\/h4>\n\n\n\n<p><strong>Frakki.<\/strong> Frakkiin kuuluvat musta h\u00e4nnystakki, mustat housut, frakkipaita, valkoinen liivi, valkoinen solmuke sek\u00e4 valkoiset k\u00e4sineet.<\/p>\n\n\n\n<p>Frakkipaidassa on kovitettu pystykaulus ja yksinkertaiset kalvosimet. R\u00f6yhel\u00f6- tai laskospaidat eiv\u00e4t kuulu yhteen frakin kanssa. Frakkipaidan napit ovat helmi\u00e4ist\u00e4 tai kultaa, mustat napit eiv\u00e4t ole etiketin mukaisia. Taskuliina taitellaan kapeaksi suorakaiteeksi.<\/p>\n\n\n\n<p>Frakin kanssa ei k\u00e4ytet\u00e4 rannekelloa. Taskukelloa k\u00e4ytett\u00e4ess\u00e4 kellonper\u00e4t eiv\u00e4t saa olla tarpeettoman paljon n\u00e4kyviss\u00e4. Frakin kanssa k\u00e4ytet\u00e4\u00e4n <strong>mustia lakerikenki\u00e4<\/strong>. My\u00f6s <strong>sukkien on oltava mustat<\/strong>.<\/p>\n\n\n\n<p>Frakin kanssa parhaiten sopiva p\u00e4\u00e4llysvaate on <strong>tumma takki tai viitta<\/strong>. Jos k\u00e4ytet\u00e4\u00e4n kaulahuivia, tulee sen olla valkoinen.<\/p>\n<\/div>\n<\/div>\n\n\n\n<h4 class=\"wp-block-heading\">Promootioakti ja Laudatio Solemnis<\/h4>\n\n\n\n<div class=\"wp-block-columns is-layout-flex wp-container-core-columns-is-layout-9d6595d7 wp-block-columns-is-layout-flex\">\n<div class=\"wp-block-column is-layout-flow wp-block-column-is-layout-flow\">\n<h5 class=\"wp-block-heading\">Vaihtoehto 1<\/h5>\n\n\n\n<p><strong>Sama kuin tohtoripromovendin aktipuku<\/strong> (vaihtoehto 1). Aktipuku on kokonaan <strong>musta, t\u00e4yspitk\u00e4 ja peitt\u00e4v\u00e4<\/strong>. Puku on yksinkertaisen tyylik\u00e4s ja linjakas. Siihen kuuluvat <strong>mustat k\u00e4sineet ja mustat keng\u00e4t.<\/strong><\/p>\n\n\n\n<p>Puvun materiaaliksi sopii esimerkiksi villamusliini, dupion-silkki tai paksu satiini. Kankaassa saa olla mustia kirjailuja, ja siin\u00e4 voi olla kuosiin kudottu kuvio (esimerkiksi damasti). Materiaali ei saa olla l\u00e4pin\u00e4kyv\u00e4 eik\u00e4 v\u00e4ri- tai metallilangoilla kirjailtua. Kankaassa ei saa olla irrallisia koristeita, kuten paljetteja.<\/p>\n\n\n\n<p>T\u00e4yspitk\u00e4n puvun helma peitt\u00e4\u00e4 nilkan ulkosyrj\u00e4ll\u00e4 olevan kehr\u00e4sluun. Puvussa on oltava t\u00e4yspitk\u00e4t, ranteisiin asti ulottuvat hihat ja kaulanmy\u00f6t\u00e4inen O-p\u00e4\u00e4ntie (ei vene- tai V-p\u00e4\u00e4ntiet\u00e4). Puku p\u00e4\u00e4ll\u00e4 on voitava nousta ja laskeutua portaita arvokkaasti jonossa. T\u00e4st\u00e4 syyst\u00e4 ei kannata pukeutua maahan asti ulottuvaan tai laahukselliseen pukuun. Linjakkuuden ja yksinkertaisuuden s\u00e4ilymiseksi puvun on oltava kapea. Mik\u00e4li k\u00e4ytett\u00e4vyyden vuoksi pukuun on teht\u00e4v\u00e4 halkio, siit\u00e4 ei tule tehd\u00e4 tarpeettomaan pitk\u00e4\u00e4. Laskos kannattaakin teett\u00e4\u00e4 tai tehd\u00e4 dior-laskoksen tapaan.<\/p>\n\n\n\n<p>Aktipuvun kanssa k\u00e4ytet\u00e4\u00e4n mustia k\u00e4sineit\u00e4, joiden on peitett\u00e4v\u00e4 ranne ja kaikki sormet niin, ettei paljasta ihoa ole n\u00e4kyviss\u00e4. Sopivat k\u00e4sineet ovat yksinkertaiset ja koristelemattomat ja peitt\u00e4v\u00e4t k\u00e4mmensel\u00e4n. K\u00e4sineiden on sovittava yhteen puvun kanssa, ne eiv\u00e4t saa erottua puvusta. Pitsik\u00e4sineet eiv\u00e4t ole sopivat.<\/p>\n\n\n\n<p>Aktipuvun kanssa k\u00e4ytet\u00e4\u00e4n mustia kenki\u00e4. Kenkien on oltava umpinaiset sek\u00e4 k\u00e4rjest\u00e4 ett\u00e4 kannasta. Sandaalit eiv\u00e4t ole tarpeeksi juhlavat aktiin. Aktipuvun kanssa voi pit\u00e4\u00e4 pient\u00e4 kaulakorua ja hillittyj\u00e4 nappikovakoruja. Aktipukuun ei kuulu laukkua. Pakolliset pikkuesineet voi piilottaa esimerkiksi pukuun ommeltuun salataskuun.<\/p>\n<\/div>\n\n\n\n<div class=\"wp-block-column is-layout-flow wp-block-column-is-layout-flow\">\n<h4 class=\"wp-block-heading\">Vaihtoehto 2<\/h4>\n\n\n\n<p><strong>Frakki.<\/strong> Muuten kuin miekanhiojaisp\u00e4iv\u00e4n\u00e4, mutta valkoisen liivin tilalla <strong>musta liivi<\/strong>, lakerikenkien sijasta <strong>mustat ohutpohjaiset kiillotetut nahkakeng\u00e4t.<\/strong> Muista my\u00f6s <strong>valkoiset k\u00e4sineet.<\/strong> Mustan liivin kanssa <strong>ei k\u00e4ytet\u00e4 taskuliinaa.<\/strong><\/p>\n<\/div>\n<\/div>\n\n\n\n<h4 class=\"wp-block-heading\">Promootiop\u00e4iv\u00e4lliset ja -tanssiaiset<\/h4>\n\n\n\n<div class=\"wp-block-columns is-layout-flex wp-container-core-columns-is-layout-9d6595d7 wp-block-columns-is-layout-flex\">\n<div class=\"wp-block-column is-layout-flow wp-block-column-is-layout-flow\">\n<h5 class=\"wp-block-heading\">Vaihtoehto 1<\/h5>\n\n\n\n<p><strong>Aktipuku<\/strong> soveltuu my\u00f6s promootiop\u00e4iv\u00e4llisille ja -tanssiaisiin, mutta pukeutumisetiketti on etenkin tanssiaisissa aktia joustavampi. Laaja p\u00e4\u00e4ntie ja avoin selk\u00e4 eiv\u00e4t kuitenkaan sovi promootiop\u00e4iv\u00e4llisille. Puvussa on oltava hihat, mutta toisin kuin aktissa, ne saavat olla vajaamittaiset.<\/p>\n\n\n\n<p>Tanssiaisissa voi esiinty\u00e4 samassa asussa kuin aktissa ja promootiop\u00e4iv\u00e4llisill\u00e4 tai vaihtaa<\/p>\n\n\n\n<p>avonaisempaan ja laajahelmaisempaan tanssiaispukuun. Puvun on kuitenkin oltava yh\u00e4 musta. Tanssiaisasuun kuuluvat k\u00e4sineet, joiden pituus riippuu puvun hihojen pituudesta.<\/p>\n\n\n\n<p>Iltalaukun k\u00e4ytt\u00e4minen on sallittua, mutta sen on sovittava yhteen puvun kanssa. Sit\u00e4 ei kuitenkaan k\u00e4ytet\u00e4 tanssiessa.<\/p>\n<\/div>\n\n\n\n<div class=\"wp-block-column is-layout-flow wp-block-column-is-layout-flow\">\n<h5 class=\"wp-block-heading\">Vaihtoehto 2<\/h5>\n\n\n\n<p><strong>Frakki.<\/strong> Sama kuin <strong>miekanhiojaisp\u00e4iv\u00e4n\u00e4 <\/strong>(valkoinen liivi). Muista my\u00f6s <strong>valkoiset k\u00e4sineet.<\/strong><\/p>\n<\/div>\n<\/div>\n\n\n\n<h4 class=\"wp-block-heading\">Retki<\/h4>\n\n\n\n<div class=\"wp-block-columns is-layout-flex wp-container-core-columns-is-layout-9d6595d7 wp-block-columns-is-layout-flex\">\n<div class=\"wp-block-column is-layout-flow wp-block-column-is-layout-flow\">\n<h5 class=\"wp-block-heading\">Vaihtoehto 1<\/h5>\n\n\n\n<p><strong>Rento, s\u00e4\u00e4h\u00e4n soveltuva pukeutuminen. <\/strong>Retkelle sopivat esimerkiksi mukava hame tai housut ja neule. Retkell\u00e4 k\u00e4ytet\u00e4\u00e4n<strong> ylioppilaslakkia<\/strong> (jos sellaisen omistaa) ulko- ja sis\u00e4tiloissa, eli asun on sovittava yhteen lakin kanssa. Asu ei siis saa olla liian urheilullinen, eiv\u00e4tk\u00e4 farkut tai mainosvaatteet ole soveliaita.<\/p>\n<\/div>\n\n\n\n<div class=\"wp-block-column is-layout-flow wp-block-column-is-layout-flow\">\n<h5 class=\"wp-block-heading\">Vaihtoehto 2<\/h5>\n\n\n\n<p><strong>Rento, s\u00e4\u00e4h\u00e4n soveltuva pukeutuminen. <\/strong>Retkelle sopivat esimerkiksi sametti- tai puuvillahousut, neule ja kauluspaita. My\u00f6s yhdistelm\u00e4puku k\u00e4y. Retkell\u00e4 k\u00e4ytet\u00e4\u00e4n<strong> ylioppilaslakkia<\/strong> (jos sellaisen omistaa) ulko- ja sis\u00e4tiloissa, eli asun on sovittava yhteen lakin kanssa. Asu ei siis saa olla liian urheilullinen, eiv\u00e4tk\u00e4 farkut tai mainosvaatteet ole soveliaita.<\/p>\n<\/div>\n<\/div>\n\n\n\n<h2 class=\"wp-block-heading\">Maisteripromovendin avec eli seppeleensitoja<\/h2>\n\n\n\n<p><strong>Valitse joko vaihtoehto 1  tai 2 ja noudata t\u00e4t\u00e4 koko promootion ajan. Vaihtoehtoja ei saa yhdistell\u00e4 kesken\u00e4\u00e4n.<\/strong><\/p>\n\n\n\n<h4 class=\"wp-block-heading\">Floran p\u00e4iv\u00e4<\/h4>\n\n\n\n<div class=\"wp-block-columns is-layout-flex wp-container-core-columns-is-layout-9d6595d7 wp-block-columns-is-layout-flex\">\n<div class=\"wp-block-column is-layout-flow wp-block-column-is-layout-flow\">\n<h4 class=\"wp-block-heading\">Vaihtoehto 1<\/h4>\n\n\n\n<p><strong>Kev\u00e4inen, mutta s\u00e4\u00e4h\u00e4n sopiva asu.<\/strong> Esimerkiksi mekko, jakku- tai housupuku. V\u00e4rit osallistujat voivat valita vapaasti. Lis\u00e4ksi <strong>ylioppilaslakki<\/strong>, jos sellainen l\u00f6ytyy. Ylioppilaslakkia k\u00e4ytet\u00e4\u00e4n tilaisuudessa my\u00f6s sis\u00e4tiloissa.<\/p>\n<\/div>\n\n\n\n<div class=\"wp-block-column is-layout-flow wp-block-column-is-layout-flow\">\n<h4 class=\"wp-block-heading\">Vaihtoehto 2<\/h4>\n\n\n\n<p><strong>Kev\u00e4inen, mutta s\u00e4\u00e4h\u00e4n sopiva asu.<\/strong> Esimerkiksi kev\u00e4inen puku tai yhdistelm\u00e4asu, johon kuuluu paita ja solmio. V\u00e4rit osallistujat voivat valita vapaasti. Lis\u00e4ksi <strong>ylioppilaslakki<\/strong>, jos sellainen l\u00f6ytyy. Ylioppilaslakkia k\u00e4ytet\u00e4\u00e4n tilaisuudessa my\u00f6s sis\u00e4tiloissa.<\/p>\n<\/div>\n<\/div>\n\n\n\n<h4 class=\"wp-block-heading\">Seppeleensitojaisp\u00e4iv\u00e4<\/h4>\n\n\n\n<div class=\"wp-block-columns is-layout-flex wp-container-core-columns-is-layout-9d6595d7 wp-block-columns-is-layout-flex\">\n<div class=\"wp-block-column is-layout-flow wp-block-column-is-layout-flow\">\n<h4 class=\"wp-block-heading\">Vaihtoehto 1<\/h4>\n\n\n\n<p><strong>V\u00e4rillinen pitk\u00e4 iltapuku.<\/strong> Iltapuvun on oltava t\u00e4yspitk\u00e4 eik\u00e4 se saa olla musta tai valkoinen. Mustaa tai valkoista voi olla puvun koristeissa tai kuvioissa. Puvun avonaisuus on kantajansa p\u00e4\u00e4tett\u00e4viss\u00e4. Juhlan luonne ja kev\u00e4inen ajankohta kannattaa ottaa huomioon pukua valitessa.<\/p>\n<\/div>\n\n\n\n<div class=\"wp-block-column is-layout-flow wp-block-column-is-layout-flow\">\n<h4 class=\"wp-block-heading\">Vaihtoehto 2<\/h4>\n\n\n\n<p><strong>Frakki.<\/strong> Frakkiin kuuluvat musta h\u00e4nnystakki, mustat housut, frakkipaita, valkoinen liivi, valkoinen solmuke, valkoiset k\u00e4sineet sek\u00e4 valkoinen taskuliina.<\/p>\n\n\n\n<p>Frakkipaidassa on kovitettu pystykaulus ja yksinkertaiset kalvosimet. R\u00f6yhel\u00f6- tai laskospaidat eiv\u00e4t kuulu yhteen frakin kanssa. Frakkipaidan napit ovat helmi\u00e4ist\u00e4 tai kultaa, mustat napit eiv\u00e4t ole etiketin mukaisia. Taskuliina taitellaan kapeaksi suorakaiteeksi.<\/p>\n\n\n\n<p>Frakin kanssa ei k\u00e4ytet\u00e4 rannekelloa. Taskukelloa k\u00e4ytett\u00e4ess\u00e4 kellonper\u00e4t eiv\u00e4t saa olla tarpeettoman paljon n\u00e4kyviss\u00e4. Frakin kanssa k\u00e4ytet\u00e4\u00e4n <strong>mustia lakerikenki\u00e4<\/strong>. My\u00f6s <strong>sukkien on oltava mustat<\/strong>.<br>Frakin kanssa parhaiten sopiva p\u00e4\u00e4llysvaate on <strong>tumma takki tai viitta<\/strong>. Jos k\u00e4ytet\u00e4\u00e4n kaulahuivia, tulee sen olla valkoinen.<\/p>\n<\/div>\n<\/div>\n\n\n\n<h4 class=\"wp-block-heading\">Promootioakti ja Laudatio Solemnis<\/h4>\n\n\n\n<div class=\"wp-block-columns is-layout-flex wp-container-core-columns-is-layout-9d6595d7 wp-block-columns-is-layout-flex\">\n<div class=\"wp-block-column is-layout-flow wp-block-column-is-layout-flow\">\n<h5 class=\"wp-block-heading\">Vaihtoehto 1<\/h5>\n\n\n\n<p><strong>Sama kuin maisteripromovendin aktipuku<\/strong> (vaihtoehto 1). Aktipuku on kokonaan valkoinen, t\u00e4yspitk\u00e4 ja peitt\u00e4v\u00e4. Puku on yksinkertaisen tyylik\u00e4s ja linjakas. Puvun on oltava vitivalkoinen. Promootion valkoisella tarkoitetaan v\u00e4ri\u00e4, joka tavallisen kopiopaperin rinnalla n\u00e4ytt\u00e4\u00e4 valkoiselta, ei siis esimerkiksi luonnon- tai kermanvalkoista. S\u00e4vyn kanssa kannattaa olla eritt\u00e4in tarkkana. Valkoisten pukujen s\u00e4vyjen yhten\u00e4isyys on t\u00e4rke\u00e4\u00e4 sill\u00e4 niit\u00e4 k\u00e4ytt\u00e4v\u00e4t kulkevat aktissa yhten\u00e4isen\u00e4 rivist\u00f6n\u00e4, josta kaikki poikkeamat erottuvat selv\u00e4sti.<\/p>\n\n\n\n<p>Puvun materiaaliksi sopii esimerkiksi villamusliini, dupion-silkki tai paksu satiini. Kankaassa saa olla valkoisia kirjailuja, ja siin\u00e4 voi olla kuosiin kudottu kuvio (esimerkiksi damasti). Materiaali ei saa olla l\u00e4pin\u00e4kyv\u00e4 eik\u00e4 v\u00e4ri- tai metallilangoilla kirjailtua. Kankaassa ei saa olla irrallisia koristeita, kuten paljetteja.<\/p>\n\n\n\n<p>T\u00e4yspitk\u00e4n puvun helma peitt\u00e4\u00e4 nilkan ulkosyrj\u00e4ll\u00e4 olevan kehr\u00e4sluun. Puvussa on oltava t\u00e4yspitk\u00e4t, ranteisiin asti ulottuvat hihat ja kaulanmy\u00f6t\u00e4inen O-p\u00e4\u00e4ntie (ei vene- tai V-p\u00e4\u00e4ntiet\u00e4). Puku p\u00e4\u00e4ll\u00e4 on voitava nousta ja laskeutua portaita arvokkaasti jonossa. T\u00e4st\u00e4 syyst\u00e4 ei kannata pukeutua maahan asti ulottuvaan tai laahukselliseen pukuun. Linjakkuuden ja yksinkertaisuuden s\u00e4ilymiseksi puvun on oltava kapea. Mik\u00e4li k\u00e4ytett\u00e4vyyden vuoksi pukuun on teht\u00e4v\u00e4 halkio, siit\u00e4 ei tule tehd\u00e4 tarpeettomaan pitk\u00e4\u00e4. Laskos kannattaakin teett\u00e4\u00e4 tai tehd\u00e4 dior-laskoksen tapaan.<\/p>\n\n\n\n<p>Aktipuvun kanssa k\u00e4ytet\u00e4\u00e4n valkoisia k\u00e4sineit\u00e4, joiden on peitett\u00e4v\u00e4 ranne ja kaikki sormet niin, ettei paljasta ihoa ole n\u00e4kyviss\u00e4. Sopivat k\u00e4sineet ovat yksinkertaiset ja koristelemattomat ja peitt\u00e4v\u00e4t k\u00e4mmensel\u00e4n. K\u00e4sineiden on sovittava yhteen puvun kanssa, ne eiv\u00e4t saa erottua puvusta esimerkiksi sit\u00e4 keltaisempina. Pitsik\u00e4sineet eiv\u00e4t ole sopivat.<\/p>\n\n\n\n<p>Aktipuvun kanssa k\u00e4ytet\u00e4\u00e4n valkoisia kenki\u00e4. Kenkien on oltava umpinaiset sek\u00e4 k\u00e4rjest\u00e4 ett\u00e4 kannasta. Sandaalit eiv\u00e4t ole tarpeeksi juhlavat aktiin. Aktipuvun kanssa voi pit\u00e4\u00e4 pient\u00e4 kaulakorua ja hillittyj\u00e4 nappikovakoruja. Aktipukuun ei kuulu laukkua. Pakolliset pikkuesineet voi piilottaa esimerkiksi pukuun ommeltuun salataskuun.<\/p>\n<\/div>\n\n\n\n<div class=\"wp-block-column is-layout-flow wp-block-column-is-layout-flow\">\n<h4 class=\"wp-block-heading\">Vaihtoehto 2<\/h4>\n\n\n\n<p><strong>Frakki.<\/strong> Muuten kuin seppeleensitojaisp\u00e4iv\u00e4n\u00e4, mutta valkoisen liivin tilalla <strong>musta liivi<\/strong>, lakerikenkien sijasta <strong>mustat ohutpohjaiset kiillotetut nahkakeng\u00e4t.<\/strong> Muista my\u00f6s <strong>valkoiset k\u00e4sineet.<\/strong> Mustan liivin kanssa <strong>ei k\u00e4ytet\u00e4 taskuliinaa.<\/strong><\/p>\n<\/div>\n<\/div>\n\n\n\n<h4 class=\"wp-block-heading\">Promootiop\u00e4iv\u00e4lliset ja -tanssiaiset<\/h4>\n\n\n\n<div class=\"wp-block-columns is-layout-flex wp-container-core-columns-is-layout-9d6595d7 wp-block-columns-is-layout-flex\">\n<div class=\"wp-block-column is-layout-flow wp-block-column-is-layout-flow\">\n<h5 class=\"wp-block-heading\">Vaihtoehto 1<\/h5>\n\n\n\n<p><strong>Aktipuku<\/strong> soveltuu my\u00f6s promootiop\u00e4iv\u00e4llisille ja -tanssiaisiin, mutta pukeutumisetiketti on etenkin tanssiaisissa aktia joustavampi. Laaja p\u00e4\u00e4ntie ja avoin selk\u00e4 eiv\u00e4t kuitenkaan sovi promootiop\u00e4iv\u00e4llisille. Puvussa on oltava hihat, mutta toisin kuin aktissa, ne saavat olla vajaamittaiset.<\/p>\n\n\n\n<p>Tanssiaisissa voi esiinty\u00e4 samassa asussa kuin aktissa ja promootiop\u00e4iv\u00e4llisill\u00e4 tai vaihtaa<\/p>\n\n\n\n<p>avonaisempaan ja laajahelmaisempaan tanssiaispukuun. Puvun on kuitenkin oltava yh\u00e4 valkoinen. Tanssiaisasuun kuuluvat k\u00e4sineet, joiden pituus riippuu puvun hihojen pituudesta.<\/p>\n\n\n\n<p>Iltalaukun k\u00e4ytt\u00e4minen on sallittua, mutta sen on sovittava yhteen puvun kanssa. Sit\u00e4 ei kuitenkaan k\u00e4ytet\u00e4 tanssiessa.<\/p>\n<\/div>\n\n\n\n<div class=\"wp-block-column is-layout-flow wp-block-column-is-layout-flow\">\n<h5 class=\"wp-block-heading\">Vaihtoehto 2<\/h5>\n\n\n\n<p><strong>Frakki.<\/strong> Sama kuin <strong>seppeleensitojaisp\u00e4iv\u00e4n\u00e4 <\/strong>(valkoinen liivi). Muista my\u00f6s <strong>valkoiset k\u00e4sineet.<\/strong><\/p>\n<\/div>\n<\/div>\n\n\n\n<h4 class=\"wp-block-heading\">Retki<\/h4>\n\n\n\n<div class=\"wp-block-columns is-layout-flex wp-container-core-columns-is-layout-9d6595d7 wp-block-columns-is-layout-flex\">\n<div class=\"wp-block-column is-layout-flow wp-block-column-is-layout-flow\">\n<h5 class=\"wp-block-heading\">Vaihtoehto 1<\/h5>\n\n\n\n<p><strong>Rento, s\u00e4\u00e4h\u00e4n soveltuva pukeutuminen. <\/strong>Retkelle sopivat esimerkiksi mukava hame tai housut ja neule. Retkell\u00e4 k\u00e4ytet\u00e4\u00e4n<strong> ylioppilaslakkia<\/strong> (jos sellaisen omistaa) ulko- ja sis\u00e4tiloissa, eli asun on sovittava yhteen lakin kanssa. Asu ei siis saa olla liian urheilullinen, eiv\u00e4tk\u00e4 farkut tai mainosvaatteet ole soveliaita.<\/p>\n<\/div>\n\n\n\n<div class=\"wp-block-column is-layout-flow wp-block-column-is-layout-flow\">\n<h5 class=\"wp-block-heading\">Vaihtoehto 2<\/h5>\n\n\n\n<p><strong>Rento, s\u00e4\u00e4h\u00e4n soveltuva pukeutuminen. <\/strong>Retkelle sopivat esimerkiksi sametti- tai puuvillahousut, neule ja kauluspaita. My\u00f6s yhdistelm\u00e4puku k\u00e4y. Retkell\u00e4 k\u00e4ytet\u00e4\u00e4n<strong> ylioppilaslakkia<\/strong> (jos sellaisen omistaa) ulko- ja sis\u00e4tiloissa, eli asun on sovittava yhteen lakin kanssa. Asu ei siis saa olla liian urheilullinen, eiv\u00e4tk\u00e4 farkut tai mainosvaatteet ole soveliaita.<\/p>\n<\/div>\n<\/div>\n\n\n\n<h2 class=\"wp-block-heading\"><strong>Riemutohtoripromovendit ja heid\u00e4n miekanhiojansa<\/strong><\/h2>\n\n\n\n<p>Riemutohtoripromovendit ja heid\u00e4n miekanhiojansa pukeutuvat tohtoripromovendeille annettujen ohjeiden mukaisesti.<\/p>\n\n\n\n<h2 class=\"wp-block-heading\"><strong>Riemumaisteripromovendit ja heid\u00e4n seppeleensitojansa<\/strong><\/h2>\n\n\n\n<p>Riemumaisteripromovendit pukeutuvat tohtoripromovendeille annettujen ohjeiden mukaisesti, mutta korvaavat tohtorinhatun ja \u2011miekan laakeriseppeleell\u00e4 ja maisterinsormuksella. Riemumaisteripromovendien seppeleensitojat pukeutuvat kuin tohtoripromovendien miekanhiojat.<\/p>\n\n\n\n<h2 class=\"wp-block-heading\"><strong>Kutsuvieraat<\/strong><\/h2>\n\n\n\n<p>Kutsuvieraita koskevat aktissa samat pukeutumisohjeet kuin tohtoripromovendien miekanhiojia. Vieraat eiv\u00e4t kuitenkaan k\u00e4yt\u00e4 aktissa k\u00e4sineit\u00e4. Aktissa juhlasalissa istuvat vieraat voivat pukeutua my\u00f6s mahdollisen virka-asemansa mukaiseen virkapukuun.<\/p>\n\n\n\n<p>Promootiop\u00e4iv\u00e4llisill\u00e4 ja -tanssiaisissa pukeutumisvaihtoehtoa 1 noudattavien kutsuvieraiden tulee poikkeuksellisesti pukeutua miekanhiojaisp\u00e4iv\u00e4llisille annetun ohjeen mukaisesti v\u00e4rilliseen pukuun mustan puvun sijaan.<\/p>\n\n\n\n<h2 class=\"wp-block-heading\"><strong>Muita pukeutumista koskevia ohjeita<\/strong><\/h2>\n\n\n\n<h4 class=\"wp-block-heading\">Kunnia- ja ansiomerkit<\/h4>\n\n\n\n<p>Seppeleensitojais- ja miekanhiojaisp\u00e4iv\u00e4n\u00e4 sek\u00e4 retkell\u00e4 ei k\u00e4ytet\u00e4 mink\u00e4\u00e4nlaisia kunniamerkkej\u00e4.<\/p>\n\n\n\n<p>Promootioaktissa ja -p\u00e4iv\u00e4llisill\u00e4 k\u00e4ytet\u00e4\u00e4n valtiollisia kunniamerkkej\u00e4 niist\u00e4 annettujen ohjeiden mukaisesti. Suomalaisten kunniamerkkien kantajat ovat velvoitettuja kantamaan merkkej\u00e4\u00e4n, ja niit\u00e4 kannetaan alkuper\u00e4iskoossa (ei pienoiskoossa). Tanssiaisissa k\u00e4ytet\u00e4\u00e4n valtiollisia kunniamerkkej\u00e4, mutta alkuper\u00e4iskokoisten lis\u00e4ksi my\u00f6s pienoiskokoiset merkit k\u00e4yv\u00e4t.<\/p>\n\n\n\n<p>Miss\u00e4\u00e4n promootion tilaisuudessa ei k\u00e4ytet\u00e4 akateemisia kunnia- ja ansiomerkkej\u00e4 eik\u00e4 osakunta-, tiedekuntaj\u00e4rjest\u00f6- tai muita nauhoja.<\/p>\n\n\n\n<h4 class=\"wp-block-heading\">Virkapuvut<\/h4>\n\n\n\n<p>Virkapuvun k\u00e4ytt\u00f6\u00f6n oikeutettu henkil\u00f6 voi kaikissa promootiotilaisuuksissa k\u00e4ytt\u00e4\u00e4 virkapukuaan. T\u00e4ll\u00f6in on noudatettava asianomaisen virkapuvun k\u00e4yt\u00f6st\u00e4 annettuja m\u00e4\u00e4r\u00e4yksi\u00e4. Promovendit eiv\u00e4t kuitenkaan voi k\u00e4ytt\u00e4\u00e4 muuta kuin papillista virkapukua, muille my\u00f6s muunlaisen virkapuvun (esim. puolustusvoimien, poliisin tai pelastusalan puvun) k\u00e4ytt\u00f6 on sallittua. Oman ryhm\u00e4n yleinen pukeutumisv\u00e4ri on kuitenkin syyt\u00e4 ottaa huomioon: esimerkiksi niiden maisteripromovendien ja seppeleensitojien, jotka muuten pukeutuvat valkoiseen, ei ole suositeltavaa etenk\u00e4\u00e4n aktissa k\u00e4ytt\u00e4\u00e4 mustaa papin virkapukua.<\/p>\n\n\n\n<h4 class=\"wp-block-heading\">Muita t\u00e4rkeit\u00e4 huomioita<\/h4>\n\n\n\n<p>Ne, jotka osallistuvat ainoastaan aktiharjoitukseen tai seppeleensitojaisiin, voivat pukeutua n\u00e4ihin tilaisuuksiin my\u00f6s tummaan pukuun tai vierailupukuun. Miekanhiojaisten yhteydess\u00e4 pidett\u00e4v\u00e4lle rehtorin vastaanotolle pukeudutaan kuten seppeleensitojais- ja miekanhiojaisp\u00e4iv\u00e4llisille eli v\u00e4rilliseen pitk\u00e4\u00e4n iltapukuun tai frakkiin. Seppeleensitojaisissa voi halutessaan k\u00e4ytt\u00e4\u00e4 vanhan tavan mukaisesti ylioppilaslakkia.<\/p>\n\n\n\n<p>Esiseppeleensitojaisissa ei ole varsinaista pukukoodia, vaan siisti asu riitt\u00e4\u00e4. Ylioppilaslakkia voi halutessaan k\u00e4ytt\u00e4\u00e4 vanhan tavan mukaisesti.<\/p>\n\n\n\n<p>Promootioaktissa k\u00e4vell\u00e4\u00e4n ja seist\u00e4\u00e4n paljon, joten kannattaa valita mukavat keng\u00e4t, jotka eiv\u00e4t paina eiv\u00e4tk\u00e4 hankaa. Kenkien valinnassa kannattaa ottaa huomioon, ett\u00e4 kaikkien keng\u00e4t n\u00e4kyv\u00e4t parnassolle noustessa.<\/p>\n\n\n\n<p>Kansallispuvun k\u00e4ytt\u00f6 ei ole promootiossa sallittua. My\u00f6s kaikenlaisten turkissomisteiden k\u00e4ytt\u00f6 on kielletty. Voimakkaiden hajuvesien k\u00e4ytt\u00f6 on promootioaktissa kielletty. Promovendit seisovat aktissa hyvin l\u00e4hekk\u00e4in usean tunnin ajan, joten hajusteille allergiset ihmiset on yst\u00e4v\u00e4llist\u00e4 ottaa huomioon.<\/p>\n\n\n\n<h2 class=\"wp-block-heading\"><strong>Etiketti ja yleiset toimintaohjeet<\/strong><\/h2>\n\n\n\n<p>Promootion tulee olla turvallinen tapahtuma kaikille sen osallistujille. T\u00e4st\u00e4 syyst\u00e4 edellyt\u00e4mme, ett\u00e4 osallistujat noudattavat <a href=\"https:\/\/fil-promo-22.it.helsinki.fi\/2022\/tapahtumaperiaatteet\/\" data-type=\"page\" data-id=\"480\">tapahtumaperiaatteista annettuja erillisi\u00e4 ohjeita<\/a> koko tapahtuman ajan. N\u00e4iden lis\u00e4ksi toivomme, ett\u00e4 osallistujat huomioivat muiden promootiokokemuksen omassa k\u00e4yt\u00f6ksess\u00e4\u00e4n. T\u00e4h\u00e4n kuuluu esimerkiksi puhumisen ja muun tarpeettoman h\u00e4iri\u00f6n tuottamisen v\u00e4ltt\u00e4minen puheiden ja esitysten aikana.<\/p>\n","protected":false},"excerpt":{"rendered":"<p>Promootiossa visuaalisuus on merkitt\u00e4v\u00e4ss\u00e4 roolissa. Promootiota voisikin juhlan lis\u00e4ksi luonnehtia er\u00e4\u00e4nlaisena n\u00e4ytelm\u00e4n\u00e4. Promootio konkretisoi promovoitavien valmistumisen my\u00f6t\u00e4 tapahtuvaa siirtym\u00e4\u00e4 ylioppilaasta maisteriksi tai v\u00e4it\u00f6skirjatutkijasta tohtoriksi. N\u00e4ytelm\u00e4\u00e4n kuuluvat roolien, repliikkien ja n\u00e4ytt\u00e4m\u00f6n lis\u00e4ksi roolivaatteet. Roolin mukainen pukeutuminen tekee n\u00e4kyv\u00e4ksi yhteenkuuluvuuden oman ryhm\u00e4n sis\u00e4ll\u00e4 ja samalla erottaa ryhm\u00e4t toisistaan. Pukeutuminen ja etiketin noudattaminen tuottaa yhteishenke\u00e4 ja tunnelmaa. Promootiossa [&hellip;]<\/p>\n","protected":false},"author":6,"featured_media":0,"parent":0,"menu_order":0,"comment_status":"closed","ping_status":"closed","template":"","meta":{"footnotes":""},"class_list":["post-469","page","type-page","status-publish","hentry"],"_links":{"self":[{"href":"https:\/\/fil-promootio.helsinki.fi\/2022\/wp-json\/wp\/v2\/pages\/469","targetHints":{"allow":["GET"]}}],"collection":[{"href":"https:\/\/fil-promootio.helsinki.fi\/2022\/wp-json\/wp\/v2\/pages"}],"about":[{"href":"https:\/\/fil-promootio.helsinki.fi\/2022\/wp-json\/wp\/v2\/types\/page"}],"author":[{"embeddable":true,"href":"https:\/\/fil-promootio.helsinki.fi\/2022\/wp-json\/wp\/v2\/users\/6"}],"replies":[{"embeddable":true,"href":"https:\/\/fil-promootio.helsinki.fi\/2022\/wp-json\/wp\/v2\/comments?post=469"}],"version-history":[{"count":9,"href":"https:\/\/fil-promootio.helsinki.fi\/2022\/wp-json\/wp\/v2\/pages\/469\/revisions"}],"predecessor-version":[{"id":1317,"href":"https:\/\/fil-promootio.helsinki.fi\/2022\/wp-json\/wp\/v2\/pages\/469\/revisions\/1317"}],"wp:attachment":[{"href":"https:\/\/fil-promootio.helsinki.fi\/2022\/wp-json\/wp\/v2\/media?parent=469"}],"curies":[{"name":"wp","href":"https:\/\/api.w.org\/{rel}","templated":true}]}}