{"id":445,"date":"2021-01-15T19:17:28","date_gmt":"2021-01-15T17:17:28","guid":{"rendered":"https:\/\/fil-promootio.helsinki.fi\/?page_id=445"},"modified":"2023-02-10T01:25:09","modified_gmt":"2023-02-09T23:25:09","slug":"445-2","status":"publish","type":"page","link":"https:\/\/fil-promootio.helsinki.fi\/2022\/en\/","title":{"rendered":""},"content":{"rendered":"\n<div class=\"wp-block-cover alignfull is-light has-parallax is-style-default\" style=\"min-height:100vh;aspect-ratio:unset;\"><span aria-hidden=\"true\" class=\"wp-block-cover__background has-subtle-background-background-color has-background-dim\"><\/span><div role=\"img\" class=\"wp-block-cover__image-background wp-image-169 has-parallax\" style=\"background-position:50% 50%;background-image:url(https:\/\/fil-promo-22.it.helsinki.fi\/2022\/wp-content\/uploads\/sites\/3\/2020\/11\/Header-08.png)\"><\/div><div class=\"wp-block-cover__inner-container is-layout-flow wp-block-cover-is-layout-flow\">\n<p class=\"has-text-align-center has-white-color has-text-color has-h-2-font-size\" style=\"line-height:2\">PROMOTIO<br>ORDINIS<br>PHILOSOPHORUM<br>MMXXII<\/p>\n<\/div><\/div>\n\n\n\n<div class=\"wp-block-columns alignfull are-vertically-aligned-top tw-gutter-large is-layout-flex wp-container-core-columns-is-layout-9d6595d7 wp-block-columns-is-layout-flex\">\n<div class=\"wp-block-column is-vertically-aligned-top is-layout-flow wp-block-column-is-layout-flow\">\n<!DOCTYPE html>\n<html>\n<head>\n<meta name=\"viewport\" content=\"width=device-width, initial-scale=1\">\n<style>\n.container {\n  position: relative;\n  width: 80%;\n  margin-left: auto;\n  margin-right: auto;\n}\n.image {\n  display: block;\n  width: 100%;\n  height: auto;\n}\n.overlay {\n  position: absolute;\n  top: 0;\n  bottom: 0;\n  left: 0;\n  right: 0;\n  height: 100%;\n  width: 100%;\n  opacity: 0;\n  transition: .5s ease;\n  background-color: #C0CCBC;\n  border-radius: 50%;\n}\n.container:hover .overlay {\n  opacity: 0.7;\n}\n.text {\n  color: white;\n  font-size: 20px;\n  position: absolute;\n  top: 50%;\n  left: 50%;\n  -webkit-transform: translate(-50%, -50%);\n  -ms-transform: translate(-50%, -50%);\n  transform: translate(-50%, -50%);\n  text-align: center;\n}\n<\/style>\n<\/head>\n<body>\n<div class=\"container\">\n  <img decoding=\"async\" src=\"https:\/\/fil-promo-22.it.helsinki.fi\/2022\/wp-content\/uploads\/sites\/3\/2020\/11\/Untitled-1-02-2.png\" alt=\"Image\" class=\"image\">\n  <div class=\"overlay\">\n  <\/div>\n<\/div>\n<\/body>\n<\/html>\n\n\n\n<hr class=\"wp-block-separator has-text-color has-css-opacity has-background tw-mt-4 tw-mb-0 is-style-tw-short\" style=\"background-color:#363434;color:#363434\"\/>\n\n\n\n<h4 class=\"has-text-align-center tw-link-hover-underline tw-letter-spacing-normal has-secondary-color has-primary-color has-text-color wp-block-heading\" style=\"font-size:35px\">WHAT IS THE<div> CONFERMENT CEREMONY?<\/div><\/h4>\n\n\n\n<p class=\"has-text-align-center has-small-font-size\">The conferment ceremony is a unique graduation celebration for Masters and Doctors to celebrate their degrees with the university community. The next Conferment Ceremony of Philosophical Faculty of University of Helsinki will be organised on 26.\u201328.5.2022.<\/p>\n\n\n\n<div class=\"wp-block-buttons nosto-buttons is-layout-flex wp-block-buttons-is-layout-flex\">\n<div class=\"wp-block-button nosto-button is-style-fill\"><a class=\"wp-block-button__link has-secondary-color has-text-color has-background wp-element-button\" href=\"https:\/\/fil-promo-22.it.helsinki.fi\/2022\/en\/what-is-conferment-ceremony\/\" style=\"border-radius:30px;background-color:#edf265\">READ MORE<\/a><\/div>\n<\/div>\n<\/div>\n\n\n\n<div class=\"wp-block-column is-vertically-aligned-top is-layout-flow wp-block-column-is-layout-flow\">\n<!DOCTYPE html>\n<html>\n<head>\n<meta name=\"viewport\" content=\"width=device-width, initial-scale=1\">\n<style>\n.container {\n  position: relative;\n  width: 80%;\n  margin-left: auto;\n  margin-right: auto;\n}\n.image {\n  display: block;\n  width: 100%;\n  height: auto;\n}\n.overlay {\n  position: absolute;\n  top: 0;\n  bottom: 0;\n  left: 0;\n  right: 0;\n  height: 100%;\n  width: 100%;\n  opacity: 0;\n  transition: .5s ease;\n  background-color: #C0CCBC;\n  border-radius: 50%;\n}\n.container:hover .overlay {\n  opacity: 0.7;\n}\n.text {\n  color: white;\n  font-size: 20px;\n  position: absolute;\n  top: 50%;\n  left: 50%;\n  -webkit-transform: translate(-50%, -50%);\n  -ms-transform: translate(-50%, -50%);\n  transform: translate(-50%, -50%);\n  text-align: center;\n}\n<\/style>\n<\/head>\n<body>\n<div class=\"container\">\n  <img decoding=\"async\" src=\"https:\/\/fil-promo-22.it.helsinki.fi\/2022\/wp-content\/uploads\/sites\/3\/2020\/11\/Untitled-1-03-1.png\" alt=\"Image\" class=\"image\">\n  <div class=\"overlay\">\n  <\/div>\n<\/div>\n<\/body>\n<\/html>\n\n\n\n<hr class=\"wp-block-separator has-text-color has-css-opacity has-background tw-mt-4 tw-mb-0 is-style-tw-short\" style=\"background-color:#363434;color:#363434\"\/>\n\n\n\n<h4 class=\"has-text-align-center tw-link-hover-underline tw-letter-spacing-normal has-secondary-color has-primary-color has-text-color wp-block-heading\" style=\"font-size:35px\">JOIN THE CONFERMENT COMMITTEE<\/h4>\n\n\n\n<p class=\"has-text-align-center flex-p has-small-font-size\">The conferment committee is a group of volunteers responsible for organising the Conferment Ceremony, composed of master and doctor promovendi. Although the committee has already started the preparations, it is not too late to join it!<\/p>\n\n\n\n<div class=\"wp-block-buttons nosto-buttons is-layout-flex wp-block-buttons-is-layout-flex\">\n<div class=\"wp-block-button nosto-button is-style-fill\"><a class=\"wp-block-button__link has-secondary-color has-text-color has-background wp-element-button\" href=\"https:\/\/fil-promo-22.it.helsinki.fi\/2022\/en\/2021\/05\/13\/join-the-conferment-committee\/\" style=\"border-radius:30px;background-color:#edf265\">READ MORE<\/a><\/div>\n<\/div>\n<\/div>\n\n\n\n<div class=\"wp-block-column is-vertically-aligned-top is-layout-flow wp-block-column-is-layout-flow\">\n<!DOCTYPE html>\n<html>\n<head>\n<meta name=\"viewport\" content=\"width=device-width, initial-scale=1\">\n<style>\n.container {\n  position: relative;\n  width: 80%;\n  margin-left: auto;\n  margin-right: auto;\n}\n.image {\n  display: block;\n  width: 100%;\n  height: auto;\n}\n.overlay {\n  position: absolute;\n  top: 0;\n  bottom: 0;\n  left: 0;\n  right: 0;\n  height: 100%;\n  width: 100%;\n  opacity: 0;\n  transition: .5s ease;\n  background-color: #C0CCBC;\n  border-radius: 50%;\n}\n.container:hover .overlay {\n  opacity: 0.7;\n}\n.text {\n  color: white;\n  font-size: 20px;\n  position: absolute;\n  top: 50%;\n  left: 50%;\n  -webkit-transform: translate(-50%, -50%);\n  -ms-transform: translate(-50%, -50%);\n  transform: translate(-50%, -50%);\n  text-align: center;\n}\n<\/style>\n<\/head>\n<body>\n<div class=\"container\">\n  <img decoding=\"async\" src=\"https:\/\/fil-promo-22.it.helsinki.fi\/2022\/wp-content\/uploads\/sites\/3\/2020\/11\/Untitled-1-04-1.png\" alt=\"Image\" class=\"image\">\n  <div class=\"overlay\">\n  <\/div>\n<\/div>\n<\/body>\n<\/html>\n\n\n\n<hr class=\"wp-block-separator has-text-color has-css-opacity has-background tw-mt-4 tw-mb-0 is-style-tw-short\" style=\"background-color:#363434;color:#363434\"\/>\n\n\n\n<h4 class=\"has-text-align-center tw-link-hover-underline tw-letter-spacing-normal has-secondary-color has-primary-color has-text-color wp-block-heading\" style=\"font-size:35px\">FOLLOW US ON<br>SOCIAL MEDIA<\/h4>\n\n\n\n<p class=\"has-text-align-center has-small-font-size\">You can follow us on Facebook, Twitter and Instagram:<\/p>\n\n\n\n<div class=\"wp-block-wpzoom-blocks-social-icons is-style-with-canvas-round\" style=\"--wpz-social-icons-block-item-font-size:28px;--wpz-social-icons-block-item-padding-horizontal:14px;--wpz-social-icons-block-item-padding-vertical:14px;--wpz-social-icons-block-item-margin-horizontal:20px;--wpz-social-icons-block-item-margin-vertical:16px;--wpz-social-icons-block-item-border-radius:50px;--wpz-social-icons-block-label-font-size:20px;--wpz-social-icons-block-label-color:#2e3131;--wpz-social-icons-block-label-color-hover:#2e3131;--wpz-social-icons-alignment:center\"><a href=\"https:\/\/www.facebook.com\/FilPromootio\" class=\"social-icon-link\" style=\"--wpz-social-icons-block-item-color:#1877F2;--wpz-social-icons-block-item-color-hover:#1877F2\"><span class=\"social-icon socicon socicon-facebook\"><\/span><\/a><a href=\"https:\/\/twitter.com\" class=\"social-icon-link\" style=\"--wpz-social-icons-block-item-color:#1da1f2;--wpz-social-icons-block-item-color-hover:#1da1f2\"><span class=\"social-icon socicon socicon-twitter\"><\/span><\/a><a href=\"https:\/\/instagram.com\" class=\"social-icon-link\" style=\"--wpz-social-icons-block-item-color:#E44060;--wpz-social-icons-block-item-color-hover:#E44060\"><span class=\"social-icon socicon socicon-instagram\"><\/span><\/a><\/div>\n\n\n\n<p class=\"has-small-font-size\">You can also use the hashtag #filpromootio22 to share your own experiences!<\/p>\n<\/div>\n<\/div>\n\n\n\n<hr class=\"wp-block-separator has-css-opacity is-style-wide\"\/>\n\n\n\n<h4 class=\"has-text-align-center tw-link-hover-underline tw-letter-spacing-normal has-secondary-color has-primary-color has-text-color\" style=\"font-size:35px\">NEWS<\/h4>\n\n\n\n<div class=\"wp-block-group align centre\"><div class=\"wp-block-group__inner-container is-layout-flow wp-block-group-is-layout-flow\">\n<div class=\"wp-block-group\"><div class=\"wp-block-group__inner-container is-layout-flow wp-block-group-is-layout-flow\">\n<div class=\"wp-block-group\"><div class=\"wp-block-group__inner-container is-layout-flow wp-block-group-is-layout-flow\"><ul class=\"wp-block-latest-posts__list has-dates aligncenter has-text-align-center tw-heading-size-large is-style-default tw-stretched-link wp-block-latest-posts\"><li><a class=\"wp-block-latest-posts__post-title\" href=\"https:\/\/fil-promootio.helsinki.fi\/2022\/filosofisen-tiedekunnan-100-promootio-tulossa-kevaalla-2023\/\">Filosofisen tiedekunnan 100. promootio tulossa kev\u00e4\u00e4ll\u00e4 2023<\/a><time datetime=\"2022-06-30T09:30:00+03:00\" class=\"wp-block-latest-posts__post-date\">30.6.2022<\/time><div class=\"wp-block-latest-posts__post-excerpt\">Filosofisen tiedekunnan seuraava, j\u00e4rjestyksess\u00e4\u00e4n sadas promootio on tulossa jo kev\u00e4\u00e4ll\u00e4 2023! Promootio j\u00e4rjestet\u00e4\u00e4n toukokuun lopulla, 25.-28.5.2023. Floran p\u00e4iv\u00e4 on lauantaina 13.5.2023. Oletko kiinnostunut osallistumaan yliopiston hienoimman tapahtuman j\u00e4rjest\u00e4miseen? Promootiojuhlan j\u00e4rjestelyist\u00e4 vastaa vapaaehtoisista koostuva promootiotoimikunta,\u2026 <a class=\"wp-block-latest-posts__read-more\" href=\"https:\/\/fil-promootio.helsinki.fi\/2022\/filosofisen-tiedekunnan-100-promootio-tulossa-kevaalla-2023\/\" rel=\"noopener noreferrer\">Read more<span class=\"screen-reader-text\">: Filosofisen tiedekunnan 100. promootio tulossa kev\u00e4\u00e4ll\u00e4 2023<\/span><\/a><\/div><\/li>\n<li><a class=\"wp-block-latest-posts__post-title\" href=\"https:\/\/fil-promootio.helsinki.fi\/2022\/aktin-streami\/\">Aktin streami<\/a><time datetime=\"2022-05-26T10:26:34+03:00\" class=\"wp-block-latest-posts__post-date\">26.5.2022<\/time><div class=\"wp-block-latest-posts__post-excerpt\">Aktin streamin pe 27.5. klo 10 alkaen l\u00f6yd\u00e4tte t\u00e4\u00e4lt\u00e4: https:\/\/www.youtube.com\/watch?v=2u6QuAYtpAM<\/div><\/li>\n<li><a class=\"wp-block-latest-posts__post-title\" href=\"https:\/\/fil-promootio.helsinki.fi\/2022\/en\/welcome-and-dance-rehearsals\/\">Welcome and dance rehearsals<\/a><time datetime=\"2022-03-15T12:28:10+02:00\" class=\"wp-block-latest-posts__post-date\">15.3.2022<\/time><div class=\"wp-block-latest-posts__post-excerpt\">Dear promovendus or their companion (avec),you are warmly invited to attend the Conferment Ceremony of the Faculty of Philosophy 2022! Although it is only the beginning of spring, May is fast approaching and brings\u2026 <a class=\"wp-block-latest-posts__read-more\" href=\"https:\/\/fil-promootio.helsinki.fi\/2022\/en\/welcome-and-dance-rehearsals\/\" rel=\"noopener noreferrer\">Read more<span class=\"screen-reader-text\">: Welcome and dance rehearsals<\/span><\/a><\/div><\/li>\n<li><a class=\"wp-block-latest-posts__post-title\" href=\"https:\/\/fil-promootio.helsinki.fi\/2022\/sv\/valkommen-och-dansovnigarna\/\">V\u00e4lkommen och dans\u00f6vningarna<\/a><time datetime=\"2022-03-15T12:24:00+02:00\" class=\"wp-block-latest-posts__post-date\">15.3.2022<\/time><div class=\"wp-block-latest-posts__post-excerpt\">\u00c4rad promovend eller avec, varmt v\u00e4lkommen till filosofiska fakultetens promotion 2022! \u00c4ven om v\u00e5ren just h\u00e5ller p\u00e5 att b\u00f6rja n\u00e4rmar sig maj och promotionsfestligheterna snabbt. F\u00f6rhoppningsvis har du bekantat dig med promotionens delevenemang p\u00e5\u2026 <a class=\"wp-block-latest-posts__read-more\" href=\"https:\/\/fil-promootio.helsinki.fi\/2022\/sv\/valkommen-och-dansovnigarna\/\" rel=\"noopener noreferrer\">Read more<span class=\"screen-reader-text\">: V\u00e4lkommen och dans\u00f6vningarna<\/span><\/a><\/div><\/li>\n<li><a class=\"wp-block-latest-posts__post-title\" href=\"https:\/\/fil-promootio.helsinki.fi\/2022\/tervetuloa-ja-tanssiaikataulut\/\">Tervetuloa ja tanssiaikataulut<\/a><time datetime=\"2022-03-15T12:18:28+02:00\" class=\"wp-block-latest-posts__post-date\">15.3.2022<\/time><div class=\"wp-block-latest-posts__post-excerpt\">Arvon promovendi tai avec, l\u00e4mpim\u00e4sti tervetuloa filosofisen tiedekunnan promootioon 2022! Vaikka kev\u00e4t on vasta aluillaan, toukokuu ja promootiojuhlallisuudet l\u00e4hestyv\u00e4t nopeasti. Olethan tutustunut promootion nettisivuilla promootion osatapahtumiin ja merkinnyt ne kalenteriisi. Maisterifranseesiin osallistuville suunnatut tanssiharjoitukset\u2026 <a class=\"wp-block-latest-posts__read-more\" href=\"https:\/\/fil-promootio.helsinki.fi\/2022\/tervetuloa-ja-tanssiaikataulut\/\" rel=\"noopener noreferrer\">Read more<span class=\"screen-reader-text\">: Tervetuloa ja tanssiaikataulut<\/span><\/a><\/div><\/li>\n<li><a class=\"wp-block-latest-posts__post-title\" href=\"https:\/\/fil-promootio.helsinki.fi\/2022\/en\/opening-times-of-the-conferment-office\/\">Opening hours of the Conferment Office<\/a><time datetime=\"2022-03-07T11:30:51+02:00\" class=\"wp-block-latest-posts__post-date\">7.3.2022<\/time><div class=\"wp-block-latest-posts__post-excerpt\">The Conferment Office is located in Porthania\u2019s (Yliopistonkatu 3) second floor, room 221, opposite the teachers\u2019 cafeteria. You can reach the office by phone, WhatsApp or by email. Tel. 050 478 7073 \/ 02941\u2026 <a class=\"wp-block-latest-posts__read-more\" href=\"https:\/\/fil-promootio.helsinki.fi\/2022\/en\/opening-times-of-the-conferment-office\/\" rel=\"noopener noreferrer\">Read more<span class=\"screen-reader-text\">: Opening hours of the Conferment Office<\/span><\/a><\/div><\/li>\n<li><a class=\"wp-block-latest-posts__post-title\" href=\"https:\/\/fil-promootio.helsinki.fi\/2022\/sv\/promotionskansliets-oppettider\/\">Promotionskansliets \u00f6ppettider<\/a><time datetime=\"2022-03-07T11:28:36+02:00\" class=\"wp-block-latest-posts__post-date\">7.3.2022<\/time><div class=\"wp-block-latest-posts__post-excerpt\">Kansliet ligger i Porthanias (Universitetsgatan 3) andra v\u00e5ning, rum 221, mittemot l\u00e4rarnas matsal. Det \u00e4r m\u00f6jlig att ringa hit och skicka e-post eller WhatsApp meddelande. Tel. 050 478 7073 \/ 02941 20112, fil-promootio@helsinki.fi. \u00d6ppettider:\u2026 <a class=\"wp-block-latest-posts__read-more\" href=\"https:\/\/fil-promootio.helsinki.fi\/2022\/sv\/promotionskansliets-oppettider\/\" rel=\"noopener noreferrer\">Read more<span class=\"screen-reader-text\">: Promotionskansliets \u00f6ppettider<\/span><\/a><\/div><\/li>\n<li><a class=\"wp-block-latest-posts__post-title\" href=\"https:\/\/fil-promootio.helsinki.fi\/2022\/promootiokanslian-aukioloajat\/\">Promootiokanslian aukioloajat<\/a><time datetime=\"2022-03-07T11:26:56+02:00\" class=\"wp-block-latest-posts__post-date\">7.3.2022<\/time><div class=\"wp-block-latest-posts__post-excerpt\">Kansliahuone sijaitsee Porthanian (Yliopistonkatu 3) toisessa kerroksessa opettajien ruokalaa vastap\u00e4\u00e4t\u00e4 (huone 221). Kansliaan saa yhteyden puhelimitse, WhatsAppilla ja s\u00e4hk\u00f6postitse. Puh. 050 478 7073 \/ 02941 20112, fil-promootio@helsinki.fi. Aukioloajat: Kanslia on auki v\u00e4lill\u00e4 14.3 &#8211;\u2026 <a class=\"wp-block-latest-posts__read-more\" href=\"https:\/\/fil-promootio.helsinki.fi\/2022\/promootiokanslian-aukioloajat\/\" rel=\"noopener noreferrer\">Read more<span class=\"screen-reader-text\">: Promootiokanslian aukioloajat<\/span><\/a><\/div><\/li>\n<li><a class=\"wp-block-latest-posts__post-title\" href=\"https:\/\/fil-promootio.helsinki.fi\/2022\/en\/heading-into-spring-is-it-safe-to-sign-up-for-the-conferment-ceremony\/\">Heading into spring \u2013 is it safe to sign up for the Conferment Ceremony?<\/a><time datetime=\"2022-02-22T19:21:10+02:00\" class=\"wp-block-latest-posts__post-date\">22.2.2022<\/time><div class=\"wp-block-latest-posts__post-excerpt\">The Conferment Committee responsible for organizing the 99th Conferment Ceremony of the Faculty of Philosophy has had to tackle a difficult question: will it truly be possible to organize the already once postponed Conferment Ceremony this spring?<\/div><\/li>\n<li><a class=\"wp-block-latest-posts__post-title\" href=\"https:\/\/fil-promootio.helsinki.fi\/2022\/sv\/mot-varen-vagar-man-anmala-sig-till-promotionen\/\">Mot v\u00e5ren \u2013 v\u00e5gar man anm\u00e4la sig till promotionen?<\/a><time datetime=\"2022-02-22T19:19:55+02:00\" class=\"wp-block-latest-posts__post-date\">22.2.2022<\/time><div class=\"wp-block-latest-posts__post-excerpt\">Kommitt\u00e9n som \u00e4r ansvarig f\u00f6r att organisera filosofiska fakultetens 99:e promotion har st\u00e4llts inf\u00f6r en sv\u00e5r fr\u00e5ga under de senaste m\u00e5naderna: kan promotionen som redan en g\u00e5ng m\u00e5ste flyttas faktiskt organiseras denna v\u00e5r?<\/div><\/li>\n<li><a class=\"wp-block-latest-posts__post-title\" href=\"https:\/\/fil-promootio.helsinki.fi\/2022\/kohti-kevatta-uskaltaako-promootioon-ilmoittautua\/\">Kohti kev\u00e4tt\u00e4 \u2013 uskaltaako promootioon ilmoittautua?<\/a><time datetime=\"2022-02-22T19:17:07+02:00\" class=\"wp-block-latest-posts__post-date\">22.2.2022<\/time><div class=\"wp-block-latest-posts__post-excerpt\">Filosofisen tiedekunnan 99. promootion j\u00e4rjestelyist\u00e4 vastaava toimikunta on viime kuukausina joutunut pohtimaan vaikeaa kysymyst\u00e4: pystyt\u00e4\u00e4nk\u00f6 jo kertaalleen siirretty promootio todella j\u00e4rjest\u00e4m\u00e4\u00e4n t\u00e4n\u00e4 kev\u00e4\u00e4n\u00e4?<\/div><\/li>\n<li><a class=\"wp-block-latest-posts__post-title\" href=\"https:\/\/fil-promootio.helsinki.fi\/2022\/en\/join-the-conferment-committee\/\">Join the Conferment Committee!<\/a><time datetime=\"2021-05-13T22:01:34+03:00\" class=\"wp-block-latest-posts__post-date\">13.5.2021<\/time><div class=\"wp-block-latest-posts__post-excerpt\">Are you graduating with a master\u2019s or doctorate in philosophy by the end of the 2021 academic year? Would you like to be a part of the organising team for the finest event at\u2026 <a class=\"wp-block-latest-posts__read-more\" href=\"https:\/\/fil-promootio.helsinki.fi\/2022\/en\/join-the-conferment-committee\/\" rel=\"noopener noreferrer\">Read more<span class=\"screen-reader-text\">: Join the Conferment Committee!<\/span><\/a><\/div><\/li>\n<li><a class=\"wp-block-latest-posts__post-title\" href=\"https:\/\/fil-promootio.helsinki.fi\/2022\/sv\/kom-med-och-ordna-promotionen\/\">Kom med och ordna promotionen!<\/a><time datetime=\"2021-05-13T21:30:25+03:00\" class=\"wp-block-latest-posts__post-date\">13.5.2021<\/time><div class=\"wp-block-latest-posts__post-excerpt\">Kommer du utexamineras som filosofie magister eller doktor senast i slutet av l\u00e4s\u00e5ret 2021? Skulle du vilja komma med och ordna universitetets finaste evenemang och samtidigt fira din examina i v\u00e4rdiga omst\u00e4ndigheter? F\u00f6r arrangemangen\u2026 <a class=\"wp-block-latest-posts__read-more\" href=\"https:\/\/fil-promootio.helsinki.fi\/2022\/sv\/kom-med-och-ordna-promotionen\/\" rel=\"noopener noreferrer\">Read more<span class=\"screen-reader-text\">: Kom med och ordna promotionen!<\/span><\/a><\/div><\/li>\n<li><a class=\"wp-block-latest-posts__post-title\" href=\"https:\/\/fil-promootio.helsinki.fi\/2022\/en\/the-99th-conferment-ceremony-of-the-faculty-of-philosophy-will-be-held-in-spring-2022\/\">The 99th conferment ceremony of the Faculty of Philosophy will be held in spring 2022<\/a><time datetime=\"2021-05-13T19:42:49+03:00\" class=\"wp-block-latest-posts__post-date\">13.5.2021<\/time><div class=\"wp-block-latest-posts__post-excerpt\">Due to the ongoing coronavirus situation, University of Helsinki have stated that all the big events in the spring 2021, such as the conferment ceremony, should be postponed. Therefore, the attending faculties have decided\u2026 <a class=\"wp-block-latest-posts__read-more\" href=\"https:\/\/fil-promootio.helsinki.fi\/2022\/en\/the-99th-conferment-ceremony-of-the-faculty-of-philosophy-will-be-held-in-spring-2022\/\" rel=\"noopener noreferrer\">Read more<span class=\"screen-reader-text\">: The 99th conferment ceremony of the Faculty of Philosophy will be held in spring 2022<\/span><\/a><\/div><\/li>\n<li><a class=\"wp-block-latest-posts__post-title\" href=\"https:\/\/fil-promootio.helsinki.fi\/2022\/sv\/filosofiska-fakultetens-99e-promotion-arrangeras-pa-varen-2022\/\">Filosofiska fakultetens 99:e promotion arrangeras p\u00e5 v\u00e5ren 2022<\/a><time datetime=\"2021-05-13T19:29:56+03:00\" class=\"wp-block-latest-posts__post-date\">13.5.2021<\/time><div class=\"wp-block-latest-posts__post-excerpt\">P\u00e5 grund av den nuvarande situationen med coronaviruset har Helsingfors universitet fattat beslut att n\u00e4sta v\u00e5rens stora evenemang rekommenderas att flyttas fram\u00e5t. De deltagande fakulteterna har best\u00e4mt att filosofiska fakultetens 99:e promotion som skulle\u2026 <a class=\"wp-block-latest-posts__read-more\" href=\"https:\/\/fil-promootio.helsinki.fi\/2022\/sv\/filosofiska-fakultetens-99e-promotion-arrangeras-pa-varen-2022\/\" rel=\"noopener noreferrer\">Read more<span class=\"screen-reader-text\">: Filosofiska fakultetens 99:e promotion arrangeras p\u00e5 v\u00e5ren 2022<\/span><\/a><\/div><\/li>\n<li><a class=\"wp-block-latest-posts__post-title\" href=\"https:\/\/fil-promootio.helsinki.fi\/2022\/tule-mukaan-jarjestamaan-promootiota\/\">Tule mukaan j\u00e4rjest\u00e4m\u00e4\u00e4n promootiota!<\/a><time datetime=\"2021-05-13T19:18:03+03:00\" class=\"wp-block-latest-posts__post-date\">13.5.2021<\/time><div class=\"wp-block-latest-posts__post-excerpt\">Valmistuitko filosofian maisteriksi tai tohtoriksi lukuvuoden 2020-2021 loppuun menness\u00e4? Haluaisitko tulla mukaan j\u00e4rjest\u00e4m\u00e4\u00e4n yliopiston hienointa tapahtumaa ja samalla juhlistamaan tutkintoasi arvokkaissa puitteissa. Promootion j\u00e4rjestelyist\u00e4 vastaa vapaaehtoisista koostuva promootiotoimikunta, jonka toimintaan sinulla on mahdollisuus osallistua!\u2026 <a class=\"wp-block-latest-posts__read-more\" href=\"https:\/\/fil-promootio.helsinki.fi\/2022\/tule-mukaan-jarjestamaan-promootiota\/\" rel=\"noopener noreferrer\">Read more<span class=\"screen-reader-text\">: Tule mukaan j\u00e4rjest\u00e4m\u00e4\u00e4n promootiota!<\/span><\/a><\/div><\/li>\n<li><a class=\"wp-block-latest-posts__post-title\" href=\"https:\/\/fil-promootio.helsinki.fi\/2022\/promootio-2022\/\">Filosofisen tiedekunnan 99. promootio j\u00e4rjestet\u00e4\u00e4n kev\u00e4\u00e4ll\u00e4 2022<\/a><time datetime=\"2021-05-13T16:00:00+03:00\" class=\"wp-block-latest-posts__post-date\">13.5.2021<\/time><div class=\"wp-block-latest-posts__post-excerpt\">Vallitsevan koronavirustilanteen vuoksi osallistuvat tiedekunnat ovat p\u00e4\u00e4tt\u00e4neet, ett\u00e4 alunperin kev\u00e4\u00e4lle 2021 suunniteltu 99. filosofisen tiedekunnan promootio siirtyy vuodella eteenp\u00e4in kev\u00e4\u00e4lle 2022.<\/div><\/li>\n<\/ul>\n\n\n<p><\/p>\n<\/div><\/div>\n<\/div><\/div>\n<\/div><\/div>\n\n\n\n<div class=\"wp-block-buttons is-horizontal is-content-justification-center is-layout-flex wp-container-core-buttons-is-layout-499968f5 wp-block-buttons-is-layout-flex\">\n<div class=\"wp-block-button is-style-fill\"><a class=\"wp-block-button__link has-secondary-color has-text-color has-background wp-element-button\" href=\"https:\/\/fil-promo-22.it.helsinki.fi\/2022\/en\/news\/\" style=\"border-radius:30px;background-color:#edf265\">OLDER NEWS<\/a><\/div>\n<\/div>\n","protected":false},"excerpt":{"rendered":"<p>WHAT IS THE CONFERMENT CEREMONY? The conferment ceremony is a unique graduation celebration for Masters and Doctors to celebrate their degrees with the university community. The next Conferment Ceremony of Philosophical Faculty of University of Helsinki will be organised on 26.\u201328.5.2022. JOIN THE CONFERMENT COMMITTEE The conferment committee is a group of volunteers responsible for [&hellip;]<\/p>\n","protected":false},"author":6,"featured_media":0,"parent":0,"menu_order":0,"comment_status":"closed","ping_status":"closed","template":"","meta":{"footnotes":""},"class_list":["post-445","page","type-page","status-publish","hentry"],"_links":{"self":[{"href":"https:\/\/fil-promootio.helsinki.fi\/2022\/wp-json\/wp\/v2\/pages\/445","targetHints":{"allow":["GET"]}}],"collection":[{"href":"https:\/\/fil-promootio.helsinki.fi\/2022\/wp-json\/wp\/v2\/pages"}],"about":[{"href":"https:\/\/fil-promootio.helsinki.fi\/2022\/wp-json\/wp\/v2\/types\/page"}],"author":[{"embeddable":true,"href":"https:\/\/fil-promootio.helsinki.fi\/2022\/wp-json\/wp\/v2\/users\/6"}],"replies":[{"embeddable":true,"href":"https:\/\/fil-promootio.helsinki.fi\/2022\/wp-json\/wp\/v2\/comments?post=445"}],"version-history":[{"count":17,"href":"https:\/\/fil-promootio.helsinki.fi\/2022\/wp-json\/wp\/v2\/pages\/445\/revisions"}],"predecessor-version":[{"id":16590,"href":"https:\/\/fil-promootio.helsinki.fi\/2022\/wp-json\/wp\/v2\/pages\/445\/revisions\/16590"}],"wp:attachment":[{"href":"https:\/\/fil-promootio.helsinki.fi\/2022\/wp-json\/wp\/v2\/media?parent=445"}],"curies":[{"name":"wp","href":"https:\/\/api.w.org\/{rel}","templated":true}]}}